{"id":1484,"date":"2015-06-07T22:13:36","date_gmt":"2015-06-07T22:13:36","guid":{"rendered":"http:\/\/dstenerife.ducklingit.com\/?page_id=1484"},"modified":"2026-02-15T15:48:23","modified_gmt":"2026-02-15T15:48:23","slug":"mittelstufe","status":"publish","type":"page","link":"https:\/\/www.dstenerife.eu\/de\/sekundarstufe-i-und-ii\/abteilungen-sek\/mittelstufe\/","title":{"rendered":"Mittelstufe"},"content":{"rendered":"<div class=\"news-body\">\n<p align=\"justify\">Die <strong>Mittelstufe<\/strong> (Jahrgangsstufen 7 bis 10) ist in der schulischen, aber auch pers\u00f6nlichen Entwicklung der Sch\u00fclerinnen und Sch\u00fcler keine einfache Phase des \u00dcbergangs: Der Abschied von der Kindheit und die Hinwendung zum Erwachsen-werden. Auch im\u00a0Unterricht geschieht in dieser Phase\u00a0ein behutsamer \u00dcbergang zum abstrakteren und analytischeren Arbeiten und Denken. Der Stundenplan erweitert sich um neue F\u00e4cher, d.h. die Naturwissenschaften differenzieren sich aus in die F\u00e4cher Biologie, Chemie und Physik und die Gesellschaftswissenschaften in die F\u00e4cher Geschichte, Erdkunde, Ciencias Sociales und Historia. In dem sprachwissenschaftlichen Teil erg\u00e4nzt Franz\u00f6sisch in der 9. Jahrgangsstufe den Stundenplan.<\/p>\n<p align=\"justify\">Deswegen ist die Mittelstufe eine Phase der Festigung und vertieften Ein\u00fcbung von Methoden-, Kommunikations-, und Teamkompetenzen um die zunehmende Stofff\u00fclle und die steigenden Verst\u00e4ndnisanforderungen von der \u201elernpraktischen\u201c Seite her zu unterst\u00fctzen und zu f\u00f6rdern.<\/p>\n<p>Wichtig wird in der Mittelstufe aber auch die \u00d6ffnung der Schule nach au\u00dfen:<\/p>\n<p>D.h. verst\u00e4rkter Kontakt und Austausch mit den Partnerschulen:<\/p>\n<ul>\n<li>Geschwister-Scholl-Gymnasium Waldkirch<\/li>\n<li>Gregor-Mendel-Gymnasium Amberg<\/li>\n<li>Landschulheim Am Solling Holzminden<\/li>\n<li>Lise-Meitner-Gymnasium Hamburg<\/li>\n<\/ul>\n<p>Weiterf\u00fchrende Angebote bereichern damit auch den integrativen Charakter unserer Begegnungsschule. Die besondere Bedeutung des Integrationsgedankens spielt in der Mittelstufe in vielerlei Hinsicht herausragende Rolle, d.h. konkret<\/p>\n<ul>\n<li>toleranten sozialen Umgang miteinander \u00fcben und praktizieren<\/li>\n<li>Verst\u00e4ndnis f\u00fcr Fremdes entwickeln<\/li>\n<li>f\u00f6rdern von Verantwortungsbewusstsein<\/li>\n<li>nicht Vereinheitlichung sondern Schaffung von Ber\u00fchrungen und Abschaffung von \u00c4ngsten &amp; Vorurteilen<\/li>\n<li>f\u00e4cher\u00fcbergreifendes Arbeiten<\/li>\n<\/ul>\n<\/div>\n<div class=\"page-links pull-right\"><\/div>\n<p>&nbsp;<\/p>\n","protected":false},"excerpt":{"rendered":"<p>Die Mittelstufe (Jahrgangsstufen 7 bis 10) ist in der schulischen, aber auch pers\u00f6nlichen Entwicklung der Sch\u00fclerinnen [&hellip;]<\/p>\n","protected":false},"author":10,"featured_media":0,"parent":39073,"menu_order":1,"comment_status":"closed","ping_status":"closed","template":"","meta":{"site-sidebar-layout":"default","site-content-layout":"default","ast-site-content-layout":"default","site-content-style":"default","site-sidebar-style":"default","ast-global-header-display":"","ast-banner-title-visibility":"","ast-main-header-display":"","ast-hfb-above-header-display":"","ast-hfb-below-header-display":"","ast-hfb-mobile-header-display":"","site-post-title":"","ast-breadcrumbs-content":"","ast-featured-img":"","footer-sml-layout":"","ast-disable-related-posts":"","theme-transparent-header-meta":"default","adv-header-id-meta":"","stick-header-meta":"default","header-above-stick-meta":"","header-main-stick-meta":"","header-below-stick-meta":"","astra-migrate-meta-layouts":"set","ast-page-background-enabled":"default","ast-page-background-meta":{"desktop":{"background-color":"","background-image":"","background-repeat":"repeat","background-position":"center center","background-size":"auto","background-attachment":"scroll","background-type":"","background-media":"","overlay-type":"","overlay-color":"","overlay-opacity":"","overlay-gradient":""},"tablet":{"background-color":"","background-image":"","background-repeat":"repeat","background-position":"center center","background-size":"auto","background-attachment":"scroll","background-type":"","background-media":"","overlay-type":"","overlay-color":"","overlay-opacity":"","overlay-gradient":""},"mobile":{"background-color":"","background-image":"","background-repeat":"repeat","background-position":"center center","background-size":"auto","background-attachment":"scroll","background-type":"","background-media":"","overlay-type":"","overlay-color":"","overlay-opacity":"","overlay-gradient":""}},"ast-content-background-meta":{"desktop":{"background-color":"var(--ast-global-color-5)","background-image":"","background-repeat":"repeat","background-position":"center center","background-size":"auto","background-attachment":"scroll","background-type":"","background-media":"","overlay-type":"","overlay-color":"","overlay-opacity":"","overlay-gradient":""},"tablet":{"background-color":"var(--ast-global-color-5)","background-image":"","background-repeat":"repeat","background-position":"center center","background-size":"auto","background-attachment":"scroll","background-type":"","background-media":"","overlay-type":"","overlay-color":"","overlay-opacity":"","overlay-gradient":""},"mobile":{"background-color":"var(--ast-global-color-5)","background-image":"","background-repeat":"repeat","background-position":"center center","background-size":"auto","background-attachment":"scroll","background-type":"","background-media":"","overlay-type":"","overlay-color":"","overlay-opacity":"","overlay-gradient":""}},"_jet_sm_ready_style":"","_jet_sm_style":"","_jet_sm_controls_values":"","_jet_sm_fonts_collection":"","_jet_sm_fonts_links":"","footnotes":""},"schlagwortedst":[151],"wf_page_folders":[200],"class_list":["post-1484","page","type-page","status-publish","hentry","schlagwortedst-sidesek"],"_links":{"self":[{"href":"https:\/\/www.dstenerife.eu\/de\/wp-json\/wp\/v2\/pages\/1484","targetHints":{"allow":["GET"]}}],"collection":[{"href":"https:\/\/www.dstenerife.eu\/de\/wp-json\/wp\/v2\/pages"}],"about":[{"href":"https:\/\/www.dstenerife.eu\/de\/wp-json\/wp\/v2\/types\/page"}],"author":[{"embeddable":true,"href":"https:\/\/www.dstenerife.eu\/de\/wp-json\/wp\/v2\/users\/10"}],"replies":[{"embeddable":true,"href":"https:\/\/www.dstenerife.eu\/de\/wp-json\/wp\/v2\/comments?post=1484"}],"version-history":[{"count":2,"href":"https:\/\/www.dstenerife.eu\/de\/wp-json\/wp\/v2\/pages\/1484\/revisions"}],"predecessor-version":[{"id":72147,"href":"https:\/\/www.dstenerife.eu\/de\/wp-json\/wp\/v2\/pages\/1484\/revisions\/72147"}],"up":[{"embeddable":true,"href":"https:\/\/www.dstenerife.eu\/de\/wp-json\/wp\/v2\/pages\/39073"}],"wp:attachment":[{"href":"https:\/\/www.dstenerife.eu\/de\/wp-json\/wp\/v2\/media?parent=1484"}],"wp:term":[{"taxonomy":"schlagwortedst","embeddable":true,"href":"https:\/\/www.dstenerife.eu\/de\/wp-json\/wp\/v2\/schlagwortedst?post=1484"},{"taxonomy":"wf_page_folders","embeddable":true,"href":"https:\/\/www.dstenerife.eu\/de\/wp-json\/wp\/v2\/wf_page_folders?post=1484"}],"curies":[{"name":"wp","href":"https:\/\/api.w.org\/{rel}","templated":true}]}}