{"id":2652,"date":"2015-10-13T00:35:13","date_gmt":"2015-10-12T23:35:13","guid":{"rendered":"https:\/\/kopie.dst.deutsche-schule.eu\/?page_id=2652"},"modified":"2025-09-11T13:23:33","modified_gmt":"2025-09-11T12:23:33","slug":"schulpsychologin","status":"publish","type":"page","link":"https:\/\/www.dstenerife.eu\/de\/serviceinformationen\/einrichtungen\/schulpsychologin\/","title":{"rendered":"Schulpsychologie"},"content":{"rendered":"<p>Unsere Schulpsychologinnen, Mercedes Pintado und Ingrid Garc\u00eda, bieten psychologische und psychop\u00e4dagogische Beratung sowie individuelle Unterst\u00fctzung f\u00fcr alle Mitglieder unserer Schulgemeinschaft (Sch\u00fclerInnen, LehrerInnen und Familien) von der Vorschule bis zum Abitur an. Sie sind f\u00fcr den Umgang mit der Vielfalt in der Schule verantwortlich.<\/p>\n<p>Mercedes Pintado ist f\u00fcr KiKri, Kindergarten und Grundschule zust\u00e4ndig, w\u00e4hrend Ingrid Garc\u00eda f\u00fcr die Orientierungsstufe (ab Klasse 5), die Sekundarstufe und die Oberstufe verantwortlich ist. Beide sind auch Koordinatorinnen f\u00fcr das Wohlergehen und den Schutz der Sch\u00fcler*innen.<\/p>\n<p>Neben der Einzelarbeit werden Gruppenpr\u00e4ventionsprogramme durchgef\u00fchrt mit dem Ziel, Toleranz, Selbstregulierung, Konfliktl\u00f6sung, Integration und Vielfalt in der Schule zu f\u00f6rdern sowie die Sch\u00fcler*innen im Bereich des Zusammenlebens, der Pr\u00e4vention und der Unterst\u00fctzung im Umgang mit Mobbing zu st\u00e4rken.<\/p>\n<p><strong>Kontaktinformationen und Sprechzeiten:<\/strong><\/p>\n<p>Mercedes Pintado: m.pintado@dstenerife.eu<\/p>\n<p>Sprechstunden f\u00fcr Familien sind dienstags von 12:25 &#8211; 13:10 Uhr und donnerstags von 8:45 bis 9:30 Uhr.<\/p>\n<p>&nbsp;<\/p>\n<p>Ingrid Garc\u00eda: i.garcia@dstenerife.eu<\/p>\n<p>Sprechzeiten f\u00fcr Familien sind montags von 12:25 bis 13:10 Uhr und donnerstags von 8:00 bis 8:45 Uhr.<\/p>\n<p align=\"JUSTIFY\">\n","protected":false},"excerpt":{"rendered":"<p>Unsere Schulpsychologinnen, Mercedes Pintado und Ingrid Garc\u00eda, bieten psychologische und psychop\u00e4dagogische Beratung sowie individuelle Unterst\u00fctzung f\u00fcr [&hellip;]<\/p>\n","protected":false},"author":10,"featured_media":45449,"parent":672,"menu_order":2,"comment_status":"closed","ping_status":"closed","template":"","meta":{"site-sidebar-layout":"default","site-content-layout":"default","ast-site-content-layout":"default","site-content-style":"default","site-sidebar-style":"default","ast-global-header-display":"","ast-banner-title-visibility":"","ast-main-header-display":"","ast-hfb-above-header-display":"","ast-hfb-below-header-display":"","ast-hfb-mobile-header-display":"","site-post-title":"","ast-breadcrumbs-content":"","ast-featured-img":"","footer-sml-layout":"","ast-disable-related-posts":"","theme-transparent-header-meta":"default","adv-header-id-meta":"","stick-header-meta":"default","header-above-stick-meta":"","header-main-stick-meta":"","header-below-stick-meta":"","astra-migrate-meta-layouts":"set","ast-page-background-enabled":"default","ast-page-background-meta":{"desktop":{"background-color":"","background-image":"","background-repeat":"repeat","background-position":"center center","background-size":"auto","background-attachment":"scroll","background-type":"","background-media":"","overlay-type":"","overlay-color":"","overlay-opacity":"","overlay-gradient":""},"tablet":{"background-color":"","background-image":"","background-repeat":"repeat","background-position":"center center","background-size":"auto","background-attachment":"scroll","background-type":"","background-media":"","overlay-type":"","overlay-color":"","overlay-opacity":"","overlay-gradient":""},"mobile":{"background-color":"","background-image":"","background-repeat":"repeat","background-position":"center center","background-size":"auto","background-attachment":"scroll","background-type":"","background-media":"","overlay-type":"","overlay-color":"","overlay-opacity":"","overlay-gradient":""}},"ast-content-background-meta":{"desktop":{"background-color":"var(--ast-global-color-5)","background-image":"","background-repeat":"repeat","background-position":"center center","background-size":"auto","background-attachment":"scroll","background-type":"","background-media":"","overlay-type":"","overlay-color":"","overlay-opacity":"","overlay-gradient":""},"tablet":{"background-color":"var(--ast-global-color-5)","background-image":"","background-repeat":"repeat","background-position":"center center","background-size":"auto","background-attachment":"scroll","background-type":"","background-media":"","overlay-type":"","overlay-color":"","overlay-opacity":"","overlay-gradient":""},"mobile":{"background-color":"var(--ast-global-color-5)","background-image":"","background-repeat":"repeat","background-position":"center center","background-size":"auto","background-attachment":"scroll","background-type":"","background-media":"","overlay-type":"","overlay-color":"","overlay-opacity":"","overlay-gradient":""}},"_jet_sm_ready_style":"","_jet_sm_style":"","_jet_sm_controls_values":"","_jet_sm_fonts_collection":"","_jet_sm_fonts_links":"","footnotes":""},"schlagwortedst":[152],"wf_page_folders":[191,208],"class_list":["post-2652","page","type-page","status-publish","has-post-thumbnail","hentry","schlagwortedst-sideservice"],"_links":{"self":[{"href":"https:\/\/www.dstenerife.eu\/de\/wp-json\/wp\/v2\/pages\/2652","targetHints":{"allow":["GET"]}}],"collection":[{"href":"https:\/\/www.dstenerife.eu\/de\/wp-json\/wp\/v2\/pages"}],"about":[{"href":"https:\/\/www.dstenerife.eu\/de\/wp-json\/wp\/v2\/types\/page"}],"author":[{"embeddable":true,"href":"https:\/\/www.dstenerife.eu\/de\/wp-json\/wp\/v2\/users\/10"}],"replies":[{"embeddable":true,"href":"https:\/\/www.dstenerife.eu\/de\/wp-json\/wp\/v2\/comments?post=2652"}],"version-history":[{"count":5,"href":"https:\/\/www.dstenerife.eu\/de\/wp-json\/wp\/v2\/pages\/2652\/revisions"}],"predecessor-version":[{"id":99350,"href":"https:\/\/www.dstenerife.eu\/de\/wp-json\/wp\/v2\/pages\/2652\/revisions\/99350"}],"up":[{"embeddable":true,"href":"https:\/\/www.dstenerife.eu\/de\/wp-json\/wp\/v2\/pages\/672"}],"wp:featuredmedia":[{"embeddable":true,"href":"https:\/\/www.dstenerife.eu\/de\/wp-json\/wp\/v2\/media\/45449"}],"wp:attachment":[{"href":"https:\/\/www.dstenerife.eu\/de\/wp-json\/wp\/v2\/media?parent=2652"}],"wp:term":[{"taxonomy":"schlagwortedst","embeddable":true,"href":"https:\/\/www.dstenerife.eu\/de\/wp-json\/wp\/v2\/schlagwortedst?post=2652"},{"taxonomy":"wf_page_folders","embeddable":true,"href":"https:\/\/www.dstenerife.eu\/de\/wp-json\/wp\/v2\/wf_page_folders?post=2652"}],"curies":[{"name":"wp","href":"https:\/\/api.w.org\/{rel}","templated":true}]}}