{"id":29668,"date":"2020-06-05T16:06:50","date_gmt":"2020-06-05T16:06:50","guid":{"rendered":"https:\/\/kopie.dst.deutsche-schule.eu\/?page_id=29668"},"modified":"2026-08-24T11:11:40","modified_gmt":"2026-08-24T10:11:40","slug":"anmeldung-und-kosten-2020","status":"publish","type":"page","link":"https:\/\/www.dstenerife.eu\/de\/serviceinformationen\/anmeldung-und-kosten-2020\/","title":{"rendered":"Anmeldung und Kosten"},"content":{"rendered":"<h3 style=\"text-align: left;\"><strong>Kindergarten:<\/strong><\/h3>\n<p>Anmeldungen f\u00fcr die Kinderkrippe und den Kindergarten sind ganzj\u00e4hrig m\u00f6glich. Eine Aufnahme erfolgt entsprechend der g\u00fcltigen Stichtagsregelung und nach Verf\u00fcgbarkeit freier Pl\u00e4tze.<\/p>\n<p>F\u00fcr interessierte Familien besteht die M\u00f6glichkeit, einen Besichtigungstermin vor Ort oder einen Online-Termin \u00fcber unsere Homepage im Bereich \u201eKindergarten &#8211; Anmeldungen online\u201c zu vereinbaren.<\/p>\n<p>F\u00fcr weitere Informationen sowie zur Einreichung der Anmeldeunterlagen wenden Sie sich bitte an die zust\u00e4ndige Ansprechpartnerin f\u00fcr KiKri und Kindergarten:<\/p>\n<p><em>Jessica Kaiser: <\/em><em>j.kaiser@dstenerife.eu<\/em><\/p>\n<h5 style=\"text-align: left;\"><strong>Voraussetzungen f\u00fcr eine Anmeldung<\/strong><\/h5>\n<ul>\n<li>KiKri 1: Wenn Ihr Kind bis zum 31. August das erste Lebensjahr vollendet hat, k\u00f6nnen Sie es in der Kinderkrippe anmelden<\/li>\n<li style=\"text-align: left;\">Sollten die Anmeldungen die Aufnahmekapazit\u00e4t \u00fcberschreiten, so erfolgt die Auswahl der Kinder nach festgelegten Kriterien. Die aufgenommenen Kinder in der\u00a0KiKri und im Kindergarten werden anschlie\u00dfend in Kleingruppen eingeteilt.<\/li>\n<li style=\"text-align: left;\">Eine Aufnahme in h\u00f6here Kindergartengruppen ist bei freien Pl\u00e4tzen m\u00f6glich, wenn das Kind bereits Deutschkenntnisse hat.<\/li>\n<\/ul>\n<h5>Stichtagsregelung und Antragsstellung<\/h5>\n<p>Unter diesem Stichpunkt finden Sie eine \u00dcbersicht \u00fcber die jeweils g\u00fcltigen Aufnahmestichtage f\u00fcr die Kinderkrippe (KiKri) und den Kindergarten. Die Stichtagsregelung f\u00fcr KiKri 2 sowie die Kindergartenstufen K1 bis K3 wird ab dem Schuljahr 2026\/27 schrittweise angepasst. Zur Aufnahme der K\u00fckengruppe (KiKri 1, 1\u20132 Jahre) muss das Kind ein Jahr alt sein gem\u00e4\u00df der Anpassung der jeweiligen Stichtagsregelung ab KiKri 2 (siehe oben).<\/p>\n<h6><a href=\"https:\/\/www.dstenerife.eu\/wp-content\/uploads\/2026\/08\/Stichtagregelung-NACH-GEBURTSTAG.pdf\" target=\"_blank\" rel=\"noopener\">\u00dcbersicht der Aufnahmestichtage<\/a><\/h6>\n<p>&nbsp;<\/p>\n<p style=\"text-align: left;\">Folgendes Formular ist f\u00fcr die Aufnahme notwendig und muss dem Sekretariat der DST vorliegen:<\/p>\n<h5 style=\"text-align: left;\"><a href=\"https:\/\/e969z83yjsq.exactdn.com\/wp-content\/uploads\/2021\/12\/file-pdf-regular.svg\"><img decoding=\"async\" class=\"alignnone wp-image-47704\" role=\"img\" src=\"https:\/\/e969z83yjsq.exactdn.com\/wp-content\/uploads\/2021\/12\/file-pdf-regular.svg\" alt=\"\" width=\"18\" \/><\/a> <a href=\"https:\/\/www.dstenerife.eu\/wp-content\/uploads\/2026\/08\/Anmeldeformular_Hoja-de-inscripcion-2026-2027-rellenable.pdf\" target=\"_blank\" rel=\"noopener\">Anmeldeformular 2026-2027<\/a><\/h5>\n<p>&nbsp;<\/p>\n<p style=\"text-align: left;\">Rechtzeitig werden die\u00a0Eltern \u00fcber den Aufnahmestand informiert. Im Falle einer Zusage, werden die Eltern gebeten, weitere Unterlagen einzureichen und die Aufnahmegeb\u00fchren zu begleichen. Nach Abschluss der Formalit\u00e4ten sind die Kinder f\u00fcr die entsprechende Einrichtung verbindlich angemeldet. Beim \u00dcberschreiten der Anmeldezahl wird nach dem Kriterienkatalog vorgegangen. Die Eltern werden dar\u00fcber informiert, dass sie vorerst in einer Warteliste aufgenommen werden. Nach Beendigung der formalen Anmeldung findet ein Nachr\u00fcckverfahren statt.<\/p>\n<h5>Geb\u00fchren KiKri &#8222;K\u00fcken&#8220; 2026-2027<\/h5>\n<div class=\"wp-block-pdfemb-pdf-embedder-viewer\"><a href=\"https:\/\/www.dstenerife.eu\/wp-content\/uploads\/2026\/06\/Cuotas-Kikri-grupo-Pollitos-2026-2027-1.pdf\" class=\"pdfemb-viewer\" style=\"\" data-width=\"max\" data-height=\"max\" data-toolbar=\"top\" data-toolbar-fixed=\"on\">Cuotas-Kikri-grupo-Pollitos-2026-2027-1<\/a><\/div>\n<table style=\"width: 100%; height: 138px;\">\n<tbody>\n<tr style=\"height: 46px;\">\n<td style=\"height: 46px; width: 70.8263%;\">\u00a0Einschreibgeb\u00fchr (j\u00e4hrlich)<\/td>\n<td style=\"height: 46px; width: 29.0894%;\">\u00a0410,00 \u20ac<\/td>\n<\/tr>\n<tr style=\"height: 46px;\">\n<td style=\"height: 46px; width: 70.8263%;\">\u00a0Einmalige Depotzahlung<\/td>\n<td style=\"height: 46px; width: 29.0894%;\">\u00a0790,00 \u20ac<\/td>\n<\/tr>\n<tr style=\"height: 46px;\">\n<td style=\"height: 46px; width: 70.8263%;\">\u00a0Monatsquote KiKri \/ KiGa<\/td>\n<td style=\"height: 46px; width: 29.0894%;\">\u00a011 x 410,00 \u20ac<\/td>\n<\/tr>\n<\/tbody>\n<\/table>\n<p><span style=\"font-size: 1.2em; font-weight: bold;\">Geb\u00fchren KiKri-2 und Kindergarten ab 2026-2027<\/span><\/p>\n<div class=\"wp-block-pdfemb-pdf-embedder-viewer\"><a href=\"https:\/\/www.dstenerife.eu\/wp-content\/uploads\/2026\/06\/Cuotas-Kindergarten-Kikri-II-2026-27-1.pdf\" class=\"pdfemb-viewer\" style=\"\" data-width=\"max\" data-height=\"max\" data-toolbar=\"top\" data-toolbar-fixed=\"on\">Cuotas-Kindergarten-Kikri-II-2026-27-1<\/a><\/div>\n<table>\n<tbody>\n<tr style=\"height: 46px;\">\n<td style=\"height: 46px; width: 70.8263%;\">\u00a0Einschreibgeb\u00fchr (j\u00e4hrlich)<\/td>\n<td style=\"height: 46px; width: 29.0894%;\">\u00a0465,00 \u20ac<\/td>\n<\/tr>\n<tr style=\"height: 46px;\">\n<td style=\"height: 46px; width: 70.8263%;\">\u00a0Einmalige Depotzahlung<\/td>\n<td style=\"height: 46px; width: 29.0894%;\">\u00a0790,00 \u20ac<\/td>\n<\/tr>\n<tr style=\"height: 46px;\">\n<td style=\"height: 46px; width: 70.8263%;\">\u00a0Monatsquote KiKri \/ KiGa<\/td>\n<td style=\"height: 46px; width: 29.0894%;\">\u00a0465,00 \u20ac (KiKri 11 Quoten \/ KiGa 10 Quoten)<\/td>\n<\/tr>\n<\/tbody>\n<\/table>\n<h3 style=\"text-align: left;\"><strong>Schule:<\/strong><\/h3>\n<p style=\"text-align: left;\">Sch\u00fcler*innen, die den Kindergarten der Deutschen Schule Santa Cruz de Tenerife besuchen, werden in die Grundschule der DST aufgenommen. Au\u00dferdem ist die Neuaufnahme von Sch\u00fcler*innen mit hinreichenden Deutschkenntnissen in Klasse 1 oder in h\u00f6heren Klassenstufen m\u00f6glich. Die Entscheidung \u00fcber die Aufnahme trifft nach Einzelfallpr\u00fcfung die Schulleitung. Gegebenenfalls werden hierbei zur Einordnung in eine passende Klassenstufe Feststellungspr\u00fcfungen durchgef\u00fchrt.<\/p>\n<p>Falls Sie an einem Schulplatz (ab Grundschule) interessiert sind, f\u00fcllen Sie bitte folgendes Formular aus und schicken es an dstenerife@dstenerife.eu:<\/p>\n<h5><a href=\"https:\/\/www.dstenerife.eu\/wp-content\/uploads\/2024\/04\/Interessenbekundung.pdf\">Interessenbekundung<\/a><\/h5>\n<p>&nbsp;<\/p>\n<h5>Geb\u00fchren Schule ab 2026-2027<\/h5>\n<div class=\"wp-block-pdfemb-pdf-embedder-viewer\"><a href=\"https:\/\/www.dstenerife.eu\/wp-content\/uploads\/2026\/07\/20260604_-Schulgeldquoten-Cuotas-Colegio-Aleman-SC-de-Tfe-2026-27.pdf\" class=\"pdfemb-viewer\" style=\"\" data-width=\"max\" data-height=\"max\" data-toolbar=\"top\" data-toolbar-fixed=\"on\">20260604_-Schulgeldquoten-Cuotas-Colegio-Aleman-SC-de-Tfe-2026-27<\/a><\/div>\n<table>\n<tbody>\n<tr>\n<td>Klassen 1 \u2013 8<\/td>\n<td>10 x 425,00 \u20ac<\/td>\n<td>4.250,00 \u20ac<\/td>\n<\/tr>\n<tr>\n<td>Klassen 9 \u2013 11<\/td>\n<td>10 x 465,00 \u20ac<\/td>\n<td>4.650,00 \u20ac<\/td>\n<\/tr>\n<tr>\n<td>Klasse 12<\/td>\n<td>\u00a0 9 x 516,00 \u20ac<\/td>\n<td>4.644,00 \u20ac<\/td>\n<\/tr>\n<\/tbody>\n<\/table>\n<h6 style=\"text-align: left;\"><strong><u>F\u00fcr neue Sch\u00fcler*innen 2026-2027:<\/u><\/strong><\/h6>\n<table style=\"width: 100%;\">\n<tbody>\n<tr>\n<td style=\"width: 71.0793%;\">J\u00e4hrliche Einschreibegeb\u00fchr Klasse 1-4<\/td>\n<td style=\"width: 28.9207%;\">425,00 \u20ac<\/td>\n<\/tr>\n<tr>\n<td style=\"width: 71.0793%;\">Einschreibegeb\u00fchr Klassen 5-12<\/td>\n<td style=\"width: 28.9207%;\">850,00 \u20ac<\/td>\n<\/tr>\n<tr>\n<td style=\"width: 71.0793%;\">Depot Klassen 1-8<\/td>\n<td style=\"width: 28.9207%;\">900,00 \u20ac<\/td>\n<\/tr>\n<tr>\n<td style=\"width: 71.0793%;\">Depot Klassen 9 &#8211; 12<\/td>\n<td style=\"width: 28.9207%;\">1.030,00 \u20ac<\/td>\n<\/tr>\n<tr>\n<td style=\"width: 71.0793%;\">IPS Integrationsphase Spanisch &#8211; pro Stunde<\/td>\n<td style=\"width: 28.9207%;\">15,00 \u20ac<\/td>\n<\/tr>\n<\/tbody>\n<\/table>\n<p style=\"text-align: left;\">Die Depotgeb\u00fchr wird nach erfolgreicher Beendigung der gesamten Schullaufbahn (nach schriftlicher Beantragung) wieder erstattet.<\/p>\n<p style=\"text-align: left;\">Dar\u00fcber hinaus gibt es an der Deutschen Schule Santa Cruz de Tenerife weitere Angebote:<\/p>\n<ul>\n<li>Freiwillig belegbarer Vorbereitungsunterricht auf die spanische Universit\u00e4t (<strong>PAU<\/strong>) f\u00fcr Sch\u00fcler*innen der Klassen 11 und 12. Kosten: 33 \u20ac pro Monat pro Fach. Dieser Betrag wird gesammelt in Form von 165\u20ac pro Semester und pro Fach abgebucht (September und Februar).<\/li>\n<li><strong>Fr\u00fchbetreuung<\/strong> von 07:15 bis 08:00 Uhr (Festanmeldung):\n<ul style=\"list-style-type: square;\">\n<li>1 Tag\/Woche=5,80 \u20ac\/Monat<\/li>\n<li>2 Tage\/Woche=11,60 \u20ac\/Monat<\/li>\n<li>3 Tage\/Woche=17,40 \u20ac\/Monat<\/li>\n<li>4 Tage\/Woche=23,10 \u20ac\/Monat<\/li>\n<li>5 Tage\/Woche=28,90 \u20ac\/Monat<\/li>\n<li>Einzelanmeldung= 6,90 \u20ac\/Tag<\/li>\n<\/ul>\n<\/li>\n<\/ul>\n<ul>\n<li><strong>L\u00dcZ (Lern und \u00dcbungszeiten)\/Ganztagsklassen\/Betreuungsklassen<\/strong> von 14:10 Uhr bis 15:40 Uhr (Festanmeldung):\n<ul>\n<li><strong>KiKri:<\/strong>\n<ul>\n<li>1 Tag\/Woche=13,70 \u20ac\/Monat<\/li>\n<li>2 Tage\/Woche=27,40 \u20ac\/Monat<\/li>\n<li>3 Tage\/Woche=36,80 \u20ac\/Monat<\/li>\n<li>4 Tage\/Woche=46,80 \u20ac\/Monat<\/li>\n<li>5 Tage\/Woche=54,60 \u20ac\/Monat<\/li>\n<li>Einzelanmeldung= 6,90 \u20ac\/Tag<\/li>\n<\/ul>\n<\/li>\n<li><strong>KiGa\/Grundschule\/Sekundaria bis Klasse 8<\/strong>:\n<ul>\n<li>1 Tag\/Woche=15,80 \u20ac\/Monat<\/li>\n<li>2 Tage\/Woche=31,60 \u20ac\/Monat<\/li>\n<li>3 Tage\/Woche=42,60 \u20ac\/Monat<\/li>\n<li>4 Tage\/Woche=52,50 \u20ac\/Monat<\/li>\n<li>5 Tage\/Woche=60,90 \u20ac\/Monat<\/li>\n<li>Einzelanmeldung (<span style=\"color: #ff0000;\"><strong>f\u00fcr Sekundaria nicht m\u00f6glich<\/strong><\/span>)= 6,90 \u20ac\/Tag<\/li>\n<\/ul>\n<\/li>\n<\/ul>\n<\/li>\n<\/ul>\n<ul>\n<li><strong>Sp\u00e4tbetreuung<\/strong> von 15:40 bis 17:10 Uhr (Festanmeldung):\n<ul style=\"list-style-type: square;\">\n<li>1 Tag\/Woche=11,60 \u20ac\/Monat<\/li>\n<li>2 Tage\/Woche=23,20 \u20ac\/Monat<\/li>\n<li>3 Tage\/Woche=34,70 \u20ac\/Monat<\/li>\n<li>4 Tage\/Woche=46,20 \u20ac\/Monat<\/li>\n<li>5 Tage\/Woche=57,80 \u20ac\/Monat<\/li>\n<li>Einzelanmeldung= 6,90 \u20ac\/Tag<\/li>\n<\/ul>\n<\/li>\n<\/ul>\n<p style=\"text-align: left;\">Die Zahlungen sind jeweils am 5. Tag in den Monaten von September bis Juni f\u00e4llig und k\u00f6nnen ausschlie\u00dflich per Bankeinzug vorgenommen werden.<\/p>\n","protected":false},"excerpt":{"rendered":"<p>Kindergarten: Anmeldungen f\u00fcr die Kinderkrippe und den Kindergarten sind ganzj\u00e4hrig m\u00f6glich. Eine Aufnahme erfolgt entsprechend der [&hellip;]<\/p>\n","protected":false},"author":10,"featured_media":110478,"parent":399,"menu_order":9,"comment_status":"closed","ping_status":"closed","template":"","meta":{"site-sidebar-layout":"default","site-content-layout":"default","ast-site-content-layout":"default","site-content-style":"default","site-sidebar-style":"default","ast-global-header-display":"","ast-banner-title-visibility":"","ast-main-header-display":"","ast-hfb-above-header-display":"","ast-hfb-below-header-display":"","ast-hfb-mobile-header-display":"","site-post-title":"","ast-breadcrumbs-content":"","ast-featured-img":"","footer-sml-layout":"","ast-disable-related-posts":"","theme-transparent-header-meta":"default","adv-header-id-meta":"","stick-header-meta":"default","header-above-stick-meta":"","header-main-stick-meta":"","header-below-stick-meta":"","astra-migrate-meta-layouts":"set","ast-page-background-enabled":"default","ast-page-background-meta":{"desktop":{"background-color":"","background-image":"","background-repeat":"repeat","background-position":"center center","background-size":"auto","background-attachment":"scroll","background-type":"","background-media":"","overlay-type":"","overlay-color":"","overlay-opacity":"","overlay-gradient":""},"tablet":{"background-color":"","background-image":"","background-repeat":"repeat","background-position":"center center","background-size":"auto","background-attachment":"scroll","background-type":"","background-media":"","overlay-type":"","overlay-color":"","overlay-opacity":"","overlay-gradient":""},"mobile":{"background-color":"","background-image":"","background-repeat":"repeat","background-position":"center center","background-size":"auto","background-attachment":"scroll","background-type":"","background-media":"","overlay-type":"","overlay-color":"","overlay-opacity":"","overlay-gradient":""}},"ast-content-background-meta":{"desktop":{"background-color":"var(--ast-global-color-5)","background-image":"","background-repeat":"repeat","background-position":"center center","background-size":"auto","background-attachment":"scroll","background-type":"","background-media":"","overlay-type":"","overlay-color":"","overlay-opacity":"","overlay-gradient":""},"tablet":{"background-color":"var(--ast-global-color-5)","background-image":"","background-repeat":"repeat","background-position":"center center","background-size":"auto","background-attachment":"scroll","background-type":"","background-media":"","overlay-type":"","overlay-color":"","overlay-opacity":"","overlay-gradient":""},"mobile":{"background-color":"var(--ast-global-color-5)","background-image":"","background-repeat":"repeat","background-position":"center center","background-size":"auto","background-attachment":"scroll","background-type":"","background-media":"","overlay-type":"","overlay-color":"","overlay-opacity":"","overlay-gradient":""}},"_jet_sm_ready_style":"","_jet_sm_style":"","_jet_sm_controls_values":"","_jet_sm_fonts_collection":"","_jet_sm_fonts_links":"","footnotes":""},"schlagwortedst":[152],"wf_page_folders":[191],"class_list":["post-29668","page","type-page","status-publish","has-post-thumbnail","hentry","schlagwortedst-sideservice"],"_links":{"self":[{"href":"https:\/\/www.dstenerife.eu\/de\/wp-json\/wp\/v2\/pages\/29668","targetHints":{"allow":["GET"]}}],"collection":[{"href":"https:\/\/www.dstenerife.eu\/de\/wp-json\/wp\/v2\/pages"}],"about":[{"href":"https:\/\/www.dstenerife.eu\/de\/wp-json\/wp\/v2\/types\/page"}],"author":[{"embeddable":true,"href":"https:\/\/www.dstenerife.eu\/de\/wp-json\/wp\/v2\/users\/10"}],"replies":[{"embeddable":true,"href":"https:\/\/www.dstenerife.eu\/de\/wp-json\/wp\/v2\/comments?post=29668"}],"version-history":[{"count":89,"href":"https:\/\/www.dstenerife.eu\/de\/wp-json\/wp\/v2\/pages\/29668\/revisions"}],"predecessor-version":[{"id":114401,"href":"https:\/\/www.dstenerife.eu\/de\/wp-json\/wp\/v2\/pages\/29668\/revisions\/114401"}],"up":[{"embeddable":true,"href":"https:\/\/www.dstenerife.eu\/de\/wp-json\/wp\/v2\/pages\/399"}],"wp:featuredmedia":[{"embeddable":true,"href":"https:\/\/www.dstenerife.eu\/de\/wp-json\/wp\/v2\/media\/110478"}],"wp:attachment":[{"href":"https:\/\/www.dstenerife.eu\/de\/wp-json\/wp\/v2\/media?parent=29668"}],"wp:term":[{"taxonomy":"schlagwortedst","embeddable":true,"href":"https:\/\/www.dstenerife.eu\/de\/wp-json\/wp\/v2\/schlagwortedst?post=29668"},{"taxonomy":"wf_page_folders","embeddable":true,"href":"https:\/\/www.dstenerife.eu\/de\/wp-json\/wp\/v2\/wf_page_folders?post=29668"}],"curies":[{"name":"wp","href":"https:\/\/api.w.org\/{rel}","templated":true}]}}