{"id":37451,"date":"2021-04-16T04:20:36","date_gmt":"2021-04-16T04:20:36","guid":{"rendered":"https:\/\/kopie.dst.deutsche-schule.eu\/?page_id=37451"},"modified":"2021-05-24T07:08:05","modified_gmt":"2021-05-24T07:08:05","slug":"interne-sitemap-als-hilfsmitel-vor-der-veroeffentlichung","status":"publish","type":"page","link":"https:\/\/www.dstenerife.eu\/de\/interne-sitemap-als-hilfsmitel-vor-der-veroeffentlichung\/","title":{"rendered":"Sitemap"},"content":{"rendered":"<p>Diese Sitemap soll uns helfen die Seitenstruktur zu optimieren.<\/p>\n<p><div class=\"wsp-container\"><h2 class=\"wsp-pages-title\">Seiten<\/h2>\n<ul class=\"wsp-pages-list\">\n<li class=\"page_item page-item-37451 menu-item\"><a href=\"https:\/\/www.dstenerife.eu\/de\/interne-sitemap-als-hilfsmitel-vor-der-veroeffentlichung\/\" class=\"menu-link\">Sitemap<\/a><\/li>\n<li class=\"page_item page-item-45907 menu-item\"><a href=\"https:\/\/www.dstenerife.eu\/de\/lern-und-uebungzeit-luez-grundschule\/\" class=\"menu-link\">Lern- und \u00dcbungszeit (L\u00dcZ)-Grundschule<\/a><\/li>\n<li class=\"page_item page-item-47934 menu-item\"><a href=\"https:\/\/www.dstenerife.eu\/de\/weihnachtsverkaufsaktion-klassen-11\/\" class=\"menu-link\">Weihnachtsverkaufsaktion Klassen 11<\/a><\/li>\n<li class=\"page_item page-item-48551 menu-item\"><a href=\"https:\/\/www.dstenerife.eu\/de\/cookie-policy-eu\/\" class=\"menu-link\">Cookie Policy (EU)<\/a><\/li>\n<li class=\"page_item page-item-48970 menu-item\"><a href=\"https:\/\/www.dstenerife.eu\/de\/elementor-48970\/\" class=\"menu-link\">Elementor #48970<\/a><\/li>\n<li class=\"page_item page-item-61730 menu-item\"><a href=\"https:\/\/www.dstenerife.eu\/de\/ag-angebote-sj-2023-24-vorlaeufig\/\" class=\"menu-link\">Vorl\u00e4ufige AG-Angebote SJ 2023-24<\/a><\/li>\n<li class=\"page_item page-item-61735 menu-item\"><a href=\"https:\/\/www.dstenerife.eu\/de\/leitfaden-der-grundschule\/\" class=\"menu-link\">Leitfaden der Grundschule<\/a><\/li>\n<li class=\"page_item page-item-63649 menu-item\"><a href=\"https:\/\/www.dstenerife.eu\/de\/silder-experiments-internal\/\" class=\"menu-link\">silder Experiments internal<\/a><\/li>\n<li class=\"page_item page-item-83781 menu-item\"><a href=\"https:\/\/www.dstenerife.eu\/de\/slider\/\" class=\"menu-link\">slider<\/a><\/li>\n<li class=\"page_item page-item-32841 menu-item\"><a href=\"https:\/\/www.dstenerife.eu\/de\/\" class=\"menu-link\">Startseite<\/a><\/li>\n<li class=\"page_item page-item-18 page_item_has_children menu-item menu-item-has-children\"><a href=\"https:\/\/www.dstenerife.eu\/de\/die-schule\/\" class=\"menu-link\">Die Schule<\/a>\n<ul class='children'>\n\t<li class=\"page_item page-item-107607 menu-item\"><a href=\"https:\/\/www.dstenerife.eu\/de\/die-schule\/schulkalender\/\" class=\"menu-link\">Schulkalender<\/a><\/li>\n\t<li class=\"page_item page-item-59142 menu-item\"><a href=\"https:\/\/www.dstenerife.eu\/de\/die-schule\/grusswort\/\" class=\"menu-link\">Gru\u00dfwort<\/a><\/li>\n\t<li class=\"page_item page-item-59227 menu-item\"><a href=\"https:\/\/www.dstenerife.eu\/de\/die-schule\/test-popup\/\" class=\"menu-link\">Test Popup<\/a><\/li>\n\t<li class=\"page_item page-item-86479 menu-item\"><a href=\"https:\/\/www.dstenerife.eu\/de\/die-schule\/protokolle\/\" class=\"menu-link\">Handlungsprotokolle<\/a><\/li>\n\t<li class=\"page_item page-item-104038 menu-item\"><a href=\"https:\/\/www.dstenerife.eu\/de\/die-schule\/dst-aktuell\/\" class=\"menu-link\">DST Aktuell<\/a><\/li>\n\t<li class=\"page_item page-item-40394 menu-item\"><a href=\"https:\/\/www.dstenerife.eu\/de\/die-schule\/faq\/\" class=\"menu-link\">FAQ<\/a><\/li>\n\t<li class=\"page_item page-item-38938 page_item_has_children menu-item menu-item-has-children\"><a href=\"https:\/\/www.dstenerife.eu\/de\/die-schule\/gesamtschulische-konzepte\/\" class=\"menu-link\">Gesamtschulische Konzepte<\/a>\n\t<ul class='children'>\n\t\t<li class=\"page_item page-item-859 menu-item\"><a href=\"https:\/\/www.dstenerife.eu\/de\/die-schule\/gesamtschulische-konzepte\/praevention\/\" class=\"menu-link\">Pr\u00e4vention<\/a><\/li>\n\t\t<li class=\"page_item page-item-38981 menu-item\"><a href=\"https:\/\/www.dstenerife.eu\/de\/die-schule\/gesamtschulische-konzepte\/demokratie-erziehung\/\" class=\"menu-link\">Demokratie-Erziehung<\/a><\/li>\n\t\t<li class=\"page_item page-item-39851 menu-item\"><a href=\"https:\/\/www.dstenerife.eu\/de\/die-schule\/gesamtschulische-konzepte\/distanzlernen\/\" class=\"menu-link\">Distanzlernen<\/a><\/li>\n\t\t<li class=\"page_item page-item-45785 menu-item\"><a href=\"https:\/\/www.dstenerife.eu\/de\/die-schule\/gesamtschulische-konzepte\/dfu\/\" class=\"menu-link\">Deutscher Fachunterricht an der DST (DFU)<\/a><\/li>\n\t\t<li class=\"page_item page-item-865 menu-item\"><a href=\"https:\/\/www.dstenerife.eu\/de\/die-schule\/gesamtschulische-konzepte\/soziales-lernen\/\" class=\"menu-link\">Soziales Lernen<\/a><\/li>\n\t\t<li class=\"page_item page-item-3287 menu-item\"><a href=\"https:\/\/www.dstenerife.eu\/de\/die-schule\/gesamtschulische-konzepte\/blaeserklassen\/\" class=\"menu-link\">Bl\u00e4serklassen<\/a><\/li>\n\t\t<li class=\"page_item page-item-523 menu-item\"><a href=\"https:\/\/www.dstenerife.eu\/de\/die-schule\/gesamtschulische-konzepte\/austausche-und-fahrten\/\" class=\"menu-link\">Austausche und Fahrten<\/a><\/li>\n\t\t<li class=\"page_item page-item-1631 menu-item\"><a href=\"https:\/\/www.dstenerife.eu\/de\/die-schule\/gesamtschulische-konzepte\/individueller-austausch\/\" class=\"menu-link\">Individueller Austausch<\/a><\/li>\n\t\t<li class=\"page_item page-item-29530 menu-item\"><a href=\"https:\/\/www.dstenerife.eu\/de\/die-schule\/gesamtschulische-konzepte\/dst-virtuell\/\" class=\"menu-link\">DST virtuell<\/a><\/li>\n\t\t<li class=\"page_item page-item-3281 menu-item\"><a href=\"https:\/\/www.dstenerife.eu\/de\/die-schule\/gesamtschulische-konzepte\/vorbereitungskurse-fuer-neue-schueler\/\" class=\"menu-link\">Vorbereitungskurse f\u00fcr neue Sch\u00fcler*innen<\/a><\/li>\n\t<\/ul>\n<\/li>\n\t<li class=\"page_item page-item-614 menu-item\"><a href=\"https:\/\/www.dstenerife.eu\/de\/die-schule\/zahlen-und-fakten\/\" class=\"menu-link\">Zahlen und Fakten<\/a><\/li>\n\t<li class=\"page_item page-item-678 menu-item\"><a href=\"https:\/\/www.dstenerife.eu\/de\/die-schule\/regeln-und-ordnungen\/\" class=\"menu-link\">Regeln und Ordnungen<\/a><\/li>\n\t<li class=\"page_item page-item-445 menu-item\"><a href=\"https:\/\/www.dstenerife.eu\/de\/die-schule\/schulprofil-und-leitbild\/\" class=\"menu-link\">Leitbild und Schulprogramm<\/a><\/li>\n\t<li class=\"page_item page-item-626 menu-item\"><a href=\"https:\/\/www.dstenerife.eu\/de\/die-schule\/geschichte-der-schule\/\" class=\"menu-link\">Geschichte der Schule<\/a><\/li>\n\t<li class=\"page_item page-item-3530 menu-item\"><a href=\"https:\/\/www.dstenerife.eu\/de\/die-schule\/unsere-schule-in-der-presse\/\" class=\"menu-link\">Unsere Schule in der Presse<\/a><\/li>\n\t<li class=\"page_item page-item-39 menu-item\"><a href=\"https:\/\/www.dstenerife.eu\/de\/die-schule\/kontakt\/\" class=\"menu-link\">Kontakt und Wegbeschreibung<\/a><\/li>\n\t<li class=\"page_item page-item-7114 page_item_has_children menu-item menu-item-has-children\"><a href=\"https:\/\/www.dstenerife.eu\/de\/die-schule\/paedagogisches-qualitaetsmanagement-an-der-dst\/\" class=\"menu-link\">P\u00e4dagogisches Qualit\u00e4tsmanagement<\/a>\n\t<ul class='children'>\n\t\t<li class=\"page_item page-item-7121 page_item_has_children menu-item menu-item-has-children\"><a href=\"https:\/\/www.dstenerife.eu\/de\/die-schule\/paedagogisches-qualitaetsmanagement-an-der-dst\/evaluationen\/\" class=\"menu-link\">Evaluationen<\/a>\n\t\t<ul class='children'>\n\t\t\t<li class=\"page_item page-item-7188 menu-item\"><a href=\"https:\/\/www.dstenerife.eu\/de\/die-schule\/paedagogisches-qualitaetsmanagement-an-der-dst\/evaluationen\/bund-laender-inspektion-2\/\" class=\"menu-link\">Bund-L\u00e4nder-Inspektion 2<\/a><\/li>\n\t\t<\/ul>\n<\/li>\n\t<\/ul>\n<\/li>\n\t<li class=\"page_item page-item-34164 menu-item\"><a href=\"https:\/\/www.dstenerife.eu\/de\/die-schule\/durchgaengig-deutsch-elementor\/\" class=\"menu-link\">Deutsch lernen an der DST<\/a><\/li>\n\t<li class=\"page_item page-item-35404 menu-item\"><a href=\"https:\/\/www.dstenerife.eu\/de\/die-schule\/alle-kontaktpersonen\/\" class=\"menu-link\">Alle Kontaktpersonen<\/a><\/li>\n\t<li class=\"page_item page-item-36597 menu-item\"><a href=\"https:\/\/www.dstenerife.eu\/de\/die-schule\/alle_artikel\/\" class=\"menu-link\">Alle Artikel<\/a><\/li>\n\t<li class=\"page_item page-item-397 page_item_has_children menu-item menu-item-has-children\"><a href=\"https:\/\/www.dstenerife.eu\/de\/die-schule\/schulgremien\/\" class=\"menu-link\">Schulgremien<\/a>\n\t<ul class='children'>\n\t\t<li class=\"page_item page-item-639 menu-item\"><a href=\"https:\/\/www.dstenerife.eu\/de\/die-schule\/schulgremien\/schulvorstand\/\" class=\"menu-link\">Schulverein und Schulvorstand<\/a><\/li>\n\t\t<li class=\"page_item page-item-641 menu-item\"><a href=\"https:\/\/www.dstenerife.eu\/de\/die-schule\/schulgremien\/kollegium\/\" class=\"menu-link\">Kollegium<\/a><\/li>\n\t\t<li class=\"page_item page-item-645 menu-item\"><a href=\"https:\/\/www.dstenerife.eu\/de\/die-schule\/schulgremien\/verwaltung-und-sekretariat\/\" class=\"menu-link\">Verwaltung und Sekretariat<\/a><\/li>\n\t\t<li class=\"page_item page-item-643 menu-item\"><a href=\"https:\/\/www.dstenerife.eu\/de\/die-schule\/schulgremien\/steuergruppe\/\" class=\"menu-link\">Steuergruppe<\/a><\/li>\n\t\t<li class=\"page_item page-item-653 menu-item\"><a href=\"https:\/\/www.dstenerife.eu\/de\/die-schule\/schulgremien\/betriebsrat\/\" class=\"menu-link\">Betriebsrat<\/a><\/li>\n\t\t<li class=\"page_item page-item-649 menu-item\"><a href=\"https:\/\/www.dstenerife.eu\/de\/die-schule\/schulgremien\/elternbeirat\/\" class=\"menu-link\">Elternbeirat<\/a><\/li>\n\t\t<li class=\"page_item page-item-2943 menu-item\"><a href=\"https:\/\/www.dstenerife.eu\/de\/die-schule\/schulgremien\/ehemalige-schuelerinnen-und-schueler\/\" class=\"menu-link\">Ehemalige Sch\u00fcler*innen<\/a><\/li>\n\t\t<li class=\"page_item page-item-651 menu-item\"><a href=\"https:\/\/www.dstenerife.eu\/de\/die-schule\/schulgremien\/lehrerbeirat\/\" class=\"menu-link\">Lehrerbeirat<\/a><\/li>\n\t\t<li class=\"page_item page-item-635 menu-item\"><a href=\"https:\/\/www.dstenerife.eu\/de\/die-schule\/schulgremien\/schuelervertretung\/\" class=\"menu-link\">Sch\u00fclervertretung<\/a><\/li>\n\t\t<li class=\"page_item page-item-637 menu-item\"><a href=\"https:\/\/www.dstenerife.eu\/de\/die-schule\/schulgremien\/schulleitung\/\" class=\"menu-link\">Schulleitung<\/a><\/li>\n\t<\/ul>\n<\/li>\n\t<li class=\"page_item page-item-27303 menu-item\"><a href=\"https:\/\/www.dstenerife.eu\/de\/die-schule\/https-www-dstenerife-eu-wp-content-uploads-2023-11-organigramm-innerschulisch-2023-24-stand-03-11-2023-1-pdf\/\" class=\"menu-link\">Organigramm (innerschulisch)<\/a><\/li>\n<\/ul>\n<\/li>\n<li class=\"page_item page-item-514 menu-item\"><a href=\"https:\/\/www.dstenerife.eu\/de\/arbeitsgemeinschaften\/\" class=\"menu-link\">Arbeitsgemeinschaften<\/a><\/li>\n<li class=\"page_item page-item-399 page_item_has_children menu-item menu-item-has-children\"><a href=\"https:\/\/www.dstenerife.eu\/de\/serviceinformationen\/\" class=\"menu-link\">Serviceinformationen<\/a>\n<ul class='children'>\n\t<li class=\"page_item page-item-910 menu-item\"><a href=\"https:\/\/www.dstenerife.eu\/de\/serviceinformationen\/aktuelle-stellenangebote\/\" class=\"menu-link\">Stellenangebote<\/a><\/li>\n\t<li class=\"page_item page-item-63369 menu-item\"><a href=\"https:\/\/www.dstenerife.eu\/de\/serviceinformationen\/historische-schulbriefe\/\" class=\"menu-link\">Schulbriefe\/Elternbriefe voriger Schuljahre<\/a><\/li>\n\t<li class=\"page_item page-item-11788 menu-item\"><a href=\"https:\/\/www.dstenerife.eu\/de\/serviceinformationen\/ropa-deportiva-20172018\/\" class=\"menu-link\">Sportkleidung\/Uniform<\/a><\/li>\n\t<li class=\"page_item page-item-38968 page_item_has_children menu-item menu-item-has-children\"><a href=\"https:\/\/www.dstenerife.eu\/de\/serviceinformationen\/oeffentlichkeitsarbeit\/\" class=\"menu-link\">\u00d6ffentlichkeitsarbeit<\/a>\n\t<ul class='children'>\n\t\t<li class=\"page_item page-item-31636 menu-item\"><a href=\"https:\/\/www.dstenerife.eu\/de\/serviceinformationen\/oeffentlichkeitsarbeit\/schulvideos\/\" class=\"menu-link\">Virtueller Rundgang und Schulvideos<\/a><\/li>\n\t\t<li class=\"page_item page-item-19834 menu-item\"><a href=\"https:\/\/www.dstenerife.eu\/de\/serviceinformationen\/oeffentlichkeitsarbeit\/flyer\/\" class=\"menu-link\">Flyer<\/a><\/li>\n\t<\/ul>\n<\/li>\n\t<li class=\"page_item page-item-676 menu-item\"><a href=\"https:\/\/www.dstenerife.eu\/de\/serviceinformationen\/ferienkalender\/\" class=\"menu-link\">Ferienkalender<\/a><\/li>\n\t<li class=\"page_item page-item-670 menu-item\"><a href=\"https:\/\/www.dstenerife.eu\/de\/serviceinformationen\/bustransport\/\" class=\"menu-link\">Bustransport<\/a><\/li>\n\t<li class=\"page_item page-item-680 page_item_has_children menu-item menu-item-has-children\"><a href=\"https:\/\/www.dstenerife.eu\/de\/serviceinformationen\/formulare-und-anmeldung\/\" class=\"menu-link\">Formulare<\/a>\n\t<ul class='children'>\n\t\t<li class=\"page_item page-item-99295 menu-item\"><a href=\"https:\/\/www.dstenerife.eu\/de\/serviceinformationen\/formulare-und-anmeldung\/anmeldung-2025-26-butterbrotklasse-kalte-mahlzeit-zeitplan-1310-1340-uhr\/\" class=\"menu-link\">Anmeldung 2025\/26 Butterbrotklasse (kalte Mahlzeit) Zeitplan 13:10 \u2013 13:40 Uhr<\/a><\/li>\n\t\t<li class=\"page_item page-item-99297 menu-item\"><a href=\"https:\/\/www.dstenerife.eu\/de\/serviceinformationen\/formulare-und-anmeldung\/anmeldung-einzelne-tage-butterbrotklasse-zeitplan-1310-1340-uhr\/\" class=\"menu-link\">Anmeldung \u201eEinzelne Tage\u201c Butterbrotklasse Zeitplan 13:10 \u2013 13:40 Uhr<\/a><\/li>\n\t<\/ul>\n<\/li>\n\t<li class=\"page_item page-item-3151 menu-item\"><a href=\"https:\/\/www.dstenerife.eu\/de\/serviceinformationen\/vorgehensweise-bei-einem-unfall\/\" class=\"menu-link\">Vorgehensweise bei einem Unfall<\/a><\/li>\n\t<li class=\"page_item page-item-33664 menu-item\"><a href=\"https:\/\/www.dstenerife.eu\/de\/serviceinformationen\/demnaechst\/\" class=\"menu-link\">Demn\u00e4chst Events als Liste Chronologisch<\/a><\/li>\n\t<li class=\"page_item page-item-682 menu-item\"><a href=\"https:\/\/www.dstenerife.eu\/de\/serviceinformationen\/schulbuecher\/\" class=\"menu-link\">Schulb\u00fccher 2025-26<\/a><\/li>\n\t<li class=\"page_item page-item-30814 menu-item\"><a href=\"https:\/\/www.dstenerife.eu\/de\/serviceinformationen\/aktuelle-schulbriefe\/\" class=\"menu-link\">Schulbriefe\/Elternbriefe<\/a><\/li>\n\t<li class=\"page_item page-item-38956 menu-item\"><a href=\"https:\/\/www.dstenerife.eu\/de\/serviceinformationen\/oeffnungszeiten\/\" class=\"menu-link\">\u00d6ffnungszeiten<\/a><\/li>\n\t<li class=\"page_item page-item-38960 menu-item\"><a href=\"https:\/\/www.dstenerife.eu\/de\/serviceinformationen\/angebote-fuer-neue-schuelerinnen\/\" class=\"menu-link\">Angebote f\u00fcr neue Sch\u00fcler*innen<\/a><\/li>\n\t<li class=\"page_item page-item-29668 menu-item\"><a href=\"https:\/\/www.dstenerife.eu\/de\/serviceinformationen\/anmeldung-und-kosten-2020\/\" class=\"menu-link\">Anmeldung und Kosten<\/a><\/li>\n\t<li class=\"page_item page-item-672 page_item_has_children menu-item menu-item-has-children\"><a href=\"https:\/\/www.dstenerife.eu\/de\/serviceinformationen\/einrichtungen\/\" class=\"menu-link\">Einrichtungen<\/a>\n\t<ul class='children'>\n\t\t<li class=\"page_item page-item-684 menu-item\"><a href=\"https:\/\/www.dstenerife.eu\/de\/serviceinformationen\/einrichtungen\/speiseplan-mensa\/\" class=\"menu-link\">Mensa<\/a><\/li>\n\t\t<li class=\"page_item page-item-1456 menu-item\"><a href=\"https:\/\/www.dstenerife.eu\/de\/serviceinformationen\/einrichtungen\/bibliothek\/\" class=\"menu-link\">Bibliothek<\/a><\/li>\n\t\t<li class=\"page_item page-item-2652 menu-item\"><a href=\"https:\/\/www.dstenerife.eu\/de\/serviceinformationen\/einrichtungen\/schulpsychologin\/\" class=\"menu-link\">Schulpsychologie<\/a><\/li>\n\t\t<li class=\"page_item page-item-13675 page_item_has_children menu-item menu-item-has-children\"><a href=\"https:\/\/www.dstenerife.eu\/de\/serviceinformationen\/einrichtungen\/goethe-institut\/\" class=\"menu-link\">Pr\u00fcfungszentrum Goethe-Institut<\/a>\n\t\t<ul class='children'>\n\t\t\t<li class=\"page_item page-item-87054 menu-item\"><a href=\"https:\/\/www.dstenerife.eu\/de\/serviceinformationen\/einrichtungen\/goethe-institut\/goethe-anmeldeform\/\" class=\"menu-link\">Goethe Anmeldeform<\/a><\/li>\n\t\t<\/ul>\n<\/li>\n\t\t<li class=\"page_item page-item-32176 menu-item\"><a href=\"https:\/\/www.dstenerife.eu\/de\/serviceinformationen\/einrichtungen\/krankenzimmer\/\" class=\"menu-link\">Krankenstation<\/a><\/li>\n\t<\/ul>\n<\/li>\n\t<li class=\"page_item page-item-668 menu-item\"><a href=\"https:\/\/www.dstenerife.eu\/de\/serviceinformationen\/unterrichtszeiten\/\" class=\"menu-link\">Unterrichtszeiten<\/a><\/li>\n\t<li class=\"page_item page-item-2828 page_item_has_children menu-item menu-item-has-children\"><a href=\"https:\/\/www.dstenerife.eu\/de\/serviceinformationen\/anmeldung-und-kosten\/\" class=\"menu-link\">Anmeldung und Kosten<\/a>\n\t<ul class='children'>\n\t\t<li class=\"page_item page-item-10977 menu-item\"><a href=\"https:\/\/www.dstenerife.eu\/de\/serviceinformationen\/anmeldung-und-kosten\/schulgeldermaessigung\/\" class=\"menu-link\">Schulgelderm\u00e4\u00dfigung<\/a><\/li>\n\t<\/ul>\n<\/li>\n\t<li class=\"page_item page-item-31002 menu-item\"><a href=\"https:\/\/www.dstenerife.eu\/de\/serviceinformationen\/nachmittagsbetreuung\/\" class=\"menu-link\">Nachmittagsangebote und Ganztagsschule<\/a><\/li>\n\t<li class=\"page_item page-item-30818 page_item_has_children menu-item menu-item-has-children\"><a href=\"https:\/\/www.dstenerife.eu\/de\/serviceinformationen\/sprechstunden\/\" class=\"menu-link\">Sprechstunden<\/a>\n\t<ul class='children'>\n\t\t<li class=\"page_item page-item-59751 menu-item\"><a href=\"https:\/\/www.dstenerife.eu\/de\/serviceinformationen\/sprechstunden\/elternsprechtag\/\" class=\"menu-link\">Elternsprechtag 2026<\/a><\/li>\n\t<\/ul>\n<\/li>\n\t<li class=\"page_item page-item-88652 menu-item\"><a href=\"https:\/\/www.dstenerife.eu\/de\/serviceinformationen\/option-butterbrotessen\/\" class=\"menu-link\">Option: Butterbrotessen<\/a><\/li>\n<\/ul>\n<\/li>\n<li class=\"page_item page-item-401 page_item_has_children menu-item menu-item-has-children\"><a href=\"https:\/\/www.dstenerife.eu\/de\/kikri-und-kindergarten-2\/\" class=\"menu-link\">Kikri und Kindergarten<\/a>\n<ul class='children'>\n\t<li class=\"page_item page-item-66351 page_item_has_children menu-item menu-item-has-children\"><a href=\"https:\/\/www.dstenerife.eu\/de\/kikri-und-kindergarten-2\/unsere-gruppen-im-kindergarten\/\" class=\"menu-link\">Unsere Gruppen im Kindergarten<\/a>\n\t<ul class='children'>\n\t\t<li class=\"page_item page-item-66433 menu-item\"><a href=\"https:\/\/www.dstenerife.eu\/de\/kikri-und-kindergarten-2\/unsere-gruppen-im-kindergarten\/kuekengruppe\/\" class=\"menu-link\">K\u00fckengruppe<\/a><\/li>\n\t\t<li class=\"page_item page-item-66438 menu-item\"><a href=\"https:\/\/www.dstenerife.eu\/de\/kikri-und-kindergarten-2\/unsere-gruppen-im-kindergarten\/sonnengruppe\/\" class=\"menu-link\">Sonnengruppe<\/a><\/li>\n\t\t<li class=\"page_item page-item-66440 menu-item\"><a href=\"https:\/\/www.dstenerife.eu\/de\/kikri-und-kindergarten-2\/unsere-gruppen-im-kindergarten\/zwergengruppe\/\" class=\"menu-link\">Zwergengruppe<\/a><\/li>\n\t\t<li class=\"page_item page-item-66446 menu-item\"><a href=\"https:\/\/www.dstenerife.eu\/de\/kikri-und-kindergarten-2\/unsere-gruppen-im-kindergarten\/orangene-gruppe\/\" class=\"menu-link\">Orangene Gruppe<\/a><\/li>\n\t\t<li class=\"page_item page-item-66451 menu-item\"><a href=\"https:\/\/www.dstenerife.eu\/de\/kikri-und-kindergarten-2\/unsere-gruppen-im-kindergarten\/gelbe-gruppe\/\" class=\"menu-link\">Gelbe Gruppe<\/a><\/li>\n\t\t<li class=\"page_item page-item-66457 menu-item\"><a href=\"https:\/\/www.dstenerife.eu\/de\/kikri-und-kindergarten-2\/unsere-gruppen-im-kindergarten\/gruene-gruppe\/\" class=\"menu-link\">Gr\u00fcne Gruppe<\/a><\/li>\n\t\t<li class=\"page_item page-item-66463 menu-item\"><a href=\"https:\/\/www.dstenerife.eu\/de\/kikri-und-kindergarten-2\/unsere-gruppen-im-kindergarten\/hellblaue-gruppe\/\" class=\"menu-link\">Hellblaue Gruppe<\/a><\/li>\n\t\t<li class=\"page_item page-item-66468 menu-item\"><a href=\"https:\/\/www.dstenerife.eu\/de\/kikri-und-kindergarten-2\/unsere-gruppen-im-kindergarten\/dunkelblaue-gruppe\/\" class=\"menu-link\">Dunkelblaue Gruppe<\/a><\/li>\n\t\t<li class=\"page_item page-item-66473 menu-item\"><a href=\"https:\/\/www.dstenerife.eu\/de\/kikri-und-kindergarten-2\/unsere-gruppen-im-kindergarten\/lila-gruppe\/\" class=\"menu-link\">Lila Gruppe<\/a><\/li>\n\t\t<li class=\"page_item page-item-66478 menu-item\"><a href=\"https:\/\/www.dstenerife.eu\/de\/kikri-und-kindergarten-2\/unsere-gruppen-im-kindergarten\/k3\/\" class=\"menu-link\">K3+<\/a><\/li>\n\t<\/ul>\n<\/li>\n\t<li class=\"page_item page-item-49564 menu-item\"><a href=\"https:\/\/www.dstenerife.eu\/de\/kikri-und-kindergarten-2\/konzept-pdf\/\" class=\"menu-link\">Konzept (PDF)<\/a><\/li>\n\t<li class=\"page_item page-item-65651 menu-item\"><a href=\"https:\/\/www.dstenerife.eu\/de\/kikri-und-kindergarten-2\/anmeldung-fuer-kikri-1-kuekengruppe\/\" class=\"menu-link\">Anmeldung f\u00fcr KiKri 1 \u201eK\u00fckengruppe\u201c<\/a><\/li>\n\t<li class=\"page_item page-item-66787 menu-item\"><a href=\"https:\/\/www.dstenerife.eu\/de\/kikri-und-kindergarten-2\/formular-kg-anmeldung\/\" class=\"menu-link\">Formular KG Anmeldung<\/a><\/li>\n\t<li class=\"page_item page-item-66821 menu-item\"><a href=\"https:\/\/www.dstenerife.eu\/de\/kikri-und-kindergarten-2\/gracias-por-su-mensaje\/\" class=\"menu-link\">Danke f\u00fcr die Nachricht<\/a><\/li>\n\t<li class=\"page_item page-item-70187 menu-item\"><a href=\"https:\/\/www.dstenerife.eu\/de\/kikri-und-kindergarten-2\/sommercamp-kindergarten\/\" class=\"menu-link\">Sommercamp Kindergarten<\/a><\/li>\n\t<li class=\"page_item page-item-748 menu-item\"><a href=\"https:\/\/www.dstenerife.eu\/de\/kikri-und-kindergarten-2\/ansprechpartner\/\" class=\"menu-link\">Ansprechpartner im Kindergarten<\/a><\/li>\n\t<li class=\"page_item page-item-756 menu-item\"><a href=\"https:\/\/www.dstenerife.eu\/de\/kikri-und-kindergarten-2\/informationen-fuer-eltern\/\" class=\"menu-link\">Informationen f\u00fcr Eltern<\/a><\/li>\n\t<li class=\"page_item page-item-750 menu-item\"><a href=\"https:\/\/www.dstenerife.eu\/de\/kikri-und-kindergarten-2\/praktikum-in-der-vorschule\/\" class=\"menu-link\">Praktikum im Kindergarten<\/a><\/li>\n\t<li class=\"page_item page-item-1606 menu-item\"><a href=\"https:\/\/www.dstenerife.eu\/de\/kikri-und-kindergarten-2\/die-entstehung-der-vorschule\/\" class=\"menu-link\">Die Entstehung des Kindergartens<\/a><\/li>\n\t<li class=\"page_item page-item-795 menu-item\"><a href=\"https:\/\/www.dstenerife.eu\/de\/kikri-und-kindergarten-2\/ziele-unserer-arbeit\/\" class=\"menu-link\">Ziele unserer Arbeit KIGA<\/a><\/li>\n\t<li class=\"page_item page-item-28575 menu-item\"><a href=\"https:\/\/www.dstenerife.eu\/de\/kikri-und-kindergarten-2\/materila-zur-haeuslichen-arbeit-im-kindergarten-waehrend-der-schulschliessung\/\" class=\"menu-link\">Material zur h\u00e4uslichen Arbeit im Kindergarten f\u00fcr den Zeitraum der Schulschlie\u00dfung<\/a><\/li>\n\t<li class=\"page_item page-item-752 menu-item\"><a href=\"https:\/\/www.dstenerife.eu\/de\/kikri-und-kindergarten-2\/kinderkrippe-kikri\/\" class=\"menu-link\">Kinderkrippe KiKri<\/a><\/li>\n\t<li class=\"page_item page-item-754 menu-item\"><a href=\"https:\/\/www.dstenerife.eu\/de\/kikri-und-kindergarten-2\/kindergarten-regenbogen\/\" class=\"menu-link\">Kindergarten Regenbogen<\/a><\/li>\n\t<li class=\"page_item page-item-746 menu-item\"><a href=\"https:\/\/www.dstenerife.eu\/de\/kikri-und-kindergarten-2\/anmeldung-und-kosten\/\" class=\"menu-link\">Anmeldung und Kosten KG<\/a><\/li>\n\t<li class=\"page_item page-item-28460 menu-item\"><a href=\"https:\/\/www.dstenerife.eu\/de\/kikri-und-kindergarten-2\/deutschkonzept-im-kindergarten\/\" class=\"menu-link\">Deutschkonzept im Kindergarten<\/a><\/li>\n\t<li class=\"page_item page-item-28454 menu-item\"><a href=\"https:\/\/www.dstenerife.eu\/de\/kikri-und-kindergarten-2\/unterstuetzungsangebote-im-kindergarten\/\" class=\"menu-link\">Unterst\u00fctzungsangebote im Kindergarten<\/a><\/li>\n\t<li class=\"page_item page-item-26746 menu-item\"><a href=\"https:\/\/www.dstenerife.eu\/de\/kikri-und-kindergarten-2\/deutsch-durchgaengig-kiga\/\" class=\"menu-link\">Deutsch durchg\u00e4ngig &#8211; KIGA<\/a><\/li>\n\t<li class=\"page_item page-item-27201 menu-item\"><a href=\"https:\/\/www.dstenerife.eu\/de\/kikri-und-kindergarten-2\/deutsch-durchgaengig-kiga-gs\/\" class=\"menu-link\">Deutsch durchg\u00e4ngig &#8211; KIGA-GS<\/a><\/li>\n\t<li class=\"page_item page-item-28452 menu-item\"><a href=\"https:\/\/www.dstenerife.eu\/de\/kikri-und-kindergarten-2\/feststellung-sprachstand-im-kindergarten\/\" class=\"menu-link\">Feststellung Sprachstand im Kindergarten<\/a><\/li>\n\t<li class=\"page_item page-item-34240 menu-item\"><a href=\"https:\/\/www.dstenerife.eu\/de\/kikri-und-kindergarten-2\/uebergang-kindergarten-grundschule\/\" class=\"menu-link\">\u00dcbergang Kindergarten Grundschule<\/a><\/li>\n<\/ul>\n<\/li>\n<li class=\"page_item page-item-402 page_item_has_children menu-item menu-item-has-children\"><a href=\"https:\/\/www.dstenerife.eu\/de\/primarstufe\/\" class=\"menu-link\">Grundschule<\/a>\n<ul class='children'>\n\t<li class=\"page_item page-item-2323 menu-item\"><a href=\"https:\/\/www.dstenerife.eu\/de\/primarstufe\/elterninfosgs\/\" class=\"menu-link\">Informationen f\u00fcr die Eltern<\/a><\/li>\n\t<li class=\"page_item page-item-70119 menu-item\"><a href=\"https:\/\/www.dstenerife.eu\/de\/primarstufe\/sommercamp\/\" class=\"menu-link\">Sommercamp Juli 2025<\/a><\/li>\n\t<li class=\"page_item page-item-705 menu-item\"><a href=\"https:\/\/www.dstenerife.eu\/de\/primarstufe\/lehrer\/\" class=\"menu-link\">Lehrkraft in der Grundschule<\/a><\/li>\n\t<li class=\"page_item page-item-37331 menu-item\"><a href=\"https:\/\/www.dstenerife.eu\/de\/primarstufe\/praktikum-grundschule\/\" class=\"menu-link\">Praktikum Grundschule<\/a><\/li>\n\t<li class=\"page_item page-item-6099 page_item_has_children menu-item menu-item-has-children\"><a href=\"https:\/\/www.dstenerife.eu\/de\/primarstufe\/konzeptionen-der-grundschule\/\" class=\"menu-link\">Konzeptionen der Grundschule<\/a>\n\t<ul class='children'>\n\t\t<li class=\"page_item page-item-12832 menu-item\"><a href=\"https:\/\/www.dstenerife.eu\/de\/primarstufe\/konzeptionen-der-grundschule\/abc-grundschule\/\" class=\"menu-link\">ABC Grundschule<\/a><\/li>\n\t\t<li class=\"page_item page-item-27232 menu-item\"><a href=\"https:\/\/www.dstenerife.eu\/de\/primarstufe\/konzeptionen-der-grundschule\/feststellung-sprachstand-in-der-grundschule\/\" class=\"menu-link\">Feststellung Sprachstand in der Grundschule<\/a><\/li>\n\t\t<li class=\"page_item page-item-27220 menu-item\"><a href=\"https:\/\/www.dstenerife.eu\/de\/primarstufe\/konzeptionen-der-grundschule\/deutschcurriculum-der-grundschule\/\" class=\"menu-link\">Deutschcurriculum der Grundschule<\/a><\/li>\n\t\t<li class=\"page_item page-item-26709 menu-item\"><a href=\"https:\/\/www.dstenerife.eu\/de\/primarstufe\/konzeptionen-der-grundschule\/deutsch-durchgaengig-grundschule\/\" class=\"menu-link\">Deutsch durchg\u00e4ngig &#8211; Grundschule<\/a><\/li>\n\t<\/ul>\n<\/li>\n\t<li class=\"page_item page-item-6106 menu-item\"><a href=\"https:\/\/www.dstenerife.eu\/de\/primarstufe\/lektuereempfehlungen\/\" class=\"menu-link\">Lesef\u00f6rderung Antolin<\/a><\/li>\n\t<li class=\"page_item page-item-4883 menu-item\"><a href=\"https:\/\/www.dstenerife.eu\/de\/primarstufe\/unterrichtsfaecher-grundschule\/\" class=\"menu-link\">Unterrichtsf\u00e4cher Grundschule<\/a><\/li>\n\t<li class=\"page_item page-item-39045 menu-item\"><a href=\"https:\/\/www.dstenerife.eu\/de\/primarstufe\/stundentafel-gs\/\" class=\"menu-link\">Stundentafel in der Grundschule<\/a><\/li>\n\t<li class=\"page_item page-item-11717 menu-item\"><a href=\"https:\/\/www.dstenerife.eu\/de\/primarstufe\/zeugnisse\/\" class=\"menu-link\">Zeugnisse<\/a><\/li>\n\t<li class=\"page_item page-item-27045 menu-item\"><a href=\"https:\/\/www.dstenerife.eu\/de\/primarstufe\/unterstuetzungsangebote-in-der-grundschule\/\" class=\"menu-link\">Unterst\u00fctzungsangebote in der Grundschule<\/a><\/li>\n\t<li class=\"page_item page-item-27204 menu-item\"><a href=\"https:\/\/www.dstenerife.eu\/de\/primarstufe\/deutschkonzept-in-der-grundschule\/\" class=\"menu-link\">Deutschkonzept in der Grundschule<\/a><\/li>\n\t<li class=\"page_item page-item-34307 menu-item\"><a href=\"https:\/\/www.dstenerife.eu\/de\/primarstufe\/deutschsprachiger-fachunterricht-dfu-in-der-grundschule\/\" class=\"menu-link\">Deutschsprachiger Fachunterricht (DFU) in der Grundschule<\/a><\/li>\n<\/ul>\n<\/li>\n<li class=\"page_item page-item-403 page_item_has_children menu-item menu-item-has-children\"><a href=\"https:\/\/www.dstenerife.eu\/de\/sekundarstufe-i-und-ii\/\" class=\"menu-link\">Sekundarstufe I und II<\/a>\n<ul class='children'>\n\t<li class=\"page_item page-item-59148 menu-item\"><a href=\"https:\/\/www.dstenerife.eu\/de\/sekundarstufe-i-und-ii\/das-sind-wir\/\" class=\"menu-link\">Das sind wir<\/a><\/li>\n\t<li class=\"page_item page-item-63585 menu-item\"><a href=\"https:\/\/www.dstenerife.eu\/de\/sekundarstufe-i-und-ii\/sek-deutsch-dfu\/\" class=\"menu-link\">Deutsch\/DFU Konzept<\/a><\/li>\n\t<li class=\"page_item page-item-39073 page_item_has_children menu-item menu-item-has-children\"><a href=\"https:\/\/www.dstenerife.eu\/de\/sekundarstufe-i-und-ii\/abteilungen-sek\/\" class=\"menu-link\">Abteilungen<\/a>\n\t<ul class='children'>\n\t\t<li class=\"page_item page-item-13659 menu-item\"><a href=\"https:\/\/www.dstenerife.eu\/de\/sekundarstufe-i-und-ii\/abteilungen-sek\/zentrale-klassenarbeiten\/\" class=\"menu-link\">Zentrale Klassenarbeiten f\u00fcr die Sekundarstufe I<\/a><\/li>\n\t\t<li class=\"page_item page-item-1484 menu-item\"><a href=\"https:\/\/www.dstenerife.eu\/de\/sekundarstufe-i-und-ii\/abteilungen-sek\/mittelstufe\/\" class=\"menu-link\">Mittelstufe<\/a><\/li>\n\t\t<li class=\"page_item page-item-1481 menu-item\"><a href=\"https:\/\/www.dstenerife.eu\/de\/sekundarstufe-i-und-ii\/abteilungen-sek\/orientierungsstufe\/\" class=\"menu-link\">Orientierungsstufe<\/a><\/li>\n\t\t<li class=\"page_item page-item-1487 menu-item\"><a href=\"https:\/\/www.dstenerife.eu\/de\/sekundarstufe-i-und-ii\/abteilungen-sek\/oberstufe\/\" class=\"menu-link\">Oberstufe<\/a><\/li>\n\t\t<li class=\"page_item page-item-48092 menu-item\"><a href=\"https:\/\/www.dstenerife.eu\/de\/sekundarstufe-i-und-ii\/abteilungen-sek\/spanische-akademische-orientierung\/\" class=\"menu-link\">Spanische akademische Orientierung<\/a><\/li>\n\t<\/ul>\n<\/li>\n\t<li class=\"page_item page-item-12516 menu-item\"><a href=\"https:\/\/www.dstenerife.eu\/de\/sekundarstufe-i-und-ii\/herzlich-willkommen-in-der-sekundarstufe\/\" class=\"menu-link\">Informationen f\u00fcr die Eltern<\/a><\/li>\n\t<li class=\"page_item page-item-37333 menu-item\"><a href=\"https:\/\/www.dstenerife.eu\/de\/sekundarstufe-i-und-ii\/praktikum-sekundarstufe\/\" class=\"menu-link\">Praktikum Sekundarstufe<\/a><\/li>\n\t<li class=\"page_item page-item-628 page_item_has_children menu-item menu-item-has-children\"><a href=\"https:\/\/www.dstenerife.eu\/de\/sekundarstufe-i-und-ii\/unterrichtsfaecher-sekundarstufe\/\" class=\"menu-link\">Unterrichtsf\u00e4cher Sekundarstufe<\/a>\n\t<ul class='children'>\n\t\t<li class=\"page_item page-item-3300 menu-item\"><a href=\"https:\/\/www.dstenerife.eu\/de\/sekundarstufe-i-und-ii\/unterrichtsfaecher-sekundarstufe\/musik\/\" class=\"menu-link\">Musik<\/a><\/li>\n\t\t<li class=\"page_item page-item-5772 menu-item\"><a href=\"https:\/\/www.dstenerife.eu\/de\/sekundarstufe-i-und-ii\/unterrichtsfaecher-sekundarstufe\/philosophie\/\" class=\"menu-link\">Philosophie<\/a><\/li>\n\t\t<li class=\"page_item page-item-6129 menu-item\"><a href=\"https:\/\/www.dstenerife.eu\/de\/sekundarstufe-i-und-ii\/unterrichtsfaecher-sekundarstufe\/sport\/\" class=\"menu-link\">Sport<\/a><\/li>\n\t\t<li class=\"page_item page-item-10733 menu-item\"><a href=\"https:\/\/www.dstenerife.eu\/de\/sekundarstufe-i-und-ii\/unterrichtsfaecher-sekundarstufe\/espanol\/\" class=\"menu-link\">Fach: Spanisch<\/a><\/li>\n\t\t<li class=\"page_item page-item-72448 menu-item\"><a href=\"https:\/\/www.dstenerife.eu\/de\/sekundarstufe-i-und-ii\/unterrichtsfaecher-sekundarstufe\/geschichte\/\" class=\"menu-link\">Geschichte (auf Deutsch)<\/a><\/li>\n\t\t<li class=\"page_item page-item-1688 menu-item\"><a href=\"https:\/\/www.dstenerife.eu\/de\/sekundarstufe-i-und-ii\/unterrichtsfaecher-sekundarstufe\/natur-technik-informatik-nti\/\" class=\"menu-link\">Naturwissenschaft und Technik (NWT)<\/a><\/li>\n\t\t<li class=\"page_item page-item-1803 page_item_has_children menu-item menu-item-has-children\"><a href=\"https:\/\/www.dstenerife.eu\/de\/sekundarstufe-i-und-ii\/unterrichtsfaecher-sekundarstufe\/fach-deutsch\/\" class=\"menu-link\">Fach: Deutsch<\/a>\n\t\t<ul class='children'>\n\t\t\t<li class=\"page_item page-item-39876 menu-item\"><a href=\"https:\/\/www.dstenerife.eu\/de\/sekundarstufe-i-und-ii\/unterrichtsfaecher-sekundarstufe\/fach-deutsch\/lernangebote-deutsch-zuhause\/\" class=\"menu-link\">Lernangebote Deutsch zuhause<\/a><\/li>\n\t\t<\/ul>\n<\/li>\n\t\t<li class=\"page_item page-item-1806 menu-item\"><a href=\"https:\/\/www.dstenerife.eu\/de\/sekundarstufe-i-und-ii\/unterrichtsfaecher-sekundarstufe\/erdkunde\/\" class=\"menu-link\">Geographie<\/a><\/li>\n\t\t<li class=\"page_item page-item-1858 menu-item\"><a href=\"https:\/\/www.dstenerife.eu\/de\/sekundarstufe-i-und-ii\/unterrichtsfaecher-sekundarstufe\/kunst\/\" class=\"menu-link\">Kunst<\/a><\/li>\n\t\t<li class=\"page_item page-item-1787 menu-item\"><a href=\"https:\/\/www.dstenerife.eu\/de\/sekundarstufe-i-und-ii\/unterrichtsfaecher-sekundarstufe\/biologie\/\" class=\"menu-link\">Biologie<\/a><\/li>\n\t\t<li class=\"page_item page-item-1684 menu-item\"><a href=\"https:\/\/www.dstenerife.eu\/de\/sekundarstufe-i-und-ii\/unterrichtsfaecher-sekundarstufe\/mathematik\/\" class=\"menu-link\">Mathematik<\/a><\/li>\n\t\t<li class=\"page_item page-item-1775 menu-item\"><a href=\"https:\/\/www.dstenerife.eu\/de\/sekundarstufe-i-und-ii\/unterrichtsfaecher-sekundarstufe\/franzoesisch\/\" class=\"menu-link\">Franz\u00f6sisch<\/a><\/li>\n\t\t<li class=\"page_item page-item-1614 menu-item\"><a href=\"https:\/\/www.dstenerife.eu\/de\/sekundarstufe-i-und-ii\/unterrichtsfaecher-sekundarstufe\/englisch\/\" class=\"menu-link\">Englisch<\/a><\/li>\n\t\t<li class=\"page_item page-item-6133 menu-item\"><a href=\"https:\/\/www.dstenerife.eu\/de\/sekundarstufe-i-und-ii\/unterrichtsfaecher-sekundarstufe\/informatik\/\" class=\"menu-link\">Informatik<\/a><\/li>\n\t\t<li class=\"page_item page-item-1818 menu-item\"><a href=\"https:\/\/www.dstenerife.eu\/de\/sekundarstufe-i-und-ii\/unterrichtsfaecher-sekundarstufe\/ethik\/\" class=\"menu-link\">Ethik<\/a><\/li>\n\t\t<li class=\"page_item page-item-1795 menu-item\"><a href=\"https:\/\/www.dstenerife.eu\/de\/sekundarstufe-i-und-ii\/unterrichtsfaecher-sekundarstufe\/chemie\/\" class=\"menu-link\">Chemie<\/a><\/li>\n\t\t<li class=\"page_item page-item-2455 menu-item\"><a href=\"https:\/\/www.dstenerife.eu\/de\/sekundarstufe-i-und-ii\/unterrichtsfaecher-sekundarstufe\/physik\/\" class=\"menu-link\">Physik<\/a><\/li>\n\t\t<li class=\"page_item page-item-1680 menu-item\"><a href=\"https:\/\/www.dstenerife.eu\/de\/sekundarstufe-i-und-ii\/unterrichtsfaecher-sekundarstufe\/religion\/\" class=\"menu-link\">Religion<\/a><\/li>\n\t\t<li class=\"page_item page-item-1834 menu-item\"><a href=\"https:\/\/www.dstenerife.eu\/de\/sekundarstufe-i-und-ii\/unterrichtsfaecher-sekundarstufe\/ciencias-sociales\/\" class=\"menu-link\">Ciencias sociales<\/a><\/li>\n\t<\/ul>\n<\/li>\n\t<li class=\"page_item page-item-871 menu-item\"><a href=\"https:\/\/www.dstenerife.eu\/de\/sekundarstufe-i-und-ii\/studien-und-berufsorientierung\/\" class=\"menu-link\">Studien- und Berufsorientierung<\/a><\/li>\n\t<li class=\"page_item page-item-723 menu-item\"><a href=\"https:\/\/www.dstenerife.eu\/de\/sekundarstufe-i-und-ii\/stundentafel\/\" class=\"menu-link\">Stundentafel<\/a><\/li>\n\t<li class=\"page_item page-item-27480 menu-item\"><a href=\"https:\/\/www.dstenerife.eu\/de\/sekundarstufe-i-und-ii\/unterstuetzungsangebote-in-der-sekundarstufe\/\" class=\"menu-link\">Unterst\u00fctzungsangebote in der Sekundarstufe<\/a><\/li>\n\t<li class=\"page_item page-item-27774 menu-item\"><a href=\"https:\/\/www.dstenerife.eu\/de\/sekundarstufe-i-und-ii\/deutschkonzept-in-der-sekundarstufe\/\" class=\"menu-link\">Deutschkonzept in der Sekundarstufe<\/a><\/li>\n\t<li class=\"page_item page-item-27778 menu-item\"><a href=\"https:\/\/www.dstenerife.eu\/de\/sekundarstufe-i-und-ii\/feststellung-sprachstand-in-der-sekundarstufe\/\" class=\"menu-link\">Feststellung Sprachstand in der Sekundarstufe<\/a><\/li>\n\t<li class=\"page_item page-item-30317 menu-item\"><a href=\"https:\/\/www.dstenerife.eu\/de\/sekundarstufe-i-und-ii\/uebergang-in-die-sekundarstufe\/\" class=\"menu-link\">\u00dcbergang in die Sekundarstufe<\/a><\/li>\n<\/ul>\n<\/li>\n<li class=\"page_item page-item-34692 menu-item\"><a href=\"https:\/\/www.dstenerife.eu\/de\/account\/\" class=\"menu-link\">Account<\/a><\/li>\n<li class=\"page_item page-item-42450 menu-item\"><a href=\"https:\/\/www.dstenerife.eu\/de\/home__trashed\/elementor-seite-deutsch-mit-wpml-auf-spanisch-uebersetzen\/\" class=\"menu-link\">Elementor Seite Deutsch mit WPML auf Spanisch \u00fcbersetzen<\/a><\/li>\n<\/ul>\n<\/div><br \/>\nTo display the pages sorted by menu order. Possible values are: &#8218;post_title&#8216;, &#8218;menu_order&#8216;, &#8218;post_date&#8216;, &#8218;post_modified&#8216;, &#8218;ID&#8216;, &#8218;post_author&#8216;, &#8218;post_name&#8216;.<\/p>\n","protected":false},"excerpt":{"rendered":"<p>Diese Sitemap soll uns helfen die Seitenstruktur zu optimieren. To display the pages sorted by menu [&hellip;]<\/p>\n","protected":false},"author":15,"featured_media":0,"parent":0,"menu_order":0,"comment_status":"closed","ping_status":"closed","template":"","meta":{"site-sidebar-layout":"default","site-content-layout":"default","ast-site-content-layout":"default","site-content-style":"default","site-sidebar-style":"default","ast-global-header-display":"","ast-banner-title-visibility":"","ast-main-header-display":"","ast-hfb-above-header-display":"","ast-hfb-below-header-display":"","ast-hfb-mobile-header-display":"","site-post-title":"","ast-breadcrumbs-content":"","ast-featured-img":"","footer-sml-layout":"","ast-disable-related-posts":"","theme-transparent-header-meta":"default","adv-header-id-meta":"","stick-header-meta":"default","header-above-stick-meta":"","header-main-stick-meta":"","header-below-stick-meta":"","astra-migrate-meta-layouts":"default","ast-page-background-enabled":"default","ast-page-background-meta":{"desktop":{"background-color":"","background-image":"","background-repeat":"repeat","background-position":"center center","background-size":"auto","background-attachment":"scroll","background-type":"","background-media":"","overlay-type":"","overlay-color":"","overlay-opacity":"","overlay-gradient":""},"tablet":{"background-color":"","background-image":"","background-repeat":"repeat","background-position":"center center","background-size":"auto","background-attachment":"scroll","background-type":"","background-media":"","overlay-type":"","overlay-color":"","overlay-opacity":"","overlay-gradient":""},"mobile":{"background-color":"","background-image":"","background-repeat":"repeat","background-position":"center center","background-size":"auto","background-attachment":"scroll","background-type":"","background-media":"","overlay-type":"","overlay-color":"","overlay-opacity":"","overlay-gradient":""}},"ast-content-background-meta":{"desktop":{"background-color":"var(--ast-global-color-5)","background-image":"","background-repeat":"repeat","background-position":"center center","background-size":"auto","background-attachment":"scroll","background-type":"","background-media":"","overlay-type":"","overlay-color":"","overlay-opacity":"","overlay-gradient":""},"tablet":{"background-color":"var(--ast-global-color-5)","background-image":"","background-repeat":"repeat","background-position":"center center","background-size":"auto","background-attachment":"scroll","background-type":"","background-media":"","overlay-type":"","overlay-color":"","overlay-opacity":"","overlay-gradient":""},"mobile":{"background-color":"var(--ast-global-color-5)","background-image":"","background-repeat":"repeat","background-position":"center center","background-size":"auto","background-attachment":"scroll","background-type":"","background-media":"","overlay-type":"","overlay-color":"","overlay-opacity":"","overlay-gradient":""}},"_jet_sm_ready_style":"","_jet_sm_style":"","_jet_sm_controls_values":"","_jet_sm_fonts_collection":"","_jet_sm_fonts_links":"","footnotes":""},"schlagwortedst":[],"wf_page_folders":[],"class_list":["post-37451","page","type-page","status-publish","hentry"],"_links":{"self":[{"href":"https:\/\/www.dstenerife.eu\/de\/wp-json\/wp\/v2\/pages\/37451","targetHints":{"allow":["GET"]}}],"collection":[{"href":"https:\/\/www.dstenerife.eu\/de\/wp-json\/wp\/v2\/pages"}],"about":[{"href":"https:\/\/www.dstenerife.eu\/de\/wp-json\/wp\/v2\/types\/page"}],"author":[{"embeddable":true,"href":"https:\/\/www.dstenerife.eu\/de\/wp-json\/wp\/v2\/users\/15"}],"replies":[{"embeddable":true,"href":"https:\/\/www.dstenerife.eu\/de\/wp-json\/wp\/v2\/comments?post=37451"}],"version-history":[{"count":0,"href":"https:\/\/www.dstenerife.eu\/de\/wp-json\/wp\/v2\/pages\/37451\/revisions"}],"wp:attachment":[{"href":"https:\/\/www.dstenerife.eu\/de\/wp-json\/wp\/v2\/media?parent=37451"}],"wp:term":[{"taxonomy":"schlagwortedst","embeddable":true,"href":"https:\/\/www.dstenerife.eu\/de\/wp-json\/wp\/v2\/schlagwortedst?post=37451"},{"taxonomy":"wf_page_folders","embeddable":true,"href":"https:\/\/www.dstenerife.eu\/de\/wp-json\/wp\/v2\/wf_page_folders?post=37451"}],"curies":[{"name":"wp","href":"https:\/\/api.w.org\/{rel}","templated":true}]}}