{"id":66351,"date":"2024-01-10T05:35:01","date_gmt":"2024-01-10T05:35:01","guid":{"rendered":"https:\/\/www.dstenerife.eu\/?page_id=66351"},"modified":"2025-07-22T16:08:18","modified_gmt":"2025-07-22T15:08:18","slug":"unsere-gruppen-im-kindergarten","status":"publish","type":"page","link":"https:\/\/www.dstenerife.eu\/de\/kikri-und-kindergarten-2\/unsere-gruppen-im-kindergarten\/","title":{"rendered":"Unsere Gruppen im Kindergarten"},"content":{"rendered":"\t\t<div data-elementor-type=\"wp-page\" data-elementor-id=\"66351\" class=\"elementor elementor-66351\" data-elementor-post-type=\"page\">\n\t\t\t\t<div class=\"elementor-element elementor-element-f6ead0a e-flex e-con-boxed e-con e-parent\" data-id=\"f6ead0a\" data-element_type=\"container\" data-e-type=\"container\">\n\t\t\t\t\t<div class=\"e-con-inner\">\n\t\t\t\t<div class=\"elementor-element elementor-element-8d851cb elementor-widget elementor-widget-heading\" data-id=\"8d851cb\" data-element_type=\"widget\" data-e-type=\"widget\" data-settings=\"{&quot;_ob_widget_stalker_use&quot;:&quot;no&quot;,&quot;_ob_shadough_use&quot;:&quot;no&quot;}\" data-widget_type=\"heading.default\">\n\t\t\t\t<div class=\"elementor-widget-container\">\n\t\t\t\t\t<h1 class=\"elementor-heading-title elementor-size-default\">Unsere Gruppen im Kindergarten<\/h1>\t\t\t\t<\/div>\n\t\t\t\t<\/div>\n\t\t\t\t<div class=\"elementor-element elementor-element-13475d5 elementor-widget elementor-widget-jet-images-layout\" data-id=\"13475d5\" data-element_type=\"widget\" data-e-type=\"widget\" data-settings=\"{&quot;columns_tablet&quot;:&quot;3&quot;,&quot;columns_mobile&quot;:&quot;3&quot;,&quot;columns&quot;:3,&quot;_ob_widget_stalker_use&quot;:&quot;no&quot;,&quot;_ob_shadough_use&quot;:&quot;no&quot;}\" data-widget_type=\"jet-images-layout.default\">\n\t\t\t\t<div class=\"elementor-widget-container\">\n\t\t\t\t\t<div class=\"elementor-jet-images-layout jet-elements\">\n<div class=\"jet-images-layout layout-type-masonry\" data-settings='{&quot;layoutType&quot;:&quot;masonry&quot;,&quot;justifyHeight&quot;:300}'>\n\t<div class=\"jet-images-layout__list salvattore column-desktop-3 column-tablet-3 column-mobile-3\" data-columns>\n<div class=\"jet-images-layout__item \">\n\t<div class=\"jet-images-layout__inner\">\n\t\t<div class=\"jet-images-layout__image-loader\"><span><\/span><\/div>\n\t\t<a class=\"jet-images-layout__link \" href=\"\/de\/kikri-und-kindergarten-2\/unsere-gruppen-im-kindergarten\/kuekengruppe\/\" target=\"_self\" rel=\"\">\n\t\t\t<div class=\"jet-images-layout__image\">\n\t\t\t\t<img decoding=\"async\" class=\"jet-images-layout__image-instance\" src=\"https:\/\/e969z83yjsq.exactdn.com\/wp-content\/uploads\/2024\/01\/Kukengruppe-Grupo-de-los-PollitosWEB.jpg?strip=all\" alt=\"K\u00fckengruppe Grupo de los PollitosWEB\" loading=\"lazy\">\t\t\t<\/div>\n\t\t\t<div class=\"jet-images-layout__content\"><h5 class=\"jet-images-layout__title\">K\u00fckengruppe<\/h5><\/div>\n\t\t<\/a>\n\t<\/div>\n<\/div>\n<div class=\"jet-images-layout__item \">\n\t<div class=\"jet-images-layout__inner\">\n\t\t<div class=\"jet-images-layout__image-loader\"><span><\/span><\/div>\n\t\t<a class=\"jet-images-layout__link \" href=\"\/de\/kikri-und-kindergarten-2\/unsere-gruppen-im-kindergarten\/sonnengruppe\/\" target=\"_self\" rel=\"\">\n\t\t\t<div class=\"jet-images-layout__image\">\n\t\t\t\t<img decoding=\"async\" class=\"jet-images-layout__image-instance\" src=\"https:\/\/e969z83yjsq.exactdn.com\/wp-content\/uploads\/2024\/01\/Sonnengruppe-Grupo-de-los-SolesWEB.jpg?strip=all\" alt=\"Sonnengruppe Grupo de los SolesWEB\" loading=\"lazy\">\t\t\t<\/div>\n\t\t\t<div class=\"jet-images-layout__content\"><h5 class=\"jet-images-layout__title\">Sonnengruppe<\/h5><\/div>\n\t\t<\/a>\n\t<\/div>\n<\/div>\n<div class=\"jet-images-layout__item \">\n\t<div class=\"jet-images-layout__inner\">\n\t\t<div class=\"jet-images-layout__image-loader\"><span><\/span><\/div>\n\t\t<a class=\"jet-images-layout__link \" href=\"\/de\/kikri-und-kindergarten-2\/unsere-gruppen-im-kindergarten\/zwergengruppe\/\" target=\"_self\" rel=\"\">\n\t\t\t<div class=\"jet-images-layout__image\">\n\t\t\t\t<img decoding=\"async\" class=\"jet-images-layout__image-instance\" src=\"https:\/\/e969z83yjsq.exactdn.com\/wp-content\/uploads\/2024\/01\/Zwergengruppe-Grupo-de-los-EnanosWEB.jpg?strip=all\" alt=\"Zwergengruppe Grupo de los EnanosWEB\" loading=\"lazy\">\t\t\t<\/div>\n\t\t\t<div class=\"jet-images-layout__content\"><h5 class=\"jet-images-layout__title\">Zwergengruppe<\/h5><\/div>\n\t\t<\/a>\n\t<\/div>\n<\/div>\n<div class=\"jet-images-layout__item \">\n\t<div class=\"jet-images-layout__inner\">\n\t\t<div class=\"jet-images-layout__image-loader\"><span><\/span><\/div>\n\t\t<a class=\"jet-images-layout__link \" href=\"\/de\/kikri-und-kindergarten-2\/unsere-gruppen-im-kindergarten\/gruene-gruppe\/\" target=\"_self\" rel=\"\">\n\t\t\t<div class=\"jet-images-layout__image\">\n\t\t\t\t<img decoding=\"async\" class=\"jet-images-layout__image-instance\" src=\"https:\/\/e969z83yjsq.exactdn.com\/wp-content\/uploads\/2024\/01\/Grune-Gruppe-Grupo-VerdeWEB.jpg?strip=all\" alt=\"Gr\u00fcne Gruppe Grupo VerdeWEB\" loading=\"lazy\">\t\t\t<\/div>\n\t\t\t<div class=\"jet-images-layout__content\"><h5 class=\"jet-images-layout__title\">Gr\u00fcne Gruppe<\/h5><\/div>\n\t\t<\/a>\n\t<\/div>\n<\/div>\n<div class=\"jet-images-layout__item \">\n\t<div class=\"jet-images-layout__inner\">\n\t\t<div class=\"jet-images-layout__image-loader\"><span><\/span><\/div>\n\t\t<a class=\"jet-images-layout__link \" href=\"\/de\/kikri-und-kindergarten-2\/unsere-gruppen-im-kindergarten\/orangene-gruppe\/\" target=\"_self\" rel=\"\">\n\t\t\t<div class=\"jet-images-layout__image\">\n\t\t\t\t<img decoding=\"async\" class=\"jet-images-layout__image-instance\" src=\"https:\/\/e969z83yjsq.exactdn.com\/wp-content\/uploads\/2024\/01\/Orangene-Gruppe-Grupo-NaranjaWEB.jpg?strip=all\" alt=\"Orangene Gruppe Grupo NaranjaWEB\" loading=\"lazy\">\t\t\t<\/div>\n\t\t\t<div class=\"jet-images-layout__content\"><h5 class=\"jet-images-layout__title\">Orangene Gruppe<\/h5><\/div>\n\t\t<\/a>\n\t<\/div>\n<\/div>\n<div class=\"jet-images-layout__item \">\n\t<div class=\"jet-images-layout__inner\">\n\t\t<div class=\"jet-images-layout__image-loader\"><span><\/span><\/div>\n\t\t<a class=\"jet-images-layout__link \" href=\"\/de\/kikri-und-kindergarten-2\/unsere-gruppen-im-kindergarten\/hellblaue-gruppe\/\" target=\"_self\" rel=\"\">\n\t\t\t<div class=\"jet-images-layout__image\">\n\t\t\t\t<img decoding=\"async\" class=\"jet-images-layout__image-instance\" src=\"https:\/\/e969z83yjsq.exactdn.com\/wp-content\/uploads\/2024\/01\/Hellblaue-Gruppe-Grupo-azul-celesteWEB.jpg?strip=all\" alt=\"Hellblaue Gruppe Grupo azul celesteWEB\" loading=\"lazy\">\t\t\t<\/div>\n\t\t\t<div class=\"jet-images-layout__content\"><h5 class=\"jet-images-layout__title\">Hellblaue Gruppe<\/h5><\/div>\n\t\t<\/a>\n\t<\/div>\n<\/div>\n<div class=\"jet-images-layout__item \">\n\t<div class=\"jet-images-layout__inner\">\n\t\t<div class=\"jet-images-layout__image-loader\"><span><\/span><\/div>\n\t\t<a class=\"jet-images-layout__link \" href=\"\/de\/kikri-und-kindergarten-2\/unsere-gruppen-im-kindergarten\/dunkelblaue-gruppe\/\" target=\"_self\" rel=\"\">\n\t\t\t<div class=\"jet-images-layout__image\">\n\t\t\t\t<img decoding=\"async\" class=\"jet-images-layout__image-instance\" src=\"https:\/\/e969z83yjsq.exactdn.com\/wp-content\/uploads\/2024\/01\/Dunkelblaue-Gruppe-Grupo-Azul-OscuroWEB.jpg?strip=all\" alt=\"Dunkelblaue Gruppe Grupo Azul OscuroWEB\" loading=\"lazy\">\t\t\t<\/div>\n\t\t\t<div class=\"jet-images-layout__content\"><h5 class=\"jet-images-layout__title\">Dunkelblaue Gruppe<\/h5><\/div>\n\t\t<\/a>\n\t<\/div>\n<\/div>\n<div class=\"jet-images-layout__item \">\n\t<div class=\"jet-images-layout__inner\">\n\t\t<div class=\"jet-images-layout__image-loader\"><span><\/span><\/div>\n\t\t<a class=\"jet-images-layout__link \" href=\"\/de\/kikri-und-kindergarten-2\/unsere-gruppen-im-kindergarten\/lila-gruppe\/\" target=\"_self\" rel=\"\">\n\t\t\t<div class=\"jet-images-layout__image\">\n\t\t\t\t<img decoding=\"async\" class=\"jet-images-layout__image-instance\" src=\"https:\/\/e969z83yjsq.exactdn.com\/wp-content\/uploads\/2024\/01\/Lila-Gruppe-Grupo-LilaWEB.jpg?strip=all\" alt=\"Lila Gruppe Grupo LilaWEB\" loading=\"lazy\">\t\t\t<\/div>\n\t\t\t<div class=\"jet-images-layout__content\"><h5 class=\"jet-images-layout__title\">Lila Gruppe<\/h5><\/div>\n\t\t<\/a>\n\t<\/div>\n<\/div>\n<div class=\"jet-images-layout__item \">\n\t<div class=\"jet-images-layout__inner\">\n\t\t<div class=\"jet-images-layout__image-loader\"><span><\/span><\/div>\n\t\t<a class=\"jet-images-layout__link \" href=\"\/de\/kikri-und-kindergarten-2\/unsere-gruppen-im-kindergarten\/k3\/\" target=\"_self\" rel=\"\">\n\t\t\t<div class=\"jet-images-layout__image\">\n\t\t\t\t<img decoding=\"async\" class=\"jet-images-layout__image-instance\" src=\"https:\/\/e969z83yjsq.exactdn.com\/wp-content\/uploads\/2024\/01\/K3plusWEB.jpg?strip=all\" alt=\"K3plusWEB\" loading=\"lazy\">\t\t\t<\/div>\n\t\t\t<div class=\"jet-images-layout__content\"><h5 class=\"jet-images-layout__title\">K3+<\/h5><\/div>\n\t\t<\/a>\n\t<\/div>\n<\/div>\n<\/div><\/div>\n<\/div>\t\t\t\t<\/div>\n\t\t\t\t<\/div>\n\t\t\t\t\t<\/div>\n\t\t\t\t<\/div>\n\t\t<div class=\"elementor-element elementor-element-d0bfafb e-flex e-con-boxed e-con e-parent\" data-id=\"d0bfafb\" data-element_type=\"container\" data-e-type=\"container\">\n\t\t\t\t\t<div class=\"e-con-inner\">\n\t\t\t\t<div class=\"elementor-element elementor-element-c98cb89 elementor-widget elementor-widget-text-editor\" data-id=\"c98cb89\" data-element_type=\"widget\" data-e-type=\"widget\" data-settings=\"{&quot;_ob_widget_stalker_use&quot;:&quot;no&quot;,&quot;_ob_shadough_use&quot;:&quot;no&quot;}\" data-widget_type=\"text-editor.default\">\n\t\t\t\t<div class=\"elementor-widget-container\">\n\t\t\t\t\t\t\t\t\t<p>Die pers\u00f6nlichen Daten, die in diesem Bereich ver\u00f6ffentlicht werden, einschlie\u00dflich Name, Vorname, Fotos usw., sind f\u00fcr alle Teilnehmer zug\u00e4nglich, daher muss sichergestellt werden, dass es sich bei den Informationen, die hier ver\u00f6ffentlicht werden, um Daten und\/oder Informationen handelt, die auch Dritten bekannt sein k\u00f6nnen.<\/p><p>Durch die Ver\u00f6ffentlichung von Fotos, die f\u00fcr alle Teilnehmer zug\u00e4nglich sind, werden diese \u00fcber Folgendes informiert: Der Schulverein der Deutschen Schule Santa Cruz de Tenerife ist f\u00fcr die Verarbeitung der in diesem Bereich ver\u00f6ffentlichten Bilder verantwortlich, so dass das Herunterladen und die Ver\u00f6ffentlichung in sozialen Netzwerken nur mit ausdr\u00fccklicher Genehmigung der Einrichtung erfolgen kann.<\/p><p>F\u00fcr die nicht autorisierte Ver\u00f6ffentlichung der Bilder durch die Nutzer dieses Bereichs tragen diese die alleinige Verantwortung, und der Schulverein der Deutschen Schule Santa Cruz de Tenerife ist von jeglicher Beschwerde und\/oder Verantwortung befreit.<\/p><p>Die Ver\u00f6ffentlichung der Fotos erfolgt unter dem Schutz des Organgesetzes 1\/1982 vom 5. Mai \u00fcber den zivilrechtlichen Schutz des Rechts auf Ehre, auf pers\u00f6nliche und famili\u00e4re Intimit\u00e4t sowie auf das Selbstbild.<\/p><p>Bei Fragen im Zusammenhang mit diesen Fotos k\u00f6nnen Sie sich an den internen Datenschutzbeauftragten des Schulvereins der Deutschen Schule Santa Cruz de Tenerife wenden.<\/p>\t\t\t\t\t\t\t\t<\/div>\n\t\t\t\t<\/div>\n\t\t\t\t\t<\/div>\n\t\t\t\t<\/div>\n\t\t\t\t<\/div>\n\t\t","protected":false},"excerpt":{"rendered":"<p>K\u00fckengruppe Sonnengruppe Zwergengruppe Gr\u00fcne Gruppe Orangene Gruppe Hellblaue Gruppe Dunkelblaue Gruppe Lila Gruppe K3+ Die pers\u00f6nlichen [&hellip;]<\/p>\n","protected":false},"author":15,"featured_media":0,"parent":401,"menu_order":0,"comment_status":"closed","ping_status":"closed","template":"","meta":{"site-sidebar-layout":"no-sidebar","site-content-layout":"page-builder","ast-site-content-layout":"full-width-container","site-content-style":"default","site-sidebar-style":"default","ast-global-header-display":"","ast-banner-title-visibility":"","ast-main-header-display":"","ast-hfb-above-header-display":"","ast-hfb-below-header-display":"","ast-hfb-mobile-header-display":"","site-post-title":"disabled","ast-breadcrumbs-content":"","ast-featured-img":"disabled","footer-sml-layout":"","ast-disable-related-posts":"","theme-transparent-header-meta":"default","adv-header-id-meta":"","stick-header-meta":"default","header-above-stick-meta":"","header-main-stick-meta":"","header-below-stick-meta":"","astra-migrate-meta-layouts":"set","ast-page-background-enabled":"default","ast-page-background-meta":{"desktop":{"background-color":"","background-image":"","background-repeat":"repeat","background-position":"center center","background-size":"auto","background-attachment":"scroll","background-type":"","background-media":"","overlay-type":"","overlay-color":"","overlay-opacity":"","overlay-gradient":""},"tablet":{"background-color":"","background-image":"","background-repeat":"repeat","background-position":"center center","background-size":"auto","background-attachment":"scroll","background-type":"","background-media":"","overlay-type":"","overlay-color":"","overlay-opacity":"","overlay-gradient":""},"mobile":{"background-color":"","background-image":"","background-repeat":"repeat","background-position":"center center","background-size":"auto","background-attachment":"scroll","background-type":"","background-media":"","overlay-type":"","overlay-color":"","overlay-opacity":"","overlay-gradient":""}},"ast-content-background-meta":{"desktop":{"background-color":"var(--ast-global-color-5)","background-image":"","background-repeat":"repeat","background-position":"center center","background-size":"auto","background-attachment":"scroll","background-type":"","background-media":"","overlay-type":"","overlay-color":"","overlay-opacity":"","overlay-gradient":""},"tablet":{"background-color":"var(--ast-global-color-5)","background-image":"","background-repeat":"repeat","background-position":"center center","background-size":"auto","background-attachment":"scroll","background-type":"","background-media":"","overlay-type":"","overlay-color":"","overlay-opacity":"","overlay-gradient":""},"mobile":{"background-color":"var(--ast-global-color-5)","background-image":"","background-repeat":"repeat","background-position":"center center","background-size":"auto","background-attachment":"scroll","background-type":"","background-media":"","overlay-type":"","overlay-color":"","overlay-opacity":"","overlay-gradient":""}},"_jet_sm_ready_style":"","_jet_sm_style":"","_jet_sm_controls_values":"","_jet_sm_fonts_collection":"","_jet_sm_fonts_links":"","footnotes":""},"schlagwortedst":[],"wf_page_folders":[192],"class_list":["post-66351","page","type-page","status-publish","hentry"],"_links":{"self":[{"href":"https:\/\/www.dstenerife.eu\/de\/wp-json\/wp\/v2\/pages\/66351","targetHints":{"allow":["GET"]}}],"collection":[{"href":"https:\/\/www.dstenerife.eu\/de\/wp-json\/wp\/v2\/pages"}],"about":[{"href":"https:\/\/www.dstenerife.eu\/de\/wp-json\/wp\/v2\/types\/page"}],"author":[{"embeddable":true,"href":"https:\/\/www.dstenerife.eu\/de\/wp-json\/wp\/v2\/users\/15"}],"replies":[{"embeddable":true,"href":"https:\/\/www.dstenerife.eu\/de\/wp-json\/wp\/v2\/comments?post=66351"}],"version-history":[{"count":100,"href":"https:\/\/www.dstenerife.eu\/de\/wp-json\/wp\/v2\/pages\/66351\/revisions"}],"predecessor-version":[{"id":98901,"href":"https:\/\/www.dstenerife.eu\/de\/wp-json\/wp\/v2\/pages\/66351\/revisions\/98901"}],"up":[{"embeddable":true,"href":"https:\/\/www.dstenerife.eu\/de\/wp-json\/wp\/v2\/pages\/401"}],"wp:attachment":[{"href":"https:\/\/www.dstenerife.eu\/de\/wp-json\/wp\/v2\/media?parent=66351"}],"wp:term":[{"taxonomy":"schlagwortedst","embeddable":true,"href":"https:\/\/www.dstenerife.eu\/de\/wp-json\/wp\/v2\/schlagwortedst?post=66351"},{"taxonomy":"wf_page_folders","embeddable":true,"href":"https:\/\/www.dstenerife.eu\/de\/wp-json\/wp\/v2\/wf_page_folders?post=66351"}],"curies":[{"name":"wp","href":"https:\/\/api.w.org\/{rel}","templated":true}]}}