{"id":684,"date":"2015-04-25T22:08:59","date_gmt":"2015-04-25T22:08:59","guid":{"rendered":"http:\/\/dstenerife.ducklingit.com\/?page_id=684"},"modified":"2025-09-05T12:10:30","modified_gmt":"2025-09-05T11:10:30","slug":"speiseplan-mensa","status":"publish","type":"page","link":"https:\/\/www.dstenerife.eu\/de\/serviceinformationen\/einrichtungen\/speiseplan-mensa\/","title":{"rendered":"Mensa"},"content":{"rendered":"<p><img decoding=\"async\" class=\"alignright wp-image-40023\" src=\"https:\/\/e969z83yjsq.exactdn.com\/wp-content\/uploads\/2021\/05\/aramark_logo_alpha.png?strip=all\" alt=\"\" width=\"155\" height=\"44\" srcset=\"https:\/\/e969z83yjsq.exactdn.com\/wp-content\/uploads\/2021\/05\/aramark_logo_alpha.png?strip=all 169w, https:\/\/e969z83yjsq.exactdn.com\/wp-content\/uploads\/2021\/05\/aramark_logo_alpha.png?strip=all&amp;w=67 67w\" sizes=\"(max-width: 155px) 100vw, 155px\" \/><\/p>\n<p>Wir informieren Sie hiermit, dass ab dem neuen Schuljahr 2024\/25 die Anmeldungen f\u00fcr die Schulmensa von der Firma ARAMARK SERVICIOS DE CATERING, S.L.U. verwaltet werden. Sie k\u00f6nnen sich ab dem 01. Juli 2024 \u00fcber die Online- Plattform <a href=\"https:\/\/www.elgustodecrecer.es\/\" target=\"_blank\" rel=\"noopener\">\u201eEl Gusto de Crecer\u201c<\/a>\u00a0anmelden.<\/p>\n<p>Im Anhang finden Sie alle von Aramark \u00fcbermittelten Informationen dazu:<\/p>\n<h4><strong><u>Allgemeine Bedingungen f\u00fcr die angebotenen Dienstleistungen<\/u><\/strong><\/h4>\n<h5><strong>Anmeldung in der Mensa<\/strong>:<\/h5>\n<p>Alle Familien (sowohl bei regelm\u00e4\u00dfiger als auch gelegentlicher Nutzung) m\u00fcssen sich zun\u00e4chst auf der Website <a href=\"https:\/\/www.elgustodecrecer.es\/\">www.elgustodecrecer.es<\/a> registrieren und sich dann \u00fcber den Abschnitt ONLINE ANMELDUNG f\u00fcr einen der Dienste anmelden.<\/p>\n<h5><strong>\u00c4nderung der Anmeldung:<\/strong><\/h5>\n<p>Der Antrag auf \u00c4nderung der urspr\u00fcnglich gew\u00e4hlten Option muss 5 Tage vor Beginn des Monats, in dem die \u00c4nderung erfolgen soll, an die Koordinatorin der Mensa und an <strong><u>Fernandez-Lorena@aramark.es.<\/u><\/strong>\u00a0 geschickt werden.<\/p>\n<h5><strong>Verlust des Nutzerstatus:<\/strong><\/h5>\n<p>Dies erfolgt, wenn der Nutzer<strong> zwei oder mehrere<\/strong> Rechnungen unbezahlt gelassen hat.<\/p>\n<h5><strong>Preise der Dienstleistungen<\/strong>:<\/h5>\n<p>Kikri:\u00a0\u00a0\u00a0\u00a0\u00a0\u00a0\u00a0\u00a0\u00a0\u00a0\u00a0\u00a0\u00a0\u00a0\u00a0\u00a0\u00a0\u00a0\u00a0\u00a0\u00a0\u00a0\u00a0\u00a0\u00a0\u00a0 5,70 \u20ac pro Tag<\/p>\n<p>KiGa und Schule: \u00a0\u00a0\u00a0\u00a0\u00a0\u00a0\u00a0\u00a0 6,80 \u20ac pro Tag<\/p>\n<p><strong>F\u00fcr jede korrekt erstellte Rechnung, die zur\u00fcckgewiesen wird, werden zus\u00e4tzliche Bearbeitungskosten in H\u00f6he von 3\u20ac erhoben.<\/strong><\/p>\n<p>Die Abrechnung erfolgt zwischen dem 5. und 10. des Folgemonats und per Lastschriftverfahren.<\/p>\n<h5><strong>Abmeldungen<\/strong>:<\/h5>\n<p>Die Benutzer k\u00f6nnen ihre Abwesenheit von der Mensa \u00fcber die mobile App &#8222;El Gusto de Crecer&#8220; und\/oder die <a href=\"https:\/\/www.elgustodecrecer.es\/\" target=\"_blank\" rel=\"noopener\">Website<\/a> <strong>bis 9.30 Uhr desselben Tages mitteilen, ohne dass dieser Tag in Rechnung gestellt wird.<\/strong><\/p>\n<h5>Sporadische Nutzung der Mensa:<\/h5>\n<p>Wenn der Mensadienst an Tagen, die nicht vertraglich geregelt sind, unvorhergesehen ben\u00f6tigt wird, k\u00f6nnen sie dem Mensadienst die Anwesenheit eines Sch\u00fclers mitteilen, indem sie vor 09:30 Uhr des gleichen Tages eine E-Mail an <u>Fernandez-Lorena@aramark.es.<\/u> \u00a0schicken.<\/p>\n<h5><strong>Schonkost:\u00a0 <\/strong><\/h5>\n<p>Eine Schonkost kann h\u00f6chstens bis zum selben Tag und vor 09:30 Uhr angefordert werden. Sie kann telefonisch unter 683 666 168 oder per E-Mail unter <u>Fernandez-Lorena@aramark.es.<\/u>\u00a0\u00a0 angemeldet werden.<\/p>\n<h5><strong>Ver\u00f6ffentlichung der Mensapl\u00e4ne:<\/strong><\/h5>\n<p>Die monatlichen Men\u00fcs werden (nach der Anmeldung) \u00fcber die mobile App (El Gusto de Crecer) und auf der <a href=\"https:\/\/www.elgustodecrecer.es\/Menus\/Colegio\/1225\" target=\"_blank\" rel=\"noopener\">Website der Deutschen Schule Santa Cruz de Tenerife<\/a>\u00a0ver\u00f6ffentlicht.<\/p>\n<h5><strong>Antrag auf eine angepasste Di\u00e4t aufgrund von Lebensmittelallergien und\/oder Lebensmittelunvertr\u00e4glichkeiten:<\/strong><\/h5>\n<p>Jeder Antrag auf eine angepasste Di\u00e4t aufgrund einer Lebensmittelallergie oder Lebensmittelunvertr\u00e4glichkeit muss unter <u>Fernandez-Lorena@aramark.es.<\/u> \u00a0gestellt werden, wobei das entsprechende, <strong>von einem Facharzt unterschriebene, \u00e4rztliche Gutachten der Deutschen Schule Santa Cruz de Tenerife <\/strong>(<a href=\"mailto:dstenerife@dstenerife.eu\">dstenerife@dstenerife.eu<\/a>) <strong>vorzulegen<\/strong> ist.<\/p>\n<h5>Kundenbetreuung<\/h5>\n<p>Bei Fragen oder Unklarheiten k\u00f6nnen Sie sich telefonisch unter <strong>683 666 168 <\/strong>an die<strong> Buchhaltungsabteilung <\/strong>oder per E-Mail unter <u>Fernandez-Lorena@aramark.es.<\/u> \u00a0an Aramark wenden, wo Sie von Montag bis Donnerstag von 8 bis 17 Uhr und Freitag von 8 bis 15 Uhr von einem unserer Mitarbeiter von Aramark betreut werden.<\/p>\n<p>&nbsp;<\/p>\n<h4><a href=\"https:\/\/www.dstenerife.eu\/wp-content\/uploads\/2024\/06\/Anleitung-Anmeldung-der-Abwesenheit.pdf\" target=\"_blank\" rel=\"noopener\">An -und Abmeldungen in der Mensa<\/a><\/h4>\n<h4><a href=\"https:\/\/www.dstenerife.eu\/wp-content\/uploads\/2024\/06\/Anleitung-Kundenkonto-GDC.pdf\" target=\"_blank\" rel=\"noopener\">Erstellen des Kundenkontos<\/a><\/h4>\n","protected":false},"excerpt":{"rendered":"<p>Wir informieren Sie hiermit, dass ab dem neuen Schuljahr 2024\/25 die Anmeldungen f\u00fcr die Schulmensa von [&hellip;]<\/p>\n","protected":false},"author":10,"featured_media":45453,"parent":672,"menu_order":0,"comment_status":"closed","ping_status":"closed","template":"","meta":{"site-sidebar-layout":"default","site-content-layout":"default","ast-site-content-layout":"default","site-content-style":"default","site-sidebar-style":"default","ast-global-header-display":"","ast-banner-title-visibility":"","ast-main-header-display":"","ast-hfb-above-header-display":"","ast-hfb-below-header-display":"","ast-hfb-mobile-header-display":"","site-post-title":"","ast-breadcrumbs-content":"","ast-featured-img":"","footer-sml-layout":"","ast-disable-related-posts":"","theme-transparent-header-meta":"default","adv-header-id-meta":"","stick-header-meta":"default","header-above-stick-meta":"","header-main-stick-meta":"","header-below-stick-meta":"","astra-migrate-meta-layouts":"set","ast-page-background-enabled":"default","ast-page-background-meta":{"desktop":{"background-color":"","background-image":"","background-repeat":"repeat","background-position":"center center","background-size":"auto","background-attachment":"scroll","background-type":"","background-media":"","overlay-type":"","overlay-color":"","overlay-opacity":"","overlay-gradient":""},"tablet":{"background-color":"","background-image":"","background-repeat":"repeat","background-position":"center center","background-size":"auto","background-attachment":"scroll","background-type":"","background-media":"","overlay-type":"","overlay-color":"","overlay-opacity":"","overlay-gradient":""},"mobile":{"background-color":"","background-image":"","background-repeat":"repeat","background-position":"center center","background-size":"auto","background-attachment":"scroll","background-type":"","background-media":"","overlay-type":"","overlay-color":"","overlay-opacity":"","overlay-gradient":""}},"ast-content-background-meta":{"desktop":{"background-color":"var(--ast-global-color-5)","background-image":"","background-repeat":"repeat","background-position":"center center","background-size":"auto","background-attachment":"scroll","background-type":"","background-media":"","overlay-type":"","overlay-color":"","overlay-opacity":"","overlay-gradient":""},"tablet":{"background-color":"var(--ast-global-color-5)","background-image":"","background-repeat":"repeat","background-position":"center center","background-size":"auto","background-attachment":"scroll","background-type":"","background-media":"","overlay-type":"","overlay-color":"","overlay-opacity":"","overlay-gradient":""},"mobile":{"background-color":"var(--ast-global-color-5)","background-image":"","background-repeat":"repeat","background-position":"center center","background-size":"auto","background-attachment":"scroll","background-type":"","background-media":"","overlay-type":"","overlay-color":"","overlay-opacity":"","overlay-gradient":""}},"_jet_sm_ready_style":"","_jet_sm_style":"","_jet_sm_controls_values":"","_jet_sm_fonts_collection":"","_jet_sm_fonts_links":"","footnotes":""},"schlagwortedst":[152],"wf_page_folders":[191,208],"class_list":["post-684","page","type-page","status-publish","has-post-thumbnail","hentry","schlagwortedst-sideservice"],"_links":{"self":[{"href":"https:\/\/www.dstenerife.eu\/de\/wp-json\/wp\/v2\/pages\/684","targetHints":{"allow":["GET"]}}],"collection":[{"href":"https:\/\/www.dstenerife.eu\/de\/wp-json\/wp\/v2\/pages"}],"about":[{"href":"https:\/\/www.dstenerife.eu\/de\/wp-json\/wp\/v2\/types\/page"}],"author":[{"embeddable":true,"href":"https:\/\/www.dstenerife.eu\/de\/wp-json\/wp\/v2\/users\/10"}],"replies":[{"embeddable":true,"href":"https:\/\/www.dstenerife.eu\/de\/wp-json\/wp\/v2\/comments?post=684"}],"version-history":[{"count":32,"href":"https:\/\/www.dstenerife.eu\/de\/wp-json\/wp\/v2\/pages\/684\/revisions"}],"predecessor-version":[{"id":99305,"href":"https:\/\/www.dstenerife.eu\/de\/wp-json\/wp\/v2\/pages\/684\/revisions\/99305"}],"up":[{"embeddable":true,"href":"https:\/\/www.dstenerife.eu\/de\/wp-json\/wp\/v2\/pages\/672"}],"wp:featuredmedia":[{"embeddable":true,"href":"https:\/\/www.dstenerife.eu\/de\/wp-json\/wp\/v2\/media\/45453"}],"wp:attachment":[{"href":"https:\/\/www.dstenerife.eu\/de\/wp-json\/wp\/v2\/media?parent=684"}],"wp:term":[{"taxonomy":"schlagwortedst","embeddable":true,"href":"https:\/\/www.dstenerife.eu\/de\/wp-json\/wp\/v2\/schlagwortedst?post=684"},{"taxonomy":"wf_page_folders","embeddable":true,"href":"https:\/\/www.dstenerife.eu\/de\/wp-json\/wp\/v2\/wf_page_folders?post=684"}],"curies":[{"name":"wp","href":"https:\/\/api.w.org\/{rel}","templated":true}]}}