{"id":13679,"date":"2017-11-11T20:40:29","date_gmt":"2017-11-11T20:40:29","guid":{"rendered":"https:\/\/kopie.dst.deutsche-schule.eu\/?page_id=13679\/"},"modified":"2026-04-21T15:05:37","modified_gmt":"2026-04-21T14:05:37","slug":"instituto-goethe","status":"publish","type":"page","link":"https:\/\/www.dstenerife.eu\/es\/servicios\/instituciones\/instituto-goethe\/","title":{"rendered":"Centro examinador Instituto Goethe"},"content":{"rendered":"<p><a href=\"http:\/\/institutoalemantenerife.es\/\" target=\"_blank\" rel=\"noopener noreferrer\"><img fetchpriority=\"high\" decoding=\"async\" class=\"alignnone size-full wp-image-13677\" src=\"https:\/\/e969z83yjsq.exactdn.com\/wp-content\/uploads\/2017\/11\/images.jpg?strip=all\" alt=\"\" width=\"396\" height=\"127\" srcset=\"https:\/\/e969z83yjsq.exactdn.com\/wp-content\/uploads\/2017\/11\/images.jpg?strip=all 396w, https:\/\/e969z83yjsq.exactdn.com\/wp-content\/uploads\/2017\/11\/images-180x58.jpg?strip=all 180w, https:\/\/e969z83yjsq.exactdn.com\/wp-content\/uploads\/2017\/11\/images.jpg?strip=all&amp;w=79 79w, https:\/\/e969z83yjsq.exactdn.com\/wp-content\/uploads\/2017\/11\/images.jpg?strip=all&amp;w=237 237w, https:\/\/e969z83yjsq.exactdn.com\/wp-content\/uploads\/2017\/11\/images.jpg?strip=all&amp;w=316 316w\" sizes=\"(max-width: 396px) 100vw, 396px\" \/><\/a>El Instituto Goethe es el Centro Cultural de la Rep\u00fablica Federal de Alemania activo internacionalmente promoviendo el conocimiento de la lengua alemana en el extranjero y la colaboraci\u00f3n cultural internacional.<\/p>\n<p>El Instituto Goethe de Tenerife fue fundado en el a\u00f1o 1955 como sucursal del Instituto Goethe de Madrid. A consecuencia de la reforma de la red mundial de Institutos Goethe se convirti\u00f3 en el a\u00f1o 1994 en un centro examinador. Desde un principio el Instituto Goethe estaba ubicado en el Colegio Alem\u00e1n de Santa Cruz de Tenerife. Los cursos de alem\u00e1n y los ex\u00e1menes oficiales de Alemania contin\u00faan realiz\u00e1ndose en el mismo sitio.<\/p>\n<h2 style=\"font-weight: 400;\"><strong>Ex\u00e1menes Goethe\u00a0 en el Colegio Alem\u00e1n<\/strong><\/h2>\n<p>En estas fechas se pueden realizar ex\u00e1menes de todos los niveles:<\/p>\n<ul>\n<li class=\"xxmsonormal\"><strong>S\u00e1bado 11\/10\/2025 &#8211; Horario: 9:00 a 14:00<\/strong><\/li>\n<li class=\"xxmsonormal\"><strong>S\u00e1bado 28\/02\/2026 &#8211; Horario: 9:00 a 14:00<\/strong><\/li>\n<li class=\"xxmsonormal\"><strong>S\u00e1bado 13\/06\/2026 &#8211; Horario: 9:00 a 14:00<\/strong><\/li>\n<\/ul>\n<p>Inscripci\u00f3n posible hasta dos semanas antes del examen.<\/p>\n<p style=\"font-weight: 400;\">Para la inscripci\u00f3n al examen, por favor, complete este <a href=\"https:\/\/www.dstenerife.eu\/wp-content\/uploads\/2026\/04\/Inscripcion-a-los-examenes-Goethe_formulario_c3_form.pdf\" target=\"_blank\" rel=\"noopener\">formulario PDF<\/a> y env\u00edelo como archivo adjunto por correo electr\u00f3nico a <a href=\"mailto:goethe-institut@dstenerife.eu\">goethe-institut@dstenerife.eu<\/a><\/p>\n<p style=\"font-weight: 400;\">Al inscribirme al examen, declaro estar de acuerdo con los t\u00e9rminos y condiciones generales y las disposiciones de ejecuci\u00f3n del examen.<\/p>\n<h3 data-path-to-node=\"1\"><b data-path-to-node=\"1\" data-index-in-node=\"0\">Tasas de examen<\/b><\/h3>\n<ul>\n<li data-path-to-node=\"1\">A1 Fit\/ Start Deutsch A1: <strong>80<\/strong> euros *<\/li>\n<li data-path-to-node=\"1\">A2 Fit\/ Start Deutsch A2: <strong>105<\/strong> euros *<\/li>\n<li data-path-to-node=\"1\">B1: <strong>160<\/strong> euros (m\u00f3dulo 50 euros) *<\/li>\n<li data-path-to-node=\"1\">B2:<strong> 190<\/strong> euros (m\u00f3dulo 60 euros) *<\/li>\n<li data-path-to-node=\"1\">C1: <strong>220<\/strong> euros (m\u00f3dulo 60 euros) *<\/li>\n<li data-path-to-node=\"1\">C2:<strong> 290<\/strong> euros (m\u00f3dulo 80 euros)<\/li>\n<\/ul>\n<p style=\"padding-left: 40px;\" data-path-to-node=\"2,0,0\">*) para los colegios colaboradores se aplican tarifas reducidas.<\/p>\n<h5 data-path-to-node=\"3\"><b data-path-to-node=\"3\" data-index-in-node=\"0\">Datos bancarios para el pago<\/b><\/h5>\n<p style=\"padding-left: 40px;\" data-path-to-node=\"3\">Asociaci\u00f3n para el Fomento de Colegio Alem\u00e1n<br \/>\nBankinter ES06 0128 0850 7101 0000 0043<br \/>\n<b data-path-to-node=\"5\" data-index-in-node=\"0\">Concepto:<\/b> Nombre y apellidos del candidato, nivel, fecha del examen<\/p>\n<p data-path-to-node=\"4\"><b data-path-to-node=\"5\" data-index-in-node=\"68\">Importante:<\/b> por favor, enviar el comprobante de transferencia a goethe-institut@dstenerife.eu<\/p>\n<h3>Ex\u00e1menes:<\/h3>\n<ul>\n<li>Fit in Deutsch 1 (A1-Goethe-Zertifikat f\u00fcr Jugendliche bis 16 Jahre)<\/li>\n<li>Start Deutsch 1 (A1-Goethe-Zertifikat f\u00fcr Erwachsene)\n<ul>\n<li><a href=\"https:\/\/www.dstenerife.eu\/wp-content\/uploads\/2024\/12\/DFB-2023-Fit-in-Deutsch-1_Spanisch.pdf\">DFB 2023 Fit in Deutsch 1_Spanisch<\/a><\/li>\n<li><a href=\"https:\/\/www.dstenerife.eu\/wp-content\/uploads\/2024\/12\/DFB-2023-Start-Deutsch-1_Spanisch.pdf\">DFB 2023 Start Deutsch 1_Spanisch<\/a><\/li>\n<li><a href=\"https:\/\/www.dstenerife.eu\/wp-content\/uploads\/2024\/12\/Durchfuehrungsbestimmungen_A1_Start_Deutsch_1.pdf\">Durchfuehrungsbestimmungen_A1_Start_Deutsch_1<\/a><\/li>\n<li><a href=\"https:\/\/www.dstenerife.eu\/wp-content\/uploads\/2024\/12\/Durchfuehrungsbestimmungen_A1-A2_Fit_in_Deutsch_1.pdf\">Durchfuehrungsbestimmungen_A1-A2_Fit_in_Deutsch_1<\/a><\/li>\n<li><a href=\"https:\/\/www.dstenerife.eu\/wp-content\/uploads\/2024\/12\/Pruefungsziele_Testbeschreibung_A1_Fit1.pdf\">Pruefungsziele_Testbeschreibung_A1_Fit1<\/a><\/li>\n<li><a href=\"https:\/\/www.dstenerife.eu\/wp-content\/uploads\/2024\/12\/Pruefungsziele_Testbeschreibung_A1_SD1.pdf\">Pruefungsziele_Testbeschreibung_A1_SD1<\/a><\/li>\n<\/ul>\n<\/li>\n<li>Fit in Deutsch 2 (A2-Goethe-Zertifikat f\u00fcr Jugendliche bis 16 Jahre)\n<ul>\n<li><a href=\"https:\/\/www.dstenerife.eu\/wp-content\/uploads\/2025\/01\/A2_FIT_Pruefungsziele_Testbeschreibung_A2_Fit2.pdf\" target=\"_blank\" rel=\"noopener\">Pruefungsziele_Testbeschreibung_A2_Fit2<\/a><\/li>\n<li><a href=\"https:\/\/www.dstenerife.eu\/wp-content\/uploads\/2024\/12\/Durchfuehrungsbestimmungen_A1-A2_Fit_in_Deutsch_1.pdf\">Durchfuehrungsbestimmungen_A1-A2_Fit_in_Deutsch_1<\/a><\/li>\n<\/ul>\n<\/li>\n<li>Start Deutsch 2 (A2-Goethe-Zertifikat f\u00fcr Erwachsene)\n<ul>\n<li><a href=\"https:\/\/www.dstenerife.eu\/wp-content\/uploads\/2024\/12\/Durchfuehrungsbestimmungen_A2.pdf\">Durchfuehrungsbestimmungen_A2<\/a><\/li>\n<li><a title=\"DFB 2023 Goethe-Zertifikat A2_Spanisch\" href=\"https:\/\/www.dstenerife.eu\/wp-content\/uploads\/2024\/12\/DFB-2023-Goethe-Zertifikat-A2_Spanisch.pdf\">DFB-2023-Goethe-Zertifikat-A2_Spanisch<\/a><\/li>\n<\/ul>\n<\/li>\n<li>Goethe-Zertifikat B1\n<ul>\n<li><a href=\"https:\/\/www.dstenerife.eu\/wp-content\/uploads\/2025\/01\/B1_Durchfuehrungsbestimmungen_B1.pdf\">Durchfuehrungsbestimmungen_B1<\/a><\/li>\n<li><a href=\"https:\/\/www.dstenerife.eu\/wp-content\/uploads\/2024\/12\/DFB-2023-Goethe-Zertifikat-B1_Spanisch.pdf\">DFB 2023 Goethe-Zertifikat B1_Spanisch<\/a><\/li>\n<\/ul>\n<\/li>\n<li>Goethe-Zertifikat B2\n<ul>\n<li><a href=\"https:\/\/www.dstenerife.eu\/wp-content\/uploads\/2024\/12\/Durchfuehrungsbestimmungen_B2.pdf\">Durchfuehrungsbestimmungen_B2.pdf<\/a><\/li>\n<li><a href=\"https:\/\/www.dstenerife.eu\/wp-content\/uploads\/2025\/01\/B2_Pruefungsziele_Testbeschreibung_B2.pdf\" target=\"_blank\" rel=\"noopener\">Pruefungsziele_Testbeschreibung_B2<\/a><\/li>\n<li><a href=\"https:\/\/www.dstenerife.eu\/wp-content\/uploads\/2024\/12\/DFB-2023-Goethe-Zertifikat-B2_Spanisch.pdf\">DFB 2023 Goethe-Zertifikat B2_Spanisch<\/a><\/li>\n<\/ul>\n<\/li>\n<li>Goethe-Zertifikat C1\n<ul>\n<li><a href=\"https:\/\/www.dstenerife.eu\/wp-content\/uploads\/2024\/12\/Durchfuehrungsbestimmungen_C1_neu.pdf\">Durchfuehrungsbestimmungen_C1_neu<\/a><\/li>\n<li><a href=\"https:\/\/www.dstenerife.eu\/wp-content\/uploads\/2024\/12\/DFB-2023-Goethe-Zertifikat-C1_Spanisch.pdf\">DFB 2023 Goethe-Zertifikat C1_Spanisch<\/a><\/li>\n<li><a href=\"https:\/\/www.dstenerife.eu\/wp-content\/uploads\/2024\/12\/Handbuch_Pruefungsziele_Testbeschreibung_C1.pdf\">Handbuch_Pruefungsziele_Testbeschreibung_C1<\/a><\/li>\n<\/ul>\n<\/li>\n<li>Goethe Zertifikat C2\n<ul>\n<li><a href=\"https:\/\/www.dstenerife.eu\/wp-content\/uploads\/2024\/12\/Durchfuehrungsbestimmungen_C2_neu.pdf\">Durchfuehrungsbestimmungen_C2_neu<\/a><\/li>\n<li><a href=\"https:\/\/www.dstenerife.eu\/wp-content\/uploads\/2024\/12\/DFB-2023-Goethe-Zertifikat-C2_Spanisch.pdf\">DFB 2023 Goethe-Zertifikat C2_Spanisch<\/a><\/li>\n<li><a href=\"https:\/\/www.dstenerife.eu\/wp-content\/uploads\/2024\/12\/Pruefungsziele_Testbeschreibung_C2.pdf\">Pruefungsziele_Testbeschreibung_C2<\/a><\/li>\n<\/ul>\n<\/li>\n<li>Goethe-PRO\n<ul>\n<li><a href=\"https:\/\/www.dstenerife.eu\/wp-content\/uploads\/2024\/12\/pruefungsordnung_gtp_pflege.pdf\">Pruefungsordnung_gtp_pflege<\/a><\/li>\n<li><a href=\"https:\/\/www.dstenerife.eu\/wp-content\/uploads\/2024\/12\/Pruefungsordnung_GTP.pdf\">Pruefungsordnung_GTP<\/a><\/li>\n<\/ul>\n<\/li>\n<\/ul>\n<h3>Informaci\u00f3n general<\/h3>\n<ul>\n<li><a href=\"https:\/\/www.dstenerife.eu\/wp-content\/uploads\/2024\/12\/Rahmenordnung-ueber-Deutsche-Sprachpruefungen-fuer-das-Studium-an-deutschen-Hochschulen.pdf\">Rahmenordnung-ueber-Deutsche-Sprachpruefungen-fuer-das-Studium-an-deutschen-Hochschulen<\/a><\/li>\n<li><a href=\"https:\/\/www.dstenerife.eu\/wp-content\/uploads\/2024\/12\/Prufungsordnung-2023_Spanisch.pdf\">Pr\u00fcfungsordnung 2023_Spanisch<\/a><\/li>\n<li><a href=\"https:\/\/www.dstenerife.eu\/wp-content\/uploads\/2024\/12\/Pruefungsordnung-Goethe.pdf\">Pruefungsordnung Goethe<\/a><\/li>\n<li><a href=\"https:\/\/www.dstenerife.eu\/wp-content\/uploads\/2024\/12\/anerkennung-goethe-zertifikat_B2-C2-1.pdf\">Anerkennung-goethe-zertifikat_B2-C2<\/a><\/li>\n<li><a href=\"https:\/\/www.dstenerife.eu\/wp-content\/uploads\/2024\/12\/Datenschutzrechtliche-Einwilligungserklarung-2014-Deutsch.pdf\">Datenschutzrechtliche Einwilligungserkl\u00e4rung 2014 Deutsch<\/a><\/li>\n<li><a href=\"https:\/\/www.dstenerife.eu\/wp-content\/uploads\/2024\/12\/Datenschutzrechtliche-Einwilligungserklarung-2014-Spanisch.pdf\">Datenschutzrechtliche Einwilligungserkl\u00e4rung 2014 Spanisch<\/a><\/li>\n<\/ul>\n","protected":false},"excerpt":{"rendered":"<p>El Instituto Goethe es el Centro Cultural de la Rep\u00fablica Federal de Alemania activo internacionalmente promoviendo [&hellip;]<\/p>\n","protected":false},"author":10,"featured_media":0,"parent":1944,"menu_order":3,"comment_status":"closed","ping_status":"closed","template":"","meta":{"site-sidebar-layout":"default","site-content-layout":"default","ast-site-content-layout":"default","site-content-style":"default","site-sidebar-style":"default","ast-global-header-display":"","ast-banner-title-visibility":"","ast-main-header-display":"","ast-hfb-above-header-display":"","ast-hfb-below-header-display":"","ast-hfb-mobile-header-display":"","site-post-title":"","ast-breadcrumbs-content":"","ast-featured-img":"","footer-sml-layout":"","ast-disable-related-posts":"","theme-transparent-header-meta":"default","adv-header-id-meta":"","stick-header-meta":"default","header-above-stick-meta":"","header-main-stick-meta":"","header-below-stick-meta":"","astra-migrate-meta-layouts":"set","ast-page-background-enabled":"default","ast-page-background-meta":{"desktop":{"background-color":"","background-image":"","background-repeat":"repeat","background-position":"center center","background-size":"auto","background-attachment":"scroll","background-type":"","background-media":"","overlay-type":"","overlay-color":"","overlay-opacity":"","overlay-gradient":""},"tablet":{"background-color":"","background-image":"","background-repeat":"repeat","background-position":"center center","background-size":"auto","background-attachment":"scroll","background-type":"","background-media":"","overlay-type":"","overlay-color":"","overlay-opacity":"","overlay-gradient":""},"mobile":{"background-color":"","background-image":"","background-repeat":"repeat","background-position":"center center","background-size":"auto","background-attachment":"scroll","background-type":"","background-media":"","overlay-type":"","overlay-color":"","overlay-opacity":"","overlay-gradient":""}},"ast-content-background-meta":{"desktop":{"background-color":"var(--ast-global-color-5)","background-image":"","background-repeat":"repeat","background-position":"center center","background-size":"auto","background-attachment":"scroll","background-type":"","background-media":"","overlay-type":"","overlay-color":"","overlay-opacity":"","overlay-gradient":""},"tablet":{"background-color":"var(--ast-global-color-5)","background-image":"","background-repeat":"repeat","background-position":"center center","background-size":"auto","background-attachment":"scroll","background-type":"","background-media":"","overlay-type":"","overlay-color":"","overlay-opacity":"","overlay-gradient":""},"mobile":{"background-color":"var(--ast-global-color-5)","background-image":"","background-repeat":"repeat","background-position":"center center","background-size":"auto","background-attachment":"scroll","background-type":"","background-media":"","overlay-type":"","overlay-color":"","overlay-opacity":"","overlay-gradient":""}},"_jet_sm_ready_style":"","_jet_sm_style":"","_jet_sm_controls_values":"","_jet_sm_fonts_collection":"","_jet_sm_fonts_links":"","footnotes":""},"schlagwortedst":[152],"wf_page_folders":[177,208],"class_list":["post-13679","page","type-page","status-publish","hentry","schlagwortedst-sideservice"],"_links":{"self":[{"href":"https:\/\/www.dstenerife.eu\/es\/wp-json\/wp\/v2\/pages\/13679","targetHints":{"allow":["GET"]}}],"collection":[{"href":"https:\/\/www.dstenerife.eu\/es\/wp-json\/wp\/v2\/pages"}],"about":[{"href":"https:\/\/www.dstenerife.eu\/es\/wp-json\/wp\/v2\/types\/page"}],"author":[{"embeddable":true,"href":"https:\/\/www.dstenerife.eu\/es\/wp-json\/wp\/v2\/users\/10"}],"replies":[{"embeddable":true,"href":"https:\/\/www.dstenerife.eu\/es\/wp-json\/wp\/v2\/comments?post=13679"}],"version-history":[{"count":20,"href":"https:\/\/www.dstenerife.eu\/es\/wp-json\/wp\/v2\/pages\/13679\/revisions"}],"predecessor-version":[{"id":107551,"href":"https:\/\/www.dstenerife.eu\/es\/wp-json\/wp\/v2\/pages\/13679\/revisions\/107551"}],"up":[{"embeddable":true,"href":"https:\/\/www.dstenerife.eu\/es\/wp-json\/wp\/v2\/pages\/1944"}],"wp:attachment":[{"href":"https:\/\/www.dstenerife.eu\/es\/wp-json\/wp\/v2\/media?parent=13679"}],"wp:term":[{"taxonomy":"schlagwortedst","embeddable":true,"href":"https:\/\/www.dstenerife.eu\/es\/wp-json\/wp\/v2\/schlagwortedst?post=13679"},{"taxonomy":"wf_page_folders","embeddable":true,"href":"https:\/\/www.dstenerife.eu\/es\/wp-json\/wp\/v2\/wf_page_folders?post=13679"}],"curies":[{"name":"wp","href":"https:\/\/api.w.org\/{rel}","templated":true}]}}