{"id":15195,"date":"2018-01-27T18:07:27","date_gmt":"2018-01-27T18:07:27","guid":{"rendered":"https:\/\/kopie.dst.deutsche-schule.eu\/?page_id=15195\/"},"modified":"2021-03-07T05:45:34","modified_gmt":"2021-03-07T05:45:34","slug":"otras-ofertas-escolares-y-extraescolares-de-refuerzo","status":"publish","type":"page","link":"https:\/\/www.dstenerife.eu\/es\/otras-ofertas-escolares-y-extraescolares-de-refuerzo\/","title":{"rendered":"Otras ofertas escolares y extraescolares de refuerzo"},"content":{"rendered":"<p><strong>Oferta extraescolar en idioma alem\u00e1n<\/strong><\/p>\n<p>Una parte integral de la oferta del Colegio Alem\u00e1n de Tenerife son las actividades extraescolares internas (profesoras y profesores) y de oferentes externos (p.ej. clubes), que tienen lugar por la tarde. Todos los alumnos pueden hacer uso de las mismas, solicit\u00e1ndolo previamente. La oferta, que cubre los \u00e1mbitos deportivo, art\u00edstico-est\u00e9tico, as\u00ed como el cient\u00edfico, var\u00eda anualmente.<br \/>\nLas ofertas extraescolares internas, en las que se incluye el \u201capoyo en las tareas\u201d, son impartidas por profesorado germano-hablante del colegio, de manera que a los alumnos participantes se les ofrece una experiencia idiom\u00e1tica vinculada y complaciente.<\/p>\n<p><img fetchpriority=\"high\" decoding=\"async\" class=\"alignnone size-medium wp-image-15200\" src=\"https:\/\/e969z83yjsq.exactdn.com\/wp-content\/uploads\/2018\/01\/K1600_GS-SuS-okt-2017-interlace-01-1140x536.jpg?strip=all\" alt=\"\" width=\"1140\" height=\"536\" srcset=\"https:\/\/e969z83yjsq.exactdn.com\/wp-content\/uploads\/2018\/01\/K1600_GS-SuS-okt-2017-interlace-01-1140x536.jpg?strip=all 1140w, https:\/\/e969z83yjsq.exactdn.com\/wp-content\/uploads\/2018\/01\/K1600_GS-SuS-okt-2017-interlace-01-640x301.jpg?strip=all 640w, https:\/\/e969z83yjsq.exactdn.com\/wp-content\/uploads\/2018\/01\/K1600_GS-SuS-okt-2017-interlace-01-180x85.jpg?strip=all 180w, https:\/\/e969z83yjsq.exactdn.com\/wp-content\/uploads\/2018\/01\/K1600_GS-SuS-okt-2017-interlace-01-768x361.jpg?strip=all 768w, https:\/\/e969z83yjsq.exactdn.com\/wp-content\/uploads\/2018\/01\/K1600_GS-SuS-okt-2017-interlace-01-1536x723.jpg?strip=all 1536w, https:\/\/e969z83yjsq.exactdn.com\/wp-content\/uploads\/2018\/01\/K1600_GS-SuS-okt-2017-interlace-01-2048x964.jpg?strip=all 2048w, https:\/\/e969z83yjsq.exactdn.com\/wp-content\/uploads\/2018\/01\/K1600_GS-SuS-okt-2017-interlace-01-638x300.jpg?strip=all 638w, https:\/\/e969z83yjsq.exactdn.com\/wp-content\/uploads\/2018\/01\/K1600_GS-SuS-okt-2017-interlace-01.jpg?strip=all&amp;w=510 510w, https:\/\/e969z83yjsq.exactdn.com\/wp-content\/uploads\/2018\/01\/K1600_GS-SuS-okt-2017-interlace-01.jpg?strip=all&amp;w=1020 1020w, https:\/\/e969z83yjsq.exactdn.com\/wp-content\/uploads\/2018\/01\/K1600_GS-SuS-okt-2017-interlace-01.jpg?strip=all 2550w, https:\/\/e969z83yjsq.exactdn.com\/wp-content\/uploads\/2018\/01\/K1600_GS-SuS-okt-2017-interlace-01.jpg?strip=all&amp;w=450 450w\" sizes=\"(max-width: 1140px) 100vw, 1140px\" \/><\/p>\n<p><strong>Concepci\u00f3n de juegos &#8211; Primaria<\/strong><\/p>\n<p>Los juegos sociales son un medio adecuado para el entrenamiento de competencias sociales y emocionales. Adem\u00e1s, est\u00e1n especialmente indicados para ampliar la capacidad ling\u00fc\u00edstica de nuestras alumnas y alumnos (v\u00e9ase concepci\u00f3n de juegos). El cuerpo docente de primaria ha recibido formaci\u00f3n en esta \u00e1rea durante el curso escolar 2015\/2016 y, a trav\u00e9s de la aportaci\u00f3n de la asociaci\u00f3n alemana \u201cSpiel des Jahres\u201d (\u201cJuego del A\u00f1o\u201d), ha logrado adquirir diversos juegos para las clases G1-G4, en los que puede participar la clase al completo. Estos se guardar\u00e1n en una zona accesible, por lo que el profesorado podr\u00e1 tomarlos prestados para trabajar en las clases, para el apoyo en las tareas, as\u00ed como utilizarlos en las horas de sustituci\u00f3n.<\/p>\n<p><strong>Consejo Estudiantil<\/strong><\/p>\n<p>El Consejo Estudiantil es para nosotros el intervalo horario oportuno, en el que las clases de Primaria pueden tratar, en forma democr\u00e1tica y bajo su propia responsabilidad, todas las tem\u00e1ticas de actualidad que afectan al colegio, a la clase y\/o a los alumnos o las alumnas. En el Consejo Estudiantil, tanto el profesorado como el alumnado act\u00faan en calidad de pares, iguales en derechos. Los alumnos, al abordar sus asuntos con apoyo, pero asumiendo su propia responsabilidad, van desarrollando las competencias personales y sociales, ponen en pr\u00e1ctica formas democr\u00e1ticas de comunicaci\u00f3n y hacen uso de la toma de decisiones. Es por todo ello que el Consejo Estudiantil contribuye a desarrollar la cultura democr\u00e1tica y las competencias democr\u00e1ticas. El Consejo Estudiantil sirve tambi\u00e9n para discutir y solucionar problemas interpersonales y emocionales de forma institucionalizada.<\/p>\n<p><strong>Fomento de la lectura con Antolin<\/strong><\/p>\n<p>Desde el curso escolar 2012\/2013, los ni\u00f1os tienen la posibilidad de trabajar con autonom\u00eda visitando la p\u00e1gina web www.antolin.de, haciendo uso de un programa que pueden utilizar en las clases, en la biblioteca escolar o en casa. Para ello, podr\u00e1n sacar en pr\u00e9stamo libros de la biblioteca. Tras la lectura, contestan preguntas relacionadas con el libro. A la hora de utilizar dicho programa, cada uno tiene su propio nombre de usuario y contrase\u00f1a. Los tutores administran las listas de la clase y disponen en todo momento de una visi\u00f3n general del trabajo que sus alumnos han ido realizando a trav\u00e9s de Antolin. Adicionalmente dispone de un sistema motivador que ofrece feedback y refuerza los \u00e9xitos en el aprendizaje.<\/p>\n<p><strong>Proyectos a lo largo del a\u00f1o<\/strong><\/p>\n<p>En Primaria se organizan con regularidad fiestas y proyectos, condicionados por un lado por la estacionalidad (p.ej. la fiesta del verano, la fiesta de navidad, &#8230;), y por otro motivados por asuntos de actualidad (presentaciones finales de proyectos y actividades extraescolares, aniversarios, escolarizaci\u00f3n, semana de los juegos, d\u00eda de puertas abiertas, etc.).<br \/>\nAdem\u00e1s, los d\u00edas de proyecto, al igual que la semana de proyectos, se han ideado para propiciar el uso del idioma en temas interesantes relacionados con la realidad cotidiana de los ni\u00f1os. En dichas ocasiones se no aplica el horario regular.<\/p>\n<p><img decoding=\"async\" class=\"alignnone size-medium wp-image-15202\" src=\"https:\/\/e969z83yjsq.exactdn.com\/wp-content\/uploads\/2018\/01\/K1600_GS-SuS-okt-2017-interlace-02-2-1140x620.jpg?strip=all\" alt=\"\" width=\"1140\" height=\"620\" srcset=\"https:\/\/e969z83yjsq.exactdn.com\/wp-content\/uploads\/2018\/01\/K1600_GS-SuS-okt-2017-interlace-02-2-1140x620.jpg?strip=all 1140w, https:\/\/e969z83yjsq.exactdn.com\/wp-content\/uploads\/2018\/01\/K1600_GS-SuS-okt-2017-interlace-02-2-640x348.jpg?strip=all 640w, https:\/\/e969z83yjsq.exactdn.com\/wp-content\/uploads\/2018\/01\/K1600_GS-SuS-okt-2017-interlace-02-2-180x98.jpg?strip=all 180w, https:\/\/e969z83yjsq.exactdn.com\/wp-content\/uploads\/2018\/01\/K1600_GS-SuS-okt-2017-interlace-02-2-768x417.jpg?strip=all 768w, https:\/\/e969z83yjsq.exactdn.com\/wp-content\/uploads\/2018\/01\/K1600_GS-SuS-okt-2017-interlace-02-2-1536x835.jpg?strip=all 1536w, https:\/\/e969z83yjsq.exactdn.com\/wp-content\/uploads\/2018\/01\/K1600_GS-SuS-okt-2017-interlace-02-2-2048x1113.jpg?strip=all 2048w, https:\/\/e969z83yjsq.exactdn.com\/wp-content\/uploads\/2018\/01\/K1600_GS-SuS-okt-2017-interlace-02-2-552x300.jpg?strip=all 552w, https:\/\/e969z83yjsq.exactdn.com\/wp-content\/uploads\/2018\/01\/K1600_GS-SuS-okt-2017-interlace-02-2.jpg?strip=all&amp;w=441 441w, https:\/\/e969z83yjsq.exactdn.com\/wp-content\/uploads\/2018\/01\/K1600_GS-SuS-okt-2017-interlace-02-2.jpg?strip=all&amp;w=883 883w, https:\/\/e969z83yjsq.exactdn.com\/wp-content\/uploads\/2018\/01\/K1600_GS-SuS-okt-2017-interlace-02-2.jpg?strip=all&amp;w=1324 1324w, https:\/\/e969z83yjsq.exactdn.com\/wp-content\/uploads\/2018\/01\/K1600_GS-SuS-okt-2017-interlace-02-2.jpg?strip=all&amp;w=1766 1766w, https:\/\/e969z83yjsq.exactdn.com\/wp-content\/uploads\/2018\/01\/K1600_GS-SuS-okt-2017-interlace-02-2.jpg?strip=all 2208w\" sizes=\"(max-width: 1140px) 100vw, 1140px\" \/><\/p>\n<p><strong>Estructuras de los equipos docentes\/ comunidades colegiales de aprendizaje o visitas mutuas de profesores en el aula<\/strong><\/p>\n<p>Con el fin de mejorar la calidad de las clases en el Colegio Alem\u00e1n de Tenerife, se contemplan anualmente unas visitas colegiales al aula, es decir, los profesores se visitan mutuamente en el aula para observar la forma de impartir las clases. Dichas visitas se realizan en un periodo de tiempo preestablecido y, a la hora de prepararlas y hacerles un seguimiento, se lleva a cabo una exenci\u00f3n de las obligaciones lectivas. De esta manera se perpet\u00faa el \u201ctrabajo en t\u00e1ndem\u201d que ya se viene implementado en Primaria desde hace muchos a\u00f1os. La Direcci\u00f3n Escolar desea que se saque provecho de la observaci\u00f3n colegial directa de las clases, pero que sea voluntaria, y lo que m\u00e1s tiene en cuenta es la participaci\u00f3n y los puntos fuertes observados por los colegas. En el a\u00f1o escolar 2017\/2018, el equipo de profesores de Primaria tiene planeado participar en el proyecto piloto escolar \u201ccomunidades colegiales de aprendizaje\u201d en las asignaturas de ciencias sociales en alem\u00e1n y en espa\u00f1ol.<br \/>\nEl profesorado de Primaria trabaja fundamentalmente en estructuras de equipo diferentes, enfocadas a cada curso, pero tambi\u00e9n lo hace conjuntamente en grupos de trabajo cuando tratan temas de desarrollo escolar establecidos, para as\u00ed, entre otros, poder preparar las lecciones conjuntamente y de forma detallada.<\/p>\n<p><strong>Apoyo a trav\u00e9s de personal en pr\u00e1cticas<\/strong><\/p>\n<p>Por norma general, a lo largo del a\u00f1o, en Primaria se acoge a educadores y docentes en pr\u00e1cticas provenientes de Alemania por un periodo de uno a tres meses (en casos excepcionales hasta seis meses), que se reparten de forma equilibrada entre las clases de G1-G4.<br \/>\nEntre sus tareas cuentan con la observaci\u00f3n de clases y la participaci\u00f3n activa en las lecciones, as\u00ed como con la realizaci\u00f3n de actividades provechosas para el profesorado y los distintos cursos. Atienden a peque\u00f1os grupos de alumnos, impulsan la programaci\u00f3n y ejecuci\u00f3n de todas las fiestas o proyectos y pueden participar en las reuniones. Seg\u00fan las directrices educativas, las personas en pr\u00e1cticas han de desarrollar proyectos propios y llevarlos a cabo. De asesorarlos se encarga el profesorado que los instruye, quien al finalizar el periodo de pr\u00e1cticas redacta un informe final sobre los servicios prestados.<br \/>\nUna de las profesoras, la Sra. Hirth, asume la responsabilidad de la coordinaci\u00f3n.<br \/>\nConsideramos que este sistema de apoyo es muy importante en el marco de la adquisici\u00f3n del idioma. Las personas que realizan las pr\u00e1cticas son exclusivamente alemanas y sirven como buenos modelos ling\u00fc\u00edsticos en el quehacer escolar diario y, en parte, se alojan en calidad de au pairs en familias o se ocupan de los ni\u00f1os por las tardes.<\/p>\n<p><strong>Trabajo parental<\/strong><\/p>\n<p>Los ni\u00f1os aprenden con mayor eficacia cuando se ven apoyados por sus progenitores. Es por ello que la implicaci\u00f3n de los padres y su compromiso con las tareas escolares resultan condiciones indispensables para el \u00e9xito en el trabajo escolar.<\/p>\n<ul>\n<li>Consideramos que el respaldo parental en el desarrollo ling\u00fc\u00edstico de los ni\u00f1os es un requisito indispensable y por ese motivo asesoramos consecuentemente a los padres. Las siguientes opciones se contemplan como medidas de apoyo<\/li>\n<li>Participaci\u00f3n de los padres en cursos de alem\u00e1n (p.ej. Instituto Goethe)<\/li>\n<li>Sistemas de apoyo en casa: &#8211; Acoger a au pairs &#8211; Contacto privado\/amistades con compa\u00f1eros\/as de clase germanohablantes &#8211; Participar en viajes de intercambio a Alemania \/ planificaci\u00f3n vacacional &#8211; Uso de medios alemanes (libros, televisi\u00f3n, pel\u00edculas, \u2026)<\/li>\n<li>Actitud positiva frente al alem\u00e1n como lengua extranjera y hacia la cultura alemana<\/li>\n<li>Participaci\u00f3n constructiva en la vida escolar<\/li>\n<li>Sistemas de refuerzo extraescolar para la primera lengua y\/o la lengua extranjera (p.ej. ergoterapia, logopedia, refuerzo idiom\u00e1tico, ayudas en caso de mostrar deficiencias en determinados \u00e1mbitos)<\/li>\n<\/ul>\n<p><a href=\"https:\/\/www.dstenerife.eu\/es\/abc-primaria\/\">Por aqu\u00ed se llega al ABC de la primaria<\/a><\/p>\n","protected":false},"excerpt":{"rendered":"<p>Oferta extraescolar en idioma alem\u00e1n Una parte integral de la oferta del Colegio Alem\u00e1n de Tenerife [&hellip;]<\/p>\n","protected":false},"author":10,"featured_media":0,"parent":0,"menu_order":6,"comment_status":"closed","ping_status":"closed","template":"","meta":{"site-sidebar-layout":"default","site-content-layout":"","ast-site-content-layout":"default","site-content-style":"default","site-sidebar-style":"default","ast-global-header-display":"","ast-banner-title-visibility":"","ast-main-header-display":"","ast-hfb-above-header-display":"","ast-hfb-below-header-display":"","ast-hfb-mobile-header-display":"","site-post-title":"","ast-breadcrumbs-content":"","ast-featured-img":"","footer-sml-layout":"","ast-disable-related-posts":"","theme-transparent-header-meta":"","adv-header-id-meta":"","stick-header-meta":"","header-above-stick-meta":"","header-main-stick-meta":"","header-below-stick-meta":"","astra-migrate-meta-layouts":"default","ast-page-background-enabled":"default","ast-page-background-meta":{"desktop":{"background-color":"","background-image":"","background-repeat":"repeat","background-position":"center center","background-size":"auto","background-attachment":"scroll","background-type":"","background-media":"","overlay-type":"","overlay-color":"","overlay-opacity":"","overlay-gradient":""},"tablet":{"background-color":"","background-image":"","background-repeat":"repeat","background-position":"center center","background-size":"auto","background-attachment":"scroll","background-type":"","background-media":"","overlay-type":"","overlay-color":"","overlay-opacity":"","overlay-gradient":""},"mobile":{"background-color":"","background-image":"","background-repeat":"repeat","background-position":"center center","background-size":"auto","background-attachment":"scroll","background-type":"","background-media":"","overlay-type":"","overlay-color":"","overlay-opacity":"","overlay-gradient":""}},"ast-content-background-meta":{"desktop":{"background-color":"var(--ast-global-color-5)","background-image":"","background-repeat":"repeat","background-position":"center center","background-size":"auto","background-attachment":"scroll","background-type":"","background-media":"","overlay-type":"","overlay-color":"","overlay-opacity":"","overlay-gradient":""},"tablet":{"background-color":"var(--ast-global-color-5)","background-image":"","background-repeat":"repeat","background-position":"center center","background-size":"auto","background-attachment":"scroll","background-type":"","background-media":"","overlay-type":"","overlay-color":"","overlay-opacity":"","overlay-gradient":""},"mobile":{"background-color":"var(--ast-global-color-5)","background-image":"","background-repeat":"repeat","background-position":"center center","background-size":"auto","background-attachment":"scroll","background-type":"","background-media":"","overlay-type":"","overlay-color":"","overlay-opacity":"","overlay-gradient":""}},"_jet_sm_ready_style":"","_jet_sm_style":"","_jet_sm_controls_values":"","_jet_sm_fonts_collection":"","_jet_sm_fonts_links":"","footnotes":""},"schlagwortedst":[],"wf_page_folders":[183],"class_list":["post-15195","page","type-page","status-publish","hentry"],"_links":{"self":[{"href":"https:\/\/www.dstenerife.eu\/es\/wp-json\/wp\/v2\/pages\/15195","targetHints":{"allow":["GET"]}}],"collection":[{"href":"https:\/\/www.dstenerife.eu\/es\/wp-json\/wp\/v2\/pages"}],"about":[{"href":"https:\/\/www.dstenerife.eu\/es\/wp-json\/wp\/v2\/types\/page"}],"author":[{"embeddable":true,"href":"https:\/\/www.dstenerife.eu\/es\/wp-json\/wp\/v2\/users\/10"}],"replies":[{"embeddable":true,"href":"https:\/\/www.dstenerife.eu\/es\/wp-json\/wp\/v2\/comments?post=15195"}],"version-history":[{"count":0,"href":"https:\/\/www.dstenerife.eu\/es\/wp-json\/wp\/v2\/pages\/15195\/revisions"}],"wp:attachment":[{"href":"https:\/\/www.dstenerife.eu\/es\/wp-json\/wp\/v2\/media?parent=15195"}],"wp:term":[{"taxonomy":"schlagwortedst","embeddable":true,"href":"https:\/\/www.dstenerife.eu\/es\/wp-json\/wp\/v2\/schlagwortedst?post=15195"},{"taxonomy":"wf_page_folders","embeddable":true,"href":"https:\/\/www.dstenerife.eu\/es\/wp-json\/wp\/v2\/wf_page_folders?post=15195"}],"curies":[{"name":"wp","href":"https:\/\/api.w.org\/{rel}","templated":true}]}}