{"id":2159,"date":"2015-08-18T23:04:32","date_gmt":"2015-08-18T23:04:32","guid":{"rendered":"http:\/\/dstenerife.ducklingit.com\/?page_id=2159"},"modified":"2019-07-30T06:41:27","modified_gmt":"2019-07-30T06:41:27","slug":"candidatura-como-alumno-en-practicas","status":"publish","type":"page","link":"https:\/\/www.dstenerife.eu\/es\/colegio\/candidatura-como-alumno-en-practicas\/","title":{"rendered":"Candidatura como alumno en pr\u00e1cticas"},"content":{"rendered":"<p><strong>Pr\u00e1cticas en la Guarder\u00eda y en el Kindergarten<\/strong><\/p>\n<p>La Guarder\u00eda y el Kindergarten ofrecen la posibilidad de realizar sus pr\u00e1cticas en empresas a educadores y maestros en formaci\u00f3n. La duraci\u00f3n de las pr\u00e1cticas puede ser de medio a\u00f1o o un a\u00f1o completo.<\/p>\n<p>Ofrecemos un asesoramiento y supervisi\u00f3n experta. El horario de trabajo depender\u00e1 del horario de apertura de la Guarder\u00eda y del Kindergarten.<\/p>\n<p>Disponemos de plazas limitadas para las pr\u00e1cticas, por lo que rogamos que env\u00eden sus candidaturas a tiempo: Carta de presentaci\u00f3n, curr\u00edculum vitae, fotograf\u00eda, justificante de matriculaci\u00f3n en el centro de formaci\u00f3n, certificados de otras actividades pedag\u00f3gicas, estancias en el extranjero y competencias ling\u00fc\u00edsticas, etc.<\/p>\n<p>Debido al gran n\u00famero de candidaturas tambi\u00e9n juega un papel la forma. Rogamos que se aseguren de enviar la documentaci\u00f3n al completo.<\/p>\n<p><strong>Pr\u00e1cticas en la Primaria o en la Secundaria<\/strong><\/p>\n<p>El DST es un colegio en el extranjero privado y por lo tanto no est\u00e1 obligado a admitir a alumnos en pr\u00e1cticas. Disponemos de un n\u00famero limitado de plazas para alumnos en pr\u00e1cticas, por lo que, en general, se ofrecen a estudiantes que se est\u00e9n formando como profesores.<\/p>\n<p>El <strong>departamento de M\u00fasica<\/strong> est\u00e1 muy interesado en acoger a alumnos en pr\u00e1cticas que deseen adquirir experiencia en el trabajo con <strong>clases de instrumento<\/strong> de viento. El Colegio Alem\u00e1n de Santa Cruz de Tenerife dispone de cuatro clases de instrumentos de viento de las clases 5-6 y la actividad extraescolar de Banda (Big-Band). Se asegura el apoyo de los diferentes profesores de m\u00fasica.<\/p>\n<p>Pueden presentar su candidatura para realizar las pr\u00e1cticas en la Primaria o en la Secundaria. En la Primaria se puede realizar las pr\u00e1cticas el curso completo.<\/p>\n<p>Las pr\u00e1cticas con la <strong>asignatura de Espa\u00f1ol<\/strong> est\u00e1 limitada.<\/p>\n<p>Las solicitudes grupales en general tienen menos posibilidades de \u00e9xito, ya que procuramos atender a cada alumno en pr\u00e1cticas individualmente.<\/p>\n<p>Al finalizar las pr\u00e1cticas, esperamos un informe de pr\u00e1cticas detallado. Siendo tambi\u00e9n un requisito para la obtenci\u00f3n de un certificado de unas pr\u00e1cticas exitosas.<\/p>\n<p><strong>Procedimiento para obtener una plaza de pr\u00e1cticas:<\/strong><\/p>\n<p>En la Secundaria se recomienda comenzar las pr\u00e1cticas a principio de curso en septiembre o en el cambio de semestre en febrero. Las pr\u00e1cticas han de tener una duraci\u00f3n m\u00ednima de tres meses. Unas pr\u00e1cticas por menos tiempo no favorecen al alumno en pr\u00e1cticas ni al colegio. El objetivo de los estudiantes deber\u00eda ser la Educaci\u00f3n Secundaria.<\/p>\n<p><strong>Documentaci\u00f3n<\/strong><\/p>\n<p>Por favor, env\u00ede su solicitud para una pasant\u00eda en el Kindergartrn o en la\u00a0 primaria a <a href=\"mailto:dstenerife@dstenerife.eu\">dstenerife@dstenerife.eu <\/a>con el tema \u00abPr\u00e1ctica Kindergarten\u00bb o \u00abPr\u00e1crtica Primaria\u00bb.<\/p>\n<p>Para realizar una pr\u00e1ctica en los niveles de secundaria I\/II, env\u00ede su solicitud a <a href=\"mailto:praktikumsekundaria@dstenerife.eu\">praktikumsekundaria@dstenerife.eu<\/a> con el asunto \u00abPr\u00e1ctica Secundaria\u00bb.<\/p>\n<p>La documentaci\u00f3n debe incluir:<\/p>\n<ul>\n<li>Carta de presentaci\u00f3n<\/li>\n<li>Curr\u00edculo vitae y fotograf\u00eda<\/li>\n<li>Esquema sobre los estudios realizados hasta la fecha<\/li>\n<li>Certificado de Madurez<\/li>\n<li>Justificante de estudios actuales<\/li>\n<li>Forma, periodo y exigencias de sus pr\u00e1cticas<\/li>\n<li>Informaci\u00f3n sobre los requisitos de las pr\u00e1cticas, en cuanto a las horas a impartir clases y realizar visitas a clases. (Adjuntar el reglamento de pr\u00e1cticas)<\/li>\n<li>Su correo electr\u00f3nico con el fin de poder contactarle r\u00e1pida y fiablemente.<\/li>\n<\/ul>\n","protected":false},"excerpt":{"rendered":"<p>Pr\u00e1cticas en la Guarder\u00eda y en el Kindergarten La Guarder\u00eda y el Kindergarten ofrecen la posibilidad [&hellip;]<\/p>\n","protected":false},"author":10,"featured_media":0,"parent":902,"menu_order":1,"comment_status":"closed","ping_status":"closed","template":"","meta":{"site-sidebar-layout":"default","site-content-layout":"","ast-site-content-layout":"default","site-content-style":"default","site-sidebar-style":"default","ast-global-header-display":"","ast-banner-title-visibility":"","ast-main-header-display":"","ast-hfb-above-header-display":"","ast-hfb-below-header-display":"","ast-hfb-mobile-header-display":"","site-post-title":"","ast-breadcrumbs-content":"","ast-featured-img":"","footer-sml-layout":"","ast-disable-related-posts":"","theme-transparent-header-meta":"","adv-header-id-meta":"","stick-header-meta":"","header-above-stick-meta":"","header-main-stick-meta":"","header-below-stick-meta":"","astra-migrate-meta-layouts":"default","ast-page-background-enabled":"default","ast-page-background-meta":{"desktop":{"background-color":"","background-image":"","background-repeat":"repeat","background-position":"center center","background-size":"auto","background-attachment":"scroll","background-type":"","background-media":"","overlay-type":"","overlay-color":"","overlay-opacity":"","overlay-gradient":""},"tablet":{"background-color":"","background-image":"","background-repeat":"repeat","background-position":"center center","background-size":"auto","background-attachment":"scroll","background-type":"","background-media":"","overlay-type":"","overlay-color":"","overlay-opacity":"","overlay-gradient":""},"mobile":{"background-color":"","background-image":"","background-repeat":"repeat","background-position":"center center","background-size":"auto","background-attachment":"scroll","background-type":"","background-media":"","overlay-type":"","overlay-color":"","overlay-opacity":"","overlay-gradient":""}},"ast-content-background-meta":{"desktop":{"background-color":"var(--ast-global-color-5)","background-image":"","background-repeat":"repeat","background-position":"center center","background-size":"auto","background-attachment":"scroll","background-type":"","background-media":"","overlay-type":"","overlay-color":"","overlay-opacity":"","overlay-gradient":""},"tablet":{"background-color":"var(--ast-global-color-5)","background-image":"","background-repeat":"repeat","background-position":"center center","background-size":"auto","background-attachment":"scroll","background-type":"","background-media":"","overlay-type":"","overlay-color":"","overlay-opacity":"","overlay-gradient":""},"mobile":{"background-color":"var(--ast-global-color-5)","background-image":"","background-repeat":"repeat","background-position":"center center","background-size":"auto","background-attachment":"scroll","background-type":"","background-media":"","overlay-type":"","overlay-color":"","overlay-opacity":"","overlay-gradient":""}},"_jet_sm_ready_style":"","_jet_sm_style":"","_jet_sm_controls_values":"","_jet_sm_fonts_collection":"","_jet_sm_fonts_links":"","footnotes":""},"schlagwortedst":[],"wf_page_folders":[],"class_list":["post-2159","page","type-page","status-publish","hentry"],"_links":{"self":[{"href":"https:\/\/www.dstenerife.eu\/es\/wp-json\/wp\/v2\/pages\/2159","targetHints":{"allow":["GET"]}}],"collection":[{"href":"https:\/\/www.dstenerife.eu\/es\/wp-json\/wp\/v2\/pages"}],"about":[{"href":"https:\/\/www.dstenerife.eu\/es\/wp-json\/wp\/v2\/types\/page"}],"author":[{"embeddable":true,"href":"https:\/\/www.dstenerife.eu\/es\/wp-json\/wp\/v2\/users\/10"}],"replies":[{"embeddable":true,"href":"https:\/\/www.dstenerife.eu\/es\/wp-json\/wp\/v2\/comments?post=2159"}],"version-history":[{"count":0,"href":"https:\/\/www.dstenerife.eu\/es\/wp-json\/wp\/v2\/pages\/2159\/revisions"}],"up":[{"embeddable":true,"href":"https:\/\/www.dstenerife.eu\/es\/wp-json\/wp\/v2\/pages\/902"}],"wp:attachment":[{"href":"https:\/\/www.dstenerife.eu\/es\/wp-json\/wp\/v2\/media?parent=2159"}],"wp:term":[{"taxonomy":"schlagwortedst","embeddable":true,"href":"https:\/\/www.dstenerife.eu\/es\/wp-json\/wp\/v2\/schlagwortedst?post=2159"},{"taxonomy":"wf_page_folders","embeddable":true,"href":"https:\/\/www.dstenerife.eu\/es\/wp-json\/wp\/v2\/wf_page_folders?post=2159"}],"curies":[{"name":"wp","href":"https:\/\/api.w.org\/{rel}","templated":true}]}}