{"id":37475,"date":"2021-04-16T04:40:36","date_gmt":"2021-04-16T04:40:36","guid":{"rendered":"https:\/\/kopie.dst.deutsche-schule.eu\/interne-sitemap-als-hilfsmitel-vor-der-veroeffentlichung\/"},"modified":"2021-06-04T16:51:09","modified_gmt":"2021-06-04T16:51:09","slug":"interne-sitemap-als-hilfsmitel-vor-der-veroeffentlichung","status":"publish","type":"page","link":"https:\/\/www.dstenerife.eu\/es\/interne-sitemap-als-hilfsmitel-vor-der-veroeffentlichung\/","title":{"rendered":"Interne Sitemap als Hilfsmitel vor der Ver\u00f6ffentlichung"},"content":{"rendered":"<p>Diese Sitemap soll uns helfen die Seitenstruktur zu optimieren.<\/p>\n<p><div class=\"wsp-container\"><h2 class=\"wsp-pages-title\">P\u00e1ginas<\/h2>\n<ul class=\"wsp-pages-list\">\n<li class=\"page_item page-item-6199 menu-item\"><a href=\"https:\/\/www.dstenerife.eu\/es\/fiesta-de-verano-en-la-primaria\/\" class=\"menu-link\">Fiesta de verano en la Primaria<\/a><\/li>\n<li class=\"page_item page-item-20166 menu-item\"><a href=\"https:\/\/www.dstenerife.eu\/es\/tiempo\/\" class=\"menu-link\">Tiempo<\/a><\/li>\n<li class=\"page_item page-item-28545 menu-item\"><a href=\"https:\/\/www.dstenerife.eu\/es\/material-de-secundaria-para-trabajar-en-casa-durante-el-cierre-del-colegio\/\" class=\"menu-link\">Material de secundaria para trabajar en casa durante el cierre del colegio<\/a><\/li>\n<li class=\"page_item page-item-37475 menu-item\"><a href=\"https:\/\/www.dstenerife.eu\/es\/interne-sitemap-als-hilfsmitel-vor-der-veroeffentlichung\/\" class=\"menu-link\">Interne Sitemap als Hilfsmitel vor der Ver\u00f6ffentlichung<\/a><\/li>\n<li class=\"page_item page-item-42463 menu-item\"><a href=\"https:\/\/www.dstenerife.eu\/es\/pagina-elementor-castellano-tarducido-con-wpml\/\" class=\"menu-link\">Pagina Elementor Castellano traducido con WPML<\/a><\/li>\n<li class=\"page_item page-item-42482 menu-item\"><a href=\"https:\/\/www.dstenerife.eu\/es\/variante-2-wpml-uebersetzung\/\" class=\"menu-link\">Variante 2 WPML Castellano<\/a><\/li>\n<li class=\"page_item page-item-45921 menu-item\"><a href=\"https:\/\/www.dstenerife.eu\/es\/tareas-de-repaso-luz-primaria\/\" class=\"menu-link\">Tareas de repaso (L\u00dcZ)-Primaria<\/a><\/li>\n<li class=\"page_item page-item-47209 menu-item\"><a href=\"https:\/\/www.dstenerife.eu\/es\/elementor-47209\/\" class=\"menu-link\">Elementor #47209<\/a><\/li>\n<li class=\"page_item page-item-48144 menu-item\"><a href=\"https:\/\/www.dstenerife.eu\/es\/campana-de-venta-de-navidad-de-las-clases-11\/\" class=\"menu-link\">Campa\u00f1a de venta de Navidad de las clases 11<\/a><\/li>\n<li class=\"page_item page-item-48554 menu-item\"><a href=\"https:\/\/www.dstenerife.eu\/es\/cookie-policy-eu\/\" class=\"menu-link\">Cookie Policy (EU)<\/a><\/li>\n<li class=\"page_item page-item-62040 menu-item\"><a href=\"https:\/\/www.dstenerife.eu\/es\/ofertas-provisionales-de-las-actividades-extraescolares-en-el-ano-escolar-2023-24\/\" class=\"menu-link\">Ofertas provisionales de las actividades extraescolares en el a\u00f1o escolar 2023-24<\/a><\/li>\n<li class=\"page_item page-item-107562 menu-item\"><a href=\"https:\/\/www.dstenerife.eu\/es\/test-calendar\/\" class=\"menu-link\">test calendar<\/a><\/li>\n<li class=\"page_item page-item-24371 menu-item\"><a href=\"https:\/\/www.dstenerife.eu\/es\/calendario\/\" class=\"menu-link\">Calendario<\/a><\/li>\n<li class=\"page_item page-item-24573 menu-item\"><a href=\"https:\/\/www.dstenerife.eu\/es\/educadoras-y-educadores-en-el-centro-infantil\/\" class=\"menu-link\">Educadoras y educadores en el Centro Infantil<\/a><\/li>\n<li class=\"page_item page-item-32883 menu-item\"><a href=\"https:\/\/www.dstenerife.eu\/es\/\" class=\"menu-link\">Inicio<\/a><\/li>\n<li class=\"page_item page-item-902 page_item_has_children menu-item menu-item-has-children\"><a href=\"https:\/\/www.dstenerife.eu\/es\/colegio\/\" class=\"menu-link\">Colegio<\/a>\n<ul class='children'>\n\t<li class=\"page_item page-item-107614 menu-item\"><a href=\"https:\/\/www.dstenerife.eu\/es\/colegio\/calendarioics\/\" class=\"menu-link\">Calendario<\/a><\/li>\n\t<li class=\"page_item page-item-86485 menu-item\"><a href=\"https:\/\/www.dstenerife.eu\/es\/colegio\/protocolos\/\" class=\"menu-link\">Protocolos<\/a><\/li>\n\t<li class=\"page_item page-item-104034 menu-item\"><a href=\"https:\/\/www.dstenerife.eu\/es\/colegio\/dst-aktuell\/\" class=\"menu-link\">DST Aktuell<\/a><\/li>\n\t<li class=\"page_item page-item-2159 menu-item\"><a href=\"https:\/\/www.dstenerife.eu\/es\/colegio\/candidatura-como-alumno-en-practicas\/\" class=\"menu-link\">Candidatura como alumno en pr\u00e1cticas<\/a><\/li>\n\t<li class=\"page_item page-item-42129 menu-item\"><a href=\"https:\/\/www.dstenerife.eu\/es\/colegio\/faq\/\" class=\"menu-link\">FAQ<\/a><\/li>\n\t<li class=\"page_item page-item-42148 page_item_has_children menu-item menu-item-has-children\"><a href=\"https:\/\/www.dstenerife.eu\/es\/colegio\/planes-y-conceptos-escolares\/\" class=\"menu-link\">Planes y programas escolares<\/a>\n\t<ul class='children'>\n\t\t<li class=\"page_item page-item-39905 menu-item\"><a href=\"https:\/\/www.dstenerife.eu\/es\/colegio\/planes-y-conceptos-escolares\/ensenanza-a-distancia\/\" class=\"menu-link\">Ense\u00f1anza a distancia<\/a><\/li>\n\t\t<li class=\"page_item page-item-45309 menu-item\"><a href=\"https:\/\/www.dstenerife.eu\/es\/colegio\/planes-y-conceptos-escolares\/educacion-a-la-democracia\/\" class=\"menu-link\">Educaci\u00f3n a la democracia<\/a><\/li>\n\t\t<li class=\"page_item page-item-45787 menu-item\"><a href=\"https:\/\/www.dstenerife.eu\/es\/colegio\/planes-y-conceptos-escolares\/dfu\/\" class=\"menu-link\">Ense\u00f1anza espec\u00edfica en alem\u00e1n (DFU)<\/a><\/li>\n\t\t<li class=\"page_item page-item-868 menu-item\"><a href=\"https:\/\/www.dstenerife.eu\/es\/colegio\/planes-y-conceptos-escolares\/aprendizaje-social\/\" class=\"menu-link\">Aprendizaje social<\/a><\/li>\n\t\t<li class=\"page_item page-item-3290 menu-item\"><a href=\"https:\/\/www.dstenerife.eu\/es\/colegio\/planes-y-conceptos-escolares\/clases-de-instrumentos-de-viento\/\" class=\"menu-link\">Clases de instrumentos de viento<\/a><\/li>\n\t\t<li class=\"page_item page-item-1546 page_item_has_children menu-item menu-item-has-children\"><a href=\"https:\/\/www.dstenerife.eu\/es\/colegio\/planes-y-conceptos-escolares\/intercambios-y-viajes\/\" class=\"menu-link\">Intercambios y viajes<\/a>\n\t\t<ul class='children'>\n\t\t\t<li class=\"page_item page-item-3072 menu-item\"><a href=\"https:\/\/www.dstenerife.eu\/es\/colegio\/planes-y-conceptos-escolares\/intercambios-y-viajes\/informacion-intercambio-clase-9\/\" class=\"menu-link\">Informaci\u00f3n del Intercambio de las clases 9<\/a><\/li>\n\t\t<\/ul>\n<\/li>\n\t\t<li class=\"page_item page-item-1674 page_item_has_children menu-item menu-item-has-children\"><a href=\"https:\/\/www.dstenerife.eu\/es\/colegio\/planes-y-conceptos-escolares\/intercambio-individual-2\/\" class=\"menu-link\">Intercambio individual<\/a>\n\t\t<ul class='children'>\n\t\t\t<li class=\"page_item page-item-1657 menu-item\"><a href=\"https:\/\/www.dstenerife.eu\/es\/colegio\/planes-y-conceptos-escolares\/intercambio-individual-2\/los-pasos-para-participar-en-el-intercambio-individual\/\" class=\"menu-link\">Los pasos para participar en el intercambio individual<\/a><\/li>\n\t\t<\/ul>\n<\/li>\n\t\t<li class=\"page_item page-item-29532 menu-item\"><a href=\"https:\/\/www.dstenerife.eu\/es\/colegio\/planes-y-conceptos-escolares\/el-colegio-virtual\/\" class=\"menu-link\">El colegio virtual<\/a><\/li>\n\t\t<li class=\"page_item page-item-3284 menu-item\"><a href=\"https:\/\/www.dstenerife.eu\/es\/colegio\/planes-y-conceptos-escolares\/curso-de-preparacion-para-alumnas-y-alumnos-nuevas-y-nuevos\/\" class=\"menu-link\">Curso de preparaci\u00f3n para el alumnado nuevo<\/a><\/li>\n\t<\/ul>\n<\/li>\n\t<li class=\"page_item page-item-825 menu-item\"><a href=\"https:\/\/www.dstenerife.eu\/es\/colegio\/numeros-y-hechos\/\" class=\"menu-link\">N\u00fameros y datos<\/a><\/li>\n\t<li class=\"page_item page-item-1950 menu-item\"><a href=\"https:\/\/www.dstenerife.eu\/es\/colegio\/reglamentos\/\" class=\"menu-link\">Reglamentos<\/a><\/li>\n\t<li class=\"page_item page-item-543 menu-item\"><a href=\"https:\/\/www.dstenerife.eu\/es\/colegio\/schulprofil-und-leitbild\/\" class=\"menu-link\">Perfil e ideario escolar<\/a><\/li>\n\t<li class=\"page_item page-item-814 menu-item\"><a href=\"https:\/\/www.dstenerife.eu\/es\/colegio\/historia-de-colegio\/\" class=\"menu-link\">Historia del colegio<\/a><\/li>\n\t<li class=\"page_item page-item-3533 menu-item\"><a href=\"https:\/\/www.dstenerife.eu\/es\/colegio\/nuestro-colegio-en-la-prensa\/\" class=\"menu-link\">Nuestro colegio en la prensa<\/a><\/li>\n\t<li class=\"page_item page-item-1901 menu-item\"><a href=\"https:\/\/www.dstenerife.eu\/es\/colegio\/contacto-y\/\" class=\"menu-link\">Contacto y direcci\u00f3n<\/a><\/li>\n\t<li class=\"page_item page-item-7125 page_item_has_children menu-item menu-item-has-children\"><a href=\"https:\/\/www.dstenerife.eu\/es\/colegio\/gestion-de-calidad-en-el-colegio-aleman-santa-cruz-de-tenerife\/\" class=\"menu-link\">Gesti\u00f3n de Calidad en el Colegio Alem\u00e1n Santa Cruz de Tenerife<\/a>\n\t<ul class='children'>\n\t\t<li class=\"page_item page-item-7126 page_item_has_children menu-item menu-item-has-children\"><a href=\"https:\/\/www.dstenerife.eu\/es\/colegio\/gestion-de-calidad-en-el-colegio-aleman-santa-cruz-de-tenerife\/evaluaciones\/\" class=\"menu-link\">Evaluaciones<\/a>\n\t\t<ul class='children'>\n\t\t\t<li class=\"page_item page-item-7145 menu-item\"><a href=\"https:\/\/www.dstenerife.eu\/es\/colegio\/gestion-de-calidad-en-el-colegio-aleman-santa-cruz-de-tenerife\/evaluaciones\/7145-2\/\" class=\"menu-link\">Evaluaci\u00f3n escolar<\/a><\/li>\n\t\t\t<li class=\"page_item page-item-7178 menu-item\"><a href=\"https:\/\/www.dstenerife.eu\/es\/colegio\/gestion-de-calidad-en-el-colegio-aleman-santa-cruz-de-tenerife\/evaluaciones\/peer-review\/\" class=\"menu-link\">Peer Review<\/a><\/li>\n\t\t\t<li class=\"page_item page-item-7195 menu-item\"><a href=\"https:\/\/www.dstenerife.eu\/es\/colegio\/gestion-de-calidad-en-el-colegio-aleman-santa-cruz-de-tenerife\/evaluaciones\/inspeccion-externa-por-el-gobierno-federal-y-los-laender-alemanes-2-bund-laender-inspektion-2-bli-2\/\" class=\"menu-link\">Inspecci\u00f3n externa por el Gobierno Federal y los L\u00e4nder alemanes 2 (Bund-L\u00e4nder-Inspektion 2 &#8211; BLI 2)<\/a><\/li>\n\t\t<\/ul>\n<\/li>\n\t<\/ul>\n<\/li>\n\t<li class=\"page_item page-item-42144 menu-item\"><a href=\"https:\/\/www.dstenerife.eu\/es\/colegio\/durchgaengig-deutsch\/\" class=\"menu-link\">Aprende Alem\u00e1n de forma continua<\/a><\/li>\n\t<li class=\"page_item page-item-42151 menu-item\"><a href=\"https:\/\/www.dstenerife.eu\/es\/colegio\/todas-las-personas-de-contacto\/\" class=\"menu-link\">Todas las personas de contacto<\/a><\/li>\n\t<li class=\"page_item page-item-42140 menu-item\"><a href=\"https:\/\/www.dstenerife.eu\/es\/colegio\/todos-los-articulos\/\" class=\"menu-link\">Todos los art\u00edculos<\/a><\/li>\n\t<li class=\"page_item page-item-1904 menu-item\"><a href=\"https:\/\/www.dstenerife.eu\/es\/colegio\/noticias\/\" class=\"menu-link\">Noticias<\/a><\/li>\n\t<li class=\"page_item page-item-1913 page_item_has_children menu-item menu-item-has-children\"><a href=\"https:\/\/www.dstenerife.eu\/es\/colegio\/comites-del-colegio\/\" class=\"menu-link\">Gremios<\/a>\n\t<ul class='children'>\n\t\t<li class=\"page_item page-item-1527 menu-item\"><a href=\"https:\/\/www.dstenerife.eu\/es\/colegio\/comites-del-colegio\/junta-directiva\/\" class=\"menu-link\">Asociaci\u00f3n del Colegio y Junta Directiva<\/a><\/li>\n\t\t<li class=\"page_item page-item-1918 menu-item\"><a href=\"https:\/\/www.dstenerife.eu\/es\/colegio\/comites-del-colegio\/maestros\/\" class=\"menu-link\">Cuerpo docente<\/a><\/li>\n\t\t<li class=\"page_item page-item-1936 menu-item\"><a href=\"https:\/\/www.dstenerife.eu\/es\/colegio\/comites-del-colegio\/administracion-y-secretaria\/\" class=\"menu-link\">Administraci\u00f3n y Secretar\u00eda<\/a><\/li>\n\t\t<li class=\"page_item page-item-940 page_item_has_children menu-item menu-item-has-children\"><a href=\"https:\/\/www.dstenerife.eu\/es\/colegio\/comites-del-colegio\/gestion-de-calidad-en-el-colegio-aleman-de-santa-cruz-de-tenerife\/\" class=\"menu-link\">Grupo de la Gesti\u00f3n de Calidad<\/a>\n\t\t<ul class='children'>\n\t\t\t<li class=\"page_item page-item-30909 menu-item\"><a href=\"https:\/\/www.dstenerife.eu\/es\/colegio\/comites-del-colegio\/gestion-de-calidad-en-el-colegio-aleman-de-santa-cruz-de-tenerife\/nuevos-trabajadores-20202021\/\" class=\"menu-link\">Nuevos trabajadores 2020\/21<\/a><\/li>\n\t\t<\/ul>\n<\/li>\n\t\t<li class=\"page_item page-item-1424 menu-item\"><a href=\"https:\/\/www.dstenerife.eu\/es\/colegio\/comites-del-colegio\/comite-de-empresa\/\" class=\"menu-link\">Comit\u00e9 de empresa<\/a><\/li>\n\t\t<li class=\"page_item page-item-1447 menu-item\"><a href=\"https:\/\/www.dstenerife.eu\/es\/colegio\/comites-del-colegio\/elternbeirat\/\" class=\"menu-link\">Consejo de Padres<\/a><\/li>\n\t\t<li class=\"page_item page-item-2940 menu-item\"><a href=\"https:\/\/www.dstenerife.eu\/es\/colegio\/comites-del-colegio\/antiguos-alumnos\/\" class=\"menu-link\">Antiguos alumnos<\/a><\/li>\n\t\t<li class=\"page_item page-item-1922 page_item_has_children menu-item menu-item-has-children\"><a href=\"https:\/\/www.dstenerife.eu\/es\/colegio\/comites-del-colegio\/consejo-de-los-maestros\/\" class=\"menu-link\">Consejo de profesores<\/a>\n\t\t<ul class='children'>\n\t\t\t<li class=\"page_item page-item-2187 menu-item\"><a href=\"https:\/\/www.dstenerife.eu\/es\/colegio\/comites-del-colegio\/consejo-de-los-maestros\/satzung-des-lehrerbeirats\/\" class=\"menu-link\">Estatutos del consejo de profesores<\/a><\/li>\n\t\t<\/ul>\n<\/li>\n\t\t<li class=\"page_item page-item-1928 page_item_has_children menu-item menu-item-has-children\"><a href=\"https:\/\/www.dstenerife.eu\/es\/colegio\/comites-del-colegio\/comite-de-los-alumnos\/\" class=\"menu-link\">Representantes de alumnos<\/a>\n\t\t<ul class='children'>\n\t\t\t<li class=\"page_item page-item-2196 menu-item\"><a href=\"https:\/\/www.dstenerife.eu\/es\/colegio\/comites-del-colegio\/comite-de-los-alumnos\/listado-de-anteriores-representantes-de-alumnos\/\" class=\"menu-link\">Listado de anteriores representantes de alumnos<\/a><\/li>\n\t\t<\/ul>\n<\/li>\n\t\t<li class=\"page_item page-item-1931 page_item_has_children menu-item menu-item-has-children\"><a href=\"https:\/\/www.dstenerife.eu\/es\/colegio\/comites-del-colegio\/direccion\/\" class=\"menu-link\">Direcci\u00f3n<\/a>\n\t\t<ul class='children'>\n\t\t\t<li class=\"page_item page-item-6178 menu-item\"><a href=\"https:\/\/www.dstenerife.eu\/es\/colegio\/comites-del-colegio\/direccion\/circular-junio-2016\/\" class=\"menu-link\">Circular Junio 2016<\/a><\/li>\n\t\t<\/ul>\n<\/li>\n\t<\/ul>\n<\/li>\n\t<li class=\"page_item page-item-27305 menu-item\"><a href=\"https:\/\/www.dstenerife.eu\/es\/colegio\/organigrama\/\" class=\"menu-link\">Organigrama (escolar interno)<\/a><\/li>\n<\/ul>\n<\/li>\n<li class=\"page_item page-item-24523 menu-item\"><a href=\"https:\/\/www.dstenerife.eu\/es\/horas-de-consulta-20192020\/\" class=\"menu-link\">Horas de consultas 2019\/2020<\/a><\/li>\n<li class=\"page_item page-item-1939 page_item_has_children menu-item menu-item-has-children\"><a href=\"https:\/\/www.dstenerife.eu\/es\/servicios\/\" class=\"menu-link\">Servicios<\/a>\n<ul class='children'>\n\t<li class=\"page_item page-item-2155 menu-item\"><a href=\"https:\/\/www.dstenerife.eu\/es\/servicios\/ofertas-de-empleo-actuales\/\" class=\"menu-link\">Ofertas de empleo<\/a><\/li>\n\t<li class=\"page_item page-item-83525 menu-item\"><a href=\"https:\/\/www.dstenerife.eu\/es\/servicios\/circulares-de-2023-24\/\" class=\"menu-link\">Circulares\/cartas de a\u00f1os anteriores<\/a><\/li>\n\t<li class=\"page_item page-item-63367 menu-item\"><a href=\"https:\/\/www.dstenerife.eu\/es\/servicios\/circulares-anteriores\/\" class=\"menu-link\">Circulares de a\u00f1os anteriores<\/a><\/li>\n\t<li class=\"page_item page-item-11791 menu-item\"><a href=\"https:\/\/www.dstenerife.eu\/es\/servicios\/ropa-deportiva-uniforme\/\" class=\"menu-link\">Ropa de deporte \/ uniforme<\/a><\/li>\n\t<li class=\"page_item page-item-42169 page_item_has_children menu-item menu-item-has-children\"><a href=\"https:\/\/www.dstenerife.eu\/es\/servicios\/relacion-publica\/\" class=\"menu-link\">Relaciones p\u00fablicas<\/a>\n\t<ul class='children'>\n\t\t<li class=\"page_item page-item-31640 menu-item\"><a href=\"https:\/\/www.dstenerife.eu\/es\/servicios\/relacion-publica\/videos-escolares\/\" class=\"menu-link\">Visita virtual y videos escolares<\/a><\/li>\n\t\t<li class=\"page_item page-item-19836 menu-item\"><a href=\"https:\/\/www.dstenerife.eu\/es\/servicios\/relacion-publica\/folleto\/\" class=\"menu-link\">Folleto<\/a><\/li>\n\t<\/ul>\n<\/li>\n\t<li class=\"page_item page-item-1946 menu-item\"><a href=\"https:\/\/www.dstenerife.eu\/es\/servicios\/calendario-de-vacaciones\/\" class=\"menu-link\">Calendario<\/a><\/li>\n\t<li class=\"page_item page-item-1942 menu-item\"><a href=\"https:\/\/www.dstenerife.eu\/es\/servicios\/autobus-escolar\/\" class=\"menu-link\">Transporte escolar<\/a><\/li>\n\t<li class=\"page_item page-item-1948 page_item_has_children menu-item menu-item-has-children\"><a href=\"https:\/\/www.dstenerife.eu\/es\/servicios\/formularios\/\" class=\"menu-link\">Formularios<\/a>\n\t<ul class='children'>\n\t\t<li class=\"page_item page-item-99128 menu-item\"><a href=\"https:\/\/www.dstenerife.eu\/es\/servicios\/formularios\/comida-fria-butterbrot-inscripcion-1310-1340h-inscripcion-para-todo-el-ano\/\" class=\"menu-link\">Inscripci\u00f3n 2025\/26  Butterbrotklasse (Comida fr\u00eda)  Horario 13:10 \u2013 13:40h<\/a><\/li>\n\t\t<li class=\"page_item page-item-99154 menu-item\"><a href=\"https:\/\/www.dstenerife.eu\/es\/servicios\/formularios\/comida-fria-butterbrot-inscripcion-1310-1340h-para-un-dia-solo\/\" class=\"menu-link\">Inscripci\u00f3n \u201cD\u00edas sueltos \u201c  Butterbrotklasse (Comida fr\u00eda)   Horario 13:10 \u2013 13:40h<\/a><\/li>\n\t<\/ul>\n<\/li>\n\t<li class=\"page_item page-item-1953 menu-item\"><a href=\"https:\/\/www.dstenerife.eu\/es\/servicios\/libros-escolares\/\" class=\"menu-link\">Libros escolares 2025-26<\/a><\/li>\n\t<li class=\"page_item page-item-30855 menu-item\"><a href=\"https:\/\/www.dstenerife.eu\/es\/servicios\/circulares-actuales\/\" class=\"menu-link\">Circulares\/cartas<\/a><\/li>\n\t<li class=\"page_item page-item-42163 menu-item\"><a href=\"https:\/\/www.dstenerife.eu\/es\/servicios\/offnungszeiten\/\" class=\"menu-link\">Horarios de apertura<\/a><\/li>\n\t<li class=\"page_item page-item-42166 menu-item\"><a href=\"https:\/\/www.dstenerife.eu\/es\/servicios\/angebote-fur-neue-schulerinnen\/\" class=\"menu-link\">Programas para el alumnado nuevo<\/a><\/li>\n\t<li class=\"page_item page-item-29671 menu-item\"><a href=\"https:\/\/www.dstenerife.eu\/es\/servicios\/inscripcion-y-precios-2020\/\" class=\"menu-link\">Inscripci\u00f3n y precios<\/a><\/li>\n\t<li class=\"page_item page-item-1944 page_item_has_children menu-item menu-item-has-children\"><a href=\"https:\/\/www.dstenerife.eu\/es\/servicios\/instituciones\/\" class=\"menu-link\">Instalaciones<\/a>\n\t<ul class='children'>\n\t\t<li class=\"page_item page-item-2262 menu-item\"><a href=\"https:\/\/www.dstenerife.eu\/es\/servicios\/instituciones\/comedor-y-cafeteria\/\" class=\"menu-link\">Comedor y cafeter\u00eda<\/a><\/li>\n\t\t<li class=\"page_item page-item-2132 page_item_has_children menu-item menu-item-has-children\"><a href=\"https:\/\/www.dstenerife.eu\/es\/servicios\/instituciones\/biblioteca\/\" class=\"menu-link\">Biblioteca<\/a>\n\t\t<ul class='children'>\n\t\t\t<li class=\"page_item page-item-3341 menu-item\"><a href=\"https:\/\/www.dstenerife.eu\/es\/servicios\/instituciones\/biblioteca\/libro-del-mes\/\" class=\"menu-link\">Libro del mes<\/a><\/li>\n\t\t\t<li class=\"page_item page-item-3344 menu-item\"><a href=\"https:\/\/www.dstenerife.eu\/es\/servicios\/instituciones\/biblioteca\/nuevas-adquisiciones\/\" class=\"menu-link\">Nuevas adquisiciones<\/a><\/li>\n\t\t<\/ul>\n<\/li>\n\t\t<li class=\"page_item page-item-2659 menu-item\"><a href=\"https:\/\/www.dstenerife.eu\/es\/servicios\/instituciones\/psicologa\/\" class=\"menu-link\">Psic\u00f3loga<\/a><\/li>\n\t\t<li class=\"page_item page-item-13679 menu-item\"><a href=\"https:\/\/www.dstenerife.eu\/es\/servicios\/instituciones\/instituto-goethe\/\" class=\"menu-link\">Centro examinador Instituto Goethe<\/a><\/li>\n\t\t<li class=\"page_item page-item-32199 menu-item\"><a href=\"https:\/\/www.dstenerife.eu\/es\/servicios\/instituciones\/enfermeria-escolar\/\" class=\"menu-link\">Enfermer\u00eda escolar<\/a><\/li>\n\t<\/ul>\n<\/li>\n\t<li class=\"page_item page-item-28700 menu-item\"><a href=\"https:\/\/www.dstenerife.eu\/es\/servicios\/nuestra-psicologa-escolar\/\" class=\"menu-link\">ACOMPA\u00d1AMIENTO EMOCIONAL Y TIEMPO DE CALIDAD PARA LA SEMANA SANTA<\/a><\/li>\n\t<li class=\"page_item page-item-1959 menu-item\"><a href=\"https:\/\/www.dstenerife.eu\/es\/servicios\/tiempos-de-horario\/\" class=\"menu-link\">Horario lectivo<\/a><\/li>\n\t<li class=\"page_item page-item-8300 menu-item\"><a href=\"https:\/\/www.dstenerife.eu\/es\/servicios\/aviso-legal\/\" class=\"menu-link\">AVISO LEGAL<\/a><\/li>\n\t<li class=\"page_item page-item-2833 page_item_has_children menu-item menu-item-has-children\"><a href=\"https:\/\/www.dstenerife.eu\/es\/servicios\/inscripcion-y-precios\/\" class=\"menu-link\">Inscripci\u00f3n y precios<\/a>\n\t<ul class='children'>\n\t\t<li class=\"page_item page-item-10987 menu-item\"><a href=\"https:\/\/www.dstenerife.eu\/es\/servicios\/inscripcion-y-precios\/becas-escolares\/\" class=\"menu-link\">Becas escolares<\/a><\/li>\n\t<\/ul>\n<\/li>\n\t<li class=\"page_item page-item-3156 menu-item\"><a href=\"https:\/\/www.dstenerife.eu\/es\/servicios\/protocolo-de-actuacion-en-caso-de-accidente\/\" class=\"menu-link\">Protocolo de actuaci\u00f3n en caso de accidente<\/a><\/li>\n\t<li class=\"page_item page-item-31005 menu-item\"><a href=\"https:\/\/www.dstenerife.eu\/es\/servicios\/oferta-de-jornada-completa\/\" class=\"menu-link\">Actividades extraescolares<\/a><\/li>\n\t<li class=\"page_item page-item-30820 page_item_has_children menu-item menu-item-has-children\"><a href=\"https:\/\/www.dstenerife.eu\/es\/servicios\/horas-de-consultas\/\" class=\"menu-link\">Horas de consultas<\/a>\n\t<ul class='children'>\n\t\t<li class=\"page_item page-item-59821 menu-item\"><a href=\"https:\/\/www.dstenerife.eu\/es\/servicios\/horas-de-consultas\/dia-de-consultas-de-padres\/\" class=\"menu-link\">D\u00eda de Consultas de Padres 2026<\/a><\/li>\n\t<\/ul>\n<\/li>\n\t<li class=\"page_item page-item-88660 menu-item\"><a href=\"https:\/\/www.dstenerife.eu\/es\/servicios\/opcion-almuerzo-traido-desde-casa\/\" class=\"menu-link\">Opci\u00f3n: Almuerzo tra\u00eddo desde casa<\/a><\/li>\n<\/ul>\n<\/li>\n<li class=\"page_item page-item-28488 menu-item\"><a href=\"https:\/\/www.dstenerife.eu\/es\/informaciones-sobre-coronavirus\/\" class=\"menu-link\">Informaciones \u00abCoronavirus\u00bb<\/a><\/li>\n<li class=\"page_item page-item-1601 page_item_has_children menu-item menu-item-has-children\"><a href=\"https:\/\/www.dstenerife.eu\/es\/kikri-y-kindergarten\/\" class=\"menu-link\">Kikri y Kindergarten<\/a>\n<ul class='children'>\n\t<li class=\"page_item page-item-2068 menu-item\"><a href=\"https:\/\/www.dstenerife.eu\/es\/kikri-y-kindergarten\/objetivos-de-nuestro-trabajo\/\" class=\"menu-link\">Objetivos de nuestro trabajo<\/a><\/li>\n\t<li class=\"page_item page-item-49567 menu-item\"><a href=\"https:\/\/www.dstenerife.eu\/es\/kikri-y-kindergarten\/konzept-pdf\/\" class=\"menu-link\">Concepto (PDF)<\/a><\/li>\n\t<li class=\"page_item page-item-65653 menu-item\"><a href=\"https:\/\/www.dstenerife.eu\/es\/kikri-y-kindergarten\/inscripciones-para-kikri-1-grupo-de-los-pollitos\/\" class=\"menu-link\">Inscripciones para KiKri 1 \u201egrupo de los Pollitos\u201c<\/a><\/li>\n\t<li class=\"page_item page-item-66815 menu-item\"><a href=\"https:\/\/www.dstenerife.eu\/es\/kikri-y-kindergarten\/gracias-por-su-mensaje\/\" class=\"menu-link\">Gracias por su mensaje<\/a><\/li>\n\t<li class=\"page_item page-item-70198 menu-item\"><a href=\"https:\/\/www.dstenerife.eu\/es\/kikri-y-kindergarten\/campamento-de-verano-infantil\/\" class=\"menu-link\">Campamento de verano Infantil (Kindergarten)<\/a><\/li>\n\t<li class=\"page_item page-item-74358 page_item_has_children menu-item menu-item-has-children\"><a href=\"https:\/\/www.dstenerife.eu\/es\/kikri-y-kindergarten\/nuestros-grupos-en-infantil\/\" class=\"menu-link\">Nuestros grupos en Infantil<\/a>\n\t<ul class='children'>\n\t\t<li class=\"page_item page-item-74371 menu-item\"><a href=\"https:\/\/www.dstenerife.eu\/es\/kikri-y-kindergarten\/nuestros-grupos-en-infantil\/fotos-pollitos\/\" class=\"menu-link\">Grupo Pollitos<\/a><\/li>\n\t\t<li class=\"page_item page-item-74373 menu-item\"><a href=\"https:\/\/www.dstenerife.eu\/es\/kikri-y-kindergarten\/nuestros-grupos-en-infantil\/grupo-soles\/\" class=\"menu-link\">Grupo Soles<\/a><\/li>\n\t\t<li class=\"page_item page-item-74418 menu-item\"><a href=\"https:\/\/www.dstenerife.eu\/es\/kikri-y-kindergarten\/nuestros-grupos-en-infantil\/grupo-enanos\/\" class=\"menu-link\">Grupo Enanos<\/a><\/li>\n\t\t<li class=\"page_item page-item-78808 menu-item\"><a href=\"https:\/\/www.dstenerife.eu\/es\/kikri-y-kindergarten\/nuestros-grupos-en-infantil\/k3\/\" class=\"menu-link\">K3+<\/a><\/li>\n\t\t<li class=\"page_item page-item-78813 menu-item\"><a href=\"https:\/\/www.dstenerife.eu\/es\/kikri-y-kindergarten\/nuestros-grupos-en-infantil\/orangene-gruppe\/\" class=\"menu-link\">Grupo Naranja<\/a><\/li>\n\t\t<li class=\"page_item page-item-78815 menu-item\"><a href=\"https:\/\/www.dstenerife.eu\/es\/kikri-y-kindergarten\/nuestros-grupos-en-infantil\/gelbe-gruppe\/\" class=\"menu-link\">Grupo Amarillo<\/a><\/li>\n\t\t<li class=\"page_item page-item-78817 menu-item\"><a href=\"https:\/\/www.dstenerife.eu\/es\/kikri-y-kindergarten\/nuestros-grupos-en-infantil\/gruene-gruppe\/\" class=\"menu-link\">Grupo Verde<\/a><\/li>\n\t\t<li class=\"page_item page-item-78819 menu-item\"><a href=\"https:\/\/www.dstenerife.eu\/es\/kikri-y-kindergarten\/nuestros-grupos-en-infantil\/hellblaue-gruppe\/\" class=\"menu-link\">Grupo Azul Celeste<\/a><\/li>\n\t\t<li class=\"page_item page-item-78821 menu-item\"><a href=\"https:\/\/www.dstenerife.eu\/es\/kikri-y-kindergarten\/nuestros-grupos-en-infantil\/dunkelblaue-gruppe\/\" class=\"menu-link\">Grupo Azul Oscuro<\/a><\/li>\n\t\t<li class=\"page_item page-item-78823 menu-item\"><a href=\"https:\/\/www.dstenerife.eu\/es\/kikri-y-kindergarten\/nuestros-grupos-en-infantil\/lila-gruppe\/\" class=\"menu-link\">Grupo Lila<\/a><\/li>\n\t<\/ul>\n<\/li>\n\t<li class=\"page_item page-item-2296 menu-item\"><a href=\"https:\/\/www.dstenerife.eu\/es\/kikri-y-kindergarten\/personas-de-contacto\/\" class=\"menu-link\">Personas de contacto<\/a><\/li>\n\t<li class=\"page_item page-item-1976 menu-item\"><a href=\"https:\/\/www.dstenerife.eu\/es\/kikri-y-kindergarten\/informaciones-para-padres\/\" class=\"menu-link\">Informaci\u00f3n para las familias<\/a><\/li>\n\t<li class=\"page_item page-item-66836 menu-item\"><a href=\"https:\/\/www.dstenerife.eu\/es\/kikri-y-kindergarten\/formulario-kg-inscripcion\/\" class=\"menu-link\">Formulario registro KG<\/a><\/li>\n\t<li class=\"page_item page-item-1979 menu-item\"><a href=\"https:\/\/www.dstenerife.eu\/es\/kikri-y-kindergarten\/practicas-en-la-preescolar\/\" class=\"menu-link\">Pr\u00e1cticas en preescolar<\/a><\/li>\n\t<li class=\"page_item page-item-1609 menu-item\"><a href=\"https:\/\/www.dstenerife.eu\/es\/kikri-y-kindergarten\/los-comienzos-de-preescolar\/\" class=\"menu-link\">Los comienzos de infantil<\/a><\/li>\n\t<li class=\"page_item page-item-42186 menu-item\"><a href=\"https:\/\/www.dstenerife.eu\/es\/kikri-y-kindergarten\/ziele-unserer-arbeit-kg\/\" class=\"menu-link\">Objetivos de nuestro trabajo KIGA<\/a><\/li>\n\t<li class=\"page_item page-item-28573 menu-item\"><a href=\"https:\/\/www.dstenerife.eu\/es\/kikri-y-kindergarten\/material-de-kindergarten-para-trabajar-durante-el-cierre-del-colegio\/\" class=\"menu-link\">Material de Kindergarten para trabajar durante el cierre del colegio<\/a><\/li>\n\t<li class=\"page_item page-item-1970 menu-item\"><a href=\"https:\/\/www.dstenerife.eu\/es\/kikri-y-kindergarten\/guarderia-kikri\/\" class=\"menu-link\">Centro de Primer Ciclo de Educaci\u00f3n infantil KiKri<\/a><\/li>\n\t<li class=\"page_item page-item-1973 menu-item\"><a href=\"https:\/\/www.dstenerife.eu\/es\/kikri-y-kindergarten\/guarderia\/\" class=\"menu-link\">Centro de Segundo ciclo de Educaci\u00f3n infantil biling\u00fce arco iris<\/a><\/li>\n\t<li class=\"page_item page-item-1985 menu-item\"><a href=\"https:\/\/www.dstenerife.eu\/es\/kikri-y-kindergarten\/registracion-y-gastos\/\" class=\"menu-link\">Inscripci\u00f3n y precios<\/a><\/li>\n\t<li class=\"page_item page-item-43727 menu-item\"><a href=\"https:\/\/www.dstenerife.eu\/es\/kikri-y-kindergarten\/concepto-del-aleman-en-el-centro-infantil\/\" class=\"menu-link\">Concepto del Alem\u00e1n en el centro infantil<\/a><\/li>\n\t<li class=\"page_item page-item-43730 menu-item\"><a href=\"https:\/\/www.dstenerife.eu\/es\/kikri-y-kindergarten\/ofertas-de-poyo-en-el-centro-infantil\/\" class=\"menu-link\">Ofertas de poyo en el centro infantil<\/a><\/li>\n\t<li class=\"page_item page-item-43733 menu-item\"><a href=\"https:\/\/www.dstenerife.eu\/es\/kikri-y-kindergarten\/evaluacion-del-nivel-de-competencia-linguistica-en-la-guarderia\/\" class=\"menu-link\">Evaluaci\u00f3n del nivel de competencia ling\u00fc\u00edstica en la Guarder\u00eda<\/a><\/li>\n\t<li class=\"page_item page-item-43803 menu-item\"><a href=\"https:\/\/www.dstenerife.eu\/es\/kikri-y-kindergarten\/transicion-infantil-primaria\/\" class=\"menu-link\">Transici\u00f3n Infantil &#8211; Primaria<\/a><\/li>\n<\/ul>\n<\/li>\n<li class=\"page_item page-item-29626 menu-item\"><a href=\"https:\/\/www.dstenerife.eu\/es\/pasos-2020\/\" class=\"menu-link\">Pasos 2020<\/a><\/li>\n<li class=\"page_item page-item-1743 page_item_has_children menu-item menu-item-has-children\"><a href=\"https:\/\/www.dstenerife.eu\/es\/primaria\/\" class=\"menu-link\">Primaria<\/a>\n<ul class='children'>\n\t<li class=\"page_item page-item-2326 menu-item\"><a href=\"https:\/\/www.dstenerife.eu\/es\/primaria\/padresgs\/\" class=\"menu-link\">Bienvenidos a Primaria<\/a><\/li>\n\t<li class=\"page_item page-item-70195 menu-item\"><a href=\"https:\/\/www.dstenerife.eu\/es\/primaria\/campamento-de-verano\/\" class=\"menu-link\">Campamento Julio 2025<\/a><\/li>\n\t<li class=\"page_item page-item-1988 menu-item\"><a href=\"https:\/\/www.dstenerife.eu\/es\/primaria\/profersores\/\" class=\"menu-link\">Profesorado de Primaria<\/a><\/li>\n\t<li class=\"page_item page-item-42233 menu-item\"><a href=\"https:\/\/www.dstenerife.eu\/es\/primaria\/praktikum-grundschule\/\" class=\"menu-link\">Pr\u00e1cticas en Primaria<\/a><\/li>\n\t<li class=\"page_item page-item-6102 page_item_has_children menu-item menu-item-has-children\"><a href=\"https:\/\/www.dstenerife.eu\/es\/primaria\/programas-de-la-primaria\/\" class=\"menu-link\">Planes y programas de Primaria<\/a>\n\t<ul class='children'>\n\t\t<li class=\"page_item page-item-12838 menu-item\"><a href=\"https:\/\/www.dstenerife.eu\/es\/primaria\/programas-de-la-primaria\/abc-primaria\/\" class=\"menu-link\">ABC de primaria<\/a><\/li>\n\t\t<li class=\"page_item page-item-43747 menu-item\"><a href=\"https:\/\/www.dstenerife.eu\/es\/primaria\/programas-de-la-primaria\/evaluacion-del-nivel-de-competencia-linguistica\/\" class=\"menu-link\">Evaluaci\u00f3n del nivel de competencia ling\u00fc\u00edstica<\/a><\/li>\n\t\t<li class=\"page_item page-item-43754 menu-item\"><a href=\"https:\/\/www.dstenerife.eu\/es\/primaria\/programas-de-la-primaria\/curriculo-de-aleman-en-la-primaria\/\" class=\"menu-link\">Curricul\u00f3 de Alem\u00e1n en la Primaria<\/a><\/li>\n\t<\/ul>\n<\/li>\n\t<li class=\"page_item page-item-4864 menu-item\"><a href=\"https:\/\/www.dstenerife.eu\/es\/primaria\/proyectos\/\" class=\"menu-link\">Proyectos<\/a><\/li>\n\t<li class=\"page_item page-item-2329 menu-item\"><a href=\"https:\/\/www.dstenerife.eu\/es\/primaria\/perfil-de-la-primaria\/\" class=\"menu-link\">Perfil de la primaria<\/a><\/li>\n\t<li class=\"page_item page-item-6109 menu-item\"><a href=\"https:\/\/www.dstenerife.eu\/es\/primaria\/lektuereempfehlungen\/\" class=\"menu-link\">Recomendaci\u00f3n de lectura Antolin<\/a><\/li>\n\t<li class=\"page_item page-item-4881 menu-item\"><a href=\"https:\/\/www.dstenerife.eu\/es\/primaria\/asignaturas-primaria\/\" class=\"menu-link\">Asignaturas Primaria<\/a><\/li>\n\t<li class=\"page_item page-item-42228 menu-item\"><a href=\"https:\/\/www.dstenerife.eu\/es\/primaria\/stundentafel-gs\/\" class=\"menu-link\">Horario en Primaria<\/a><\/li>\n\t<li class=\"page_item page-item-11828 menu-item\"><a href=\"https:\/\/www.dstenerife.eu\/es\/primaria\/certificados\/\" class=\"menu-link\">Certificados de notas<\/a><\/li>\n\t<li class=\"page_item page-item-42122 menu-item\"><a href=\"https:\/\/www.dstenerife.eu\/es\/primaria\/ofertas-de-apoyo-en-la-primaria\/\" class=\"menu-link\">Actividades de apoyo y repaso en Primaria<\/a><\/li>\n\t<li class=\"page_item page-item-43755 menu-item\"><a href=\"https:\/\/www.dstenerife.eu\/es\/primaria\/concepto-del-aleman-en-la-primaria\/\" class=\"menu-link\">Concepto del Alem\u00e1n en la Primaria<\/a><\/li>\n\t<li class=\"page_item page-item-43738 menu-item\"><a href=\"https:\/\/www.dstenerife.eu\/es\/primaria\/dfu-en-primaria\/\" class=\"menu-link\">DFU en Primaria<\/a><\/li>\n<\/ul>\n<\/li>\n<li class=\"page_item page-item-1993 page_item_has_children menu-item menu-item-has-children\"><a href=\"https:\/\/www.dstenerife.eu\/es\/secundaria-y-bachilerato\/\" class=\"menu-link\">Secundaria I y II<\/a>\n<ul class='children'>\n\t<li class=\"page_item page-item-20069 menu-item\"><a href=\"https:\/\/www.dstenerife.eu\/es\/secundaria-y-bachilerato\/intercambio-waldkirchhamburgo\/\" class=\"menu-link\">Intercambio Waldkirch\/Hamburgo\/Amberg<\/a><\/li>\n\t<li class=\"page_item page-item-59154 menu-item\"><a href=\"https:\/\/www.dstenerife.eu\/es\/secundaria-y-bachilerato\/quienes-somos\/\" class=\"menu-link\">Quienes somos<\/a><\/li>\n\t<li class=\"page_item page-item-63595 menu-item\"><a href=\"https:\/\/www.dstenerife.eu\/es\/secundaria-y-bachilerato\/sek-aleman-concepto-dfu\/\" class=\"menu-link\">Alem\u00e1n\/Concepto DFU<\/a><\/li>\n\t<li class=\"page_item page-item-42264 page_item_has_children menu-item menu-item-has-children\"><a href=\"https:\/\/www.dstenerife.eu\/es\/secundaria-y-bachilerato\/departamentos\/\" class=\"menu-link\">Departamentos<\/a>\n\t<ul class='children'>\n\t\t<li class=\"page_item page-item-13661 menu-item\"><a href=\"https:\/\/www.dstenerife.eu\/es\/secundaria-y-bachilerato\/departamentos\/examenes\/\" class=\"menu-link\">Ex\u00e1menes centrales (ZKA) para la ESO<\/a><\/li>\n\t\t<li class=\"page_item page-item-1998 menu-item\"><a href=\"https:\/\/www.dstenerife.eu\/es\/secundaria-y-bachilerato\/departamentos\/mittelstufe-es\/\" class=\"menu-link\">Nivel Intermedio (ESO)<\/a><\/li>\n\t\t<li class=\"page_item page-item-1996 menu-item\"><a href=\"https:\/\/www.dstenerife.eu\/es\/secundaria-y-bachilerato\/departamentos\/orientierungsstufe-es\/\" class=\"menu-link\">Nivel de Orientaci\u00f3n<\/a><\/li>\n\t\t<li class=\"page_item page-item-2000 page_item_has_children menu-item menu-item-has-children\"><a href=\"https:\/\/www.dstenerife.eu\/es\/secundaria-y-bachilerato\/departamentos\/bachilerato\/\" class=\"menu-link\">Bachillerato alem\u00e1n<\/a>\n\t\t<ul class='children'>\n\t\t\t<li class=\"page_item page-item-5083 menu-item\"><a href=\"https:\/\/www.dstenerife.eu\/es\/secundaria-y-bachilerato\/departamentos\/bachilerato\/discurso-abitur-2016\/\" class=\"menu-link\">Discurso Abitur 2016<\/a><\/li>\n\t\t<\/ul>\n<\/li>\n\t\t<li class=\"page_item page-item-47711 menu-item\"><a href=\"https:\/\/www.dstenerife.eu\/es\/secundaria-y-bachilerato\/departamentos\/homologacion-y-orientacion-academica-espanola\/\" class=\"menu-link\">Homologaci\u00f3n y orientaci\u00f3n acad\u00e9mica espa\u00f1ola<\/a><\/li>\n\t<\/ul>\n<\/li>\n\t<li class=\"page_item page-item-12539 menu-item\"><a href=\"https:\/\/www.dstenerife.eu\/es\/secundaria-y-bachilerato\/bienvenidos-en-la-secundaria\/\" class=\"menu-link\">Bienvenidos a Secundaria<\/a><\/li>\n\t<li class=\"page_item page-item-42274 menu-item\"><a href=\"https:\/\/www.dstenerife.eu\/es\/secundaria-y-bachilerato\/praktikum-sekundarstufe\/\" class=\"menu-link\">Pr\u00e1cticas en Secundaria<\/a><\/li>\n\t<li class=\"page_item page-item-1910 page_item_has_children menu-item menu-item-has-children\"><a href=\"https:\/\/www.dstenerife.eu\/es\/secundaria-y-bachilerato\/asignaturas-secundaria\/\" class=\"menu-link\">Asignaturas Secundaria<\/a>\n\t<ul class='children'>\n\t\t<li class=\"page_item page-item-10728 menu-item\"><a href=\"https:\/\/www.dstenerife.eu\/es\/secundaria-y-bachilerato\/asignaturas-secundaria\/espanol\/\" class=\"menu-link\">Asignatura: Espa\u00f1ol<\/a><\/li>\n\t\t<li class=\"page_item page-item-44316 menu-item\"><a href=\"https:\/\/www.dstenerife.eu\/es\/secundaria-y-bachilerato\/asignaturas-secundaria\/deporte\/\" class=\"menu-link\">Deporte<\/a><\/li>\n\t\t<li class=\"page_item page-item-44320 menu-item\"><a href=\"https:\/\/www.dstenerife.eu\/es\/secundaria-y-bachilerato\/asignaturas-secundaria\/musica\/\" class=\"menu-link\">M\u00fasica<\/a><\/li>\n\t\t<li class=\"page_item page-item-43978 menu-item\"><a href=\"https:\/\/www.dstenerife.eu\/es\/secundaria-y-bachilerato\/asignaturas-secundaria\/filosofia\/\" class=\"menu-link\">Filosof\u00eda<\/a><\/li>\n\t\t<li class=\"page_item page-item-72467 menu-item\"><a href=\"https:\/\/www.dstenerife.eu\/es\/secundaria-y-bachilerato\/asignaturas-secundaria\/historia\/\" class=\"menu-link\">Historia (en alem\u00e1n)<\/a><\/li>\n\t\t<li class=\"page_item page-item-2555 menu-item\"><a href=\"https:\/\/www.dstenerife.eu\/es\/secundaria-y-bachilerato\/asignaturas-secundaria\/nti\/\" class=\"menu-link\">Ciencias Naturales y Tecnolog\u00eda (NWT)<\/a><\/li>\n\t\t<li class=\"page_item page-item-3306 page_item_has_children menu-item menu-item-has-children\"><a href=\"https:\/\/www.dstenerife.eu\/es\/secundaria-y-bachilerato\/asignaturas-secundaria\/aleman\/\" class=\"menu-link\">Alem\u00e1n<\/a>\n\t\t<ul class='children'>\n\t\t\t<li class=\"page_item page-item-39914 menu-item\"><a href=\"https:\/\/www.dstenerife.eu\/es\/secundaria-y-bachilerato\/asignaturas-secundaria\/aleman\/apender-aleman-en-casa\/\" class=\"menu-link\">Apender Alem\u00e1n en casa<\/a><\/li>\n\t\t<\/ul>\n<\/li>\n\t\t<li class=\"page_item page-item-4800 menu-item\"><a href=\"https:\/\/www.dstenerife.eu\/es\/secundaria-y-bachilerato\/asignaturas-secundaria\/geographie\/\" class=\"menu-link\">Geograf\u00eda<\/a><\/li>\n\t\t<li class=\"page_item page-item-5021 menu-item\"><a href=\"https:\/\/www.dstenerife.eu\/es\/secundaria-y-bachilerato\/asignaturas-secundaria\/asignatura-arte-dibujo-artistico\/\" class=\"menu-link\">Asignatura \u00abArte \u2013 Dibujo Art\u00edstico\u00bb<\/a><\/li>\n\t\t<li class=\"page_item page-item-6758 menu-item\"><a href=\"https:\/\/www.dstenerife.eu\/es\/secundaria-y-bachilerato\/asignaturas-secundaria\/biologia\/\" class=\"menu-link\">Biolog\u00eda<\/a><\/li>\n\t\t<li class=\"page_item page-item-10176 menu-item\"><a href=\"https:\/\/www.dstenerife.eu\/es\/secundaria-y-bachilerato\/asignaturas-secundaria\/matematicas\/\" class=\"menu-link\">Matem\u00e1ticas<\/a><\/li>\n\t\t<li class=\"page_item page-item-10180 menu-item\"><a href=\"https:\/\/www.dstenerife.eu\/es\/secundaria-y-bachilerato\/asignaturas-secundaria\/frances\/\" class=\"menu-link\">Franc\u00e9s<\/a><\/li>\n\t\t<li class=\"page_item page-item-10186 menu-item\"><a href=\"https:\/\/www.dstenerife.eu\/es\/secundaria-y-bachilerato\/asignaturas-secundaria\/ingles\/\" class=\"menu-link\">Ingl\u00e9s<\/a><\/li>\n\t\t<li class=\"page_item page-item-10847 menu-item\"><a href=\"https:\/\/www.dstenerife.eu\/es\/secundaria-y-bachilerato\/asignaturas-secundaria\/informatica\/\" class=\"menu-link\">Inform\u00e1tica<\/a><\/li>\n\t\t<li class=\"page_item page-item-10850 menu-item\"><a href=\"https:\/\/www.dstenerife.eu\/es\/secundaria-y-bachilerato\/asignaturas-secundaria\/etica\/\" class=\"menu-link\">\u00c9tica<\/a><\/li>\n\t\t<li class=\"page_item page-item-10852 menu-item\"><a href=\"https:\/\/www.dstenerife.eu\/es\/secundaria-y-bachilerato\/asignaturas-secundaria\/quimica\/\" class=\"menu-link\">Qu\u00edmica<\/a><\/li>\n\t\t<li class=\"page_item page-item-10856 menu-item\"><a href=\"https:\/\/www.dstenerife.eu\/es\/secundaria-y-bachilerato\/asignaturas-secundaria\/fisica\/\" class=\"menu-link\">F\u00edsica<\/a><\/li>\n\t\t<li class=\"page_item page-item-10862 menu-item\"><a href=\"https:\/\/www.dstenerife.eu\/es\/secundaria-y-bachilerato\/asignaturas-secundaria\/religion\/\" class=\"menu-link\">Religi\u00f3n<\/a><\/li>\n\t\t<li class=\"page_item page-item-19230 menu-item\"><a href=\"https:\/\/www.dstenerife.eu\/es\/secundaria-y-bachilerato\/asignaturas-secundaria\/ciencias-sociales-historia-aleman-y-historia-espanol\/\" class=\"menu-link\">Ciencias Sociales<\/a><\/li>\n\t<\/ul>\n<\/li>\n\t<li class=\"page_item page-item-875 menu-item\"><a href=\"https:\/\/www.dstenerife.eu\/es\/secundaria-y-bachilerato\/orientacion-laboral\/\" class=\"menu-link\">Orientaci\u00f3n laboral<\/a><\/li>\n\t<li class=\"page_item page-item-1767 menu-item\"><a href=\"https:\/\/www.dstenerife.eu\/es\/secundaria-y-bachilerato\/stundentafel-es\/\" class=\"menu-link\">Tabla de horario semanal<\/a><\/li>\n\t<li class=\"page_item page-item-42126 menu-item\"><a href=\"https:\/\/www.dstenerife.eu\/es\/secundaria-y-bachilerato\/ofertas-de-apoyo-en-la-secundaria\/\" class=\"menu-link\">Refuerzo y apoyo en Secundaria<\/a><\/li>\n\t<li class=\"page_item page-item-43801 menu-item\"><a href=\"https:\/\/www.dstenerife.eu\/es\/secundaria-y-bachilerato\/concepto-del-aleman-en-la-secundaria\/\" class=\"menu-link\">Concepto del Alem\u00e1n en la Secundaria<\/a><\/li>\n\t<li class=\"page_item page-item-43790 menu-item\"><a href=\"https:\/\/www.dstenerife.eu\/es\/secundaria-y-bachilerato\/evaluacion-del-nivel-de-competencia-linguistica-en-la-secundaria\/\" class=\"menu-link\">Evaluaci\u00f3n del nivel de competencia ling\u00fc\u00edstica en la Secundaria<\/a><\/li>\n\t<li class=\"page_item page-item-43806 menu-item\"><a href=\"https:\/\/www.dstenerife.eu\/es\/secundaria-y-bachilerato\/transicion-a-la-secundaria\/\" class=\"menu-link\">Transici\u00f3n a la Secundaria<\/a><\/li>\n<\/ul>\n<\/li>\n<li class=\"page_item page-item-15195 menu-item\"><a href=\"https:\/\/www.dstenerife.eu\/es\/otras-ofertas-escolares-y-extraescolares-de-refuerzo\/\" class=\"menu-link\">Otras ofertas escolares y extraescolares de refuerzo<\/a><\/li>\n<li class=\"page_item page-item-5917 menu-item\"><a href=\"https:\/\/www.dstenerife.eu\/es\/spielefest-2016-in-der-grundschule\/\" class=\"menu-link\">Spielefest 2016 in der Grundschule<\/a><\/li>\n<li class=\"page_item page-item-15178 menu-item\"><a href=\"https:\/\/www.dstenerife.eu\/es\/ofertas-escolares-y-extraescolares-de-refuerzo-para-las-clases-5-12\/\" class=\"menu-link\">Ofertas escolares y extraescolares de refuerzo para las clases 5-12<\/a><\/li>\n<li class=\"page_item page-item-30528 menu-item\"><a href=\"https:\/\/www.dstenerife.eu\/es\/bandita\/\" class=\"menu-link\">Bandita<\/a><\/li>\n<li class=\"page_item page-item-30536 menu-item\"><a href=\"https:\/\/www.dstenerife.eu\/es\/banda\/\" class=\"menu-link\">Banda<\/a><\/li>\n<li class=\"page_item page-item-42409 page_item_has_children menu-item menu-item-has-children\"><a href=\"https:\/\/www.dstenerife.eu\/es\/_kga_wegsortiert_\/\" class=\"menu-link\">_KGA_wegsortiert_<\/a>\n<ul class='children'>\n\t<li class=\"page_item page-item-34287 menu-item\"><a href=\"https:\/\/www.dstenerife.eu\/es\/_kga_wegsortiert_\/ofertas-de-apoyo-en-el-centro-infantil\/\" class=\"menu-link\">Ofertas de apoyo en el centro infantil<\/a><\/li>\n<\/ul>\n<\/li>\n<li class=\"page_item page-item-42405 menu-item\"><a href=\"https:\/\/www.dstenerife.eu\/es\/_prmaria_wegsortiert_\/\" class=\"menu-link\">_PRMARIA_wegsortiert_<\/a><\/li>\n<li class=\"page_item page-item-42407 menu-item\"><a href=\"https:\/\/www.dstenerife.eu\/es\/_scundaria_wegsortiert_\/\" class=\"menu-link\">_SCUNDARIA_Wegsortiert_<\/a><\/li>\n<li class=\"page_item page-item-42411 menu-item\"><a href=\"https:\/\/www.dstenerife.eu\/es\/_unsortiert_\/\" class=\"menu-link\">_UNSORTIERT_<\/a><\/li>\n<li class=\"page_item page-item-15205 page_item_has_children menu-item menu-item-has-children\"><a href=\"https:\/\/www.dstenerife.eu\/es\/concepcion-del-idioma-aleman\/\" class=\"menu-link\">Concepci\u00f3n del idioma alem\u00e1n<\/a>\n<ul class='children'>\n\t<li class=\"page_item page-item-15114 menu-item\"><a href=\"https:\/\/www.dstenerife.eu\/es\/concepcion-del-idioma-aleman\/la-concepcion-del-idioma-aleman\/\" class=\"menu-link\">La concepci\u00f3n del idioma alem\u00e1n<\/a><\/li>\n\t<li class=\"page_item page-item-15211 menu-item\"><a href=\"https:\/\/www.dstenerife.eu\/es\/concepcion-del-idioma-aleman\/aprender-aleman-jugando\/\" class=\"menu-link\">Aprender alem\u00e1n jugando<\/a><\/li>\n\t<li class=\"page_item page-item-15229 menu-item\"><a href=\"https:\/\/www.dstenerife.eu\/es\/concepcion-del-idioma-aleman\/refuerzo-extraordinario-del-aleman\/\" class=\"menu-link\">Refuerzo extraordinario del alem\u00e1n<\/a><\/li>\n\t<li class=\"page_item page-item-15187 menu-item\"><a href=\"https:\/\/www.dstenerife.eu\/es\/concepcion-del-idioma-aleman\/determinacion-del-nivel-lingueistico\/\" class=\"menu-link\">Determinaci\u00f3n del nivel ling\u00fc\u00edstico<\/a><\/li>\n\t<li class=\"page_item page-item-15219 menu-item\"><a href=\"https:\/\/www.dstenerife.eu\/es\/concepcion-del-idioma-aleman\/refuerzo-diario-del-aleman\/\" class=\"menu-link\">Refuerzo diario del alem\u00e1n<\/a><\/li>\n\t<li class=\"page_item page-item-15102 menu-item\"><a href=\"https:\/\/www.dstenerife.eu\/es\/concepcion-del-idioma-aleman\/pruebas-de-diagnostico-lingueistico-en-las-clases-5-8\/\" class=\"menu-link\">Pruebas de diagn\u00f3stico ling\u00fc\u00edstico en las clases 5-8<\/a><\/li>\n\t<li class=\"page_item page-item-16006 menu-item\"><a href=\"https:\/\/www.dstenerife.eu\/es\/concepcion-del-idioma-aleman\/pruebas-de-diagnostico-lingueistico\/\" class=\"menu-link\">Pruebas de diagn\u00f3stico ling\u00fc\u00edstico<\/a><\/li>\n\t<li class=\"page_item page-item-12659 menu-item\"><a href=\"https:\/\/www.dstenerife.eu\/es\/concepcion-del-idioma-aleman\/cronograma-aleman\/\" class=\"menu-link\">Cronograma Alem\u00e1n<\/a><\/li>\n<\/ul>\n<\/li>\n<li class=\"page_item page-item-30261 menu-item\"><a href=\"https:\/\/www.dstenerife.eu\/es\/politica-de-cookies\/\" class=\"menu-link\">Pol\u00edtica de cookies<\/a><\/li>\n<li class=\"page_item page-item-30269 page_item_has_children menu-item menu-item-has-children\"><a href=\"https:\/\/www.dstenerife.eu\/es\/politica-de-privacidad\/\" class=\"menu-link\">POL\u00cdTICA DE PRIVACIDAD<\/a>\n<ul class='children'>\n\t<li class=\"page_item page-item-65669 menu-item\"><a href=\"https:\/\/www.dstenerife.eu\/es\/politica-de-privacidad\/politica-de-privacidad-para-el-canal-de-denuncias\/\" class=\"menu-link\">POL\u00cdTICA DE PRIVACIDAD para el \u00abCanal de denuncias\u00bb<\/a><\/li>\n<\/ul>\n<\/li>\n<li class=\"page_item page-item-2684 menu-item\"><a href=\"https:\/\/www.dstenerife.eu\/es\/teatro\/\" class=\"menu-link\">Teatro<\/a><\/li>\n<li class=\"page_item page-item-24402 menu-item\"><a href=\"https:\/\/www.dstenerife.eu\/es\/actividades-extraescolares-2\/\" class=\"menu-link\">Actividades extraescolares<\/a><\/li>\n<li class=\"page_item page-item-4900 menu-item\"><a href=\"https:\/\/www.dstenerife.eu\/es\/servicios\/instituciones\/biblioteca\/eventos-y-proyectos__trashed\/archivo-proyectos-durante-el-curso-2014-15\/\" class=\"menu-link\">Archivo: Proyectos durante el curso 2014-15<\/a><\/li>\n<li class=\"page_item page-item-3836 menu-item\"><a href=\"https:\/\/www.dstenerife.eu\/es\/colegio\/planes-y-conceptos-escolares\/concursos__trashed\/jugend-musiziert-2016__trashed\/allgemeine-informationen-zu-jugend-musiziert\/\" class=\"menu-link\">Allgemeine Informationen zu Jugend musiziert<\/a><\/li>\n<li class=\"page_item page-item-3844 menu-item\"><a href=\"https:\/\/www.dstenerife.eu\/es\/colegio\/planes-y-conceptos-escolares\/concursos__trashed\/jugend-musiziert-2016__trashed\/ablauf-und-programm\/\" class=\"menu-link\">Ablauf und Programm<\/a><\/li>\n<li class=\"page_item page-item-3813 menu-item\"><a href=\"https:\/\/www.dstenerife.eu\/es\/colegio\/planes-y-conceptos-escolares\/concursos__trashed\/jugend-musiziert-2016__trashed\/informacion-para-gastfamilien\/\" class=\"menu-link\">Informaci\u00f3n para Gastfamilien<\/a><\/li>\n<li class=\"page_item page-item-3953 menu-item\"><a href=\"https:\/\/www.dstenerife.eu\/es\/colegio\/planes-y-conceptos-escolares\/concursos__trashed\/jugend-musiziert-2016__trashed\/saludo-de-la-directora-y-del-presidente-de-la-junta-directiva\/\" class=\"menu-link\">Saludo de la Directora y del Presidente de la Junta Directiva<\/a><\/li>\n<li class=\"page_item page-item-3864 menu-item\"><a href=\"https:\/\/www.dstenerife.eu\/es\/colegio\/planes-y-conceptos-escolares\/concursos__trashed\/jugend-musiziert-2016__trashed\/teilnehmer\/\" class=\"menu-link\">Teilnehmer und Jury<\/a><\/li>\n<li class=\"page_item page-item-4262 menu-item\"><a href=\"https:\/\/www.dstenerife.eu\/es\/colegio\/planes-y-conceptos-escolares\/concursos__trashed\/concurso-jugend-debattiert\/\" class=\"menu-link\">Concurso \u00abJugend debattiert\u00bb<\/a><\/li>\n<li class=\"page_item page-item-4664 menu-item\"><a href=\"https:\/\/www.dstenerife.eu\/es\/colegio\/planes-y-conceptos-escolares\/concursos__trashed\/competicion-de-kaenguru-de-las-matematicas\/\" class=\"menu-link\">Competici\u00f3n de K\u00e4nguru de las Matem\u00e1ticas<\/a><\/li>\n<li class=\"page_item page-item-4756 menu-item\"><a href=\"https:\/\/www.dstenerife.eu\/es\/colegio\/planes-y-conceptos-escolares\/concursos__trashed\/olimpiada-de-matematicas\/\" class=\"menu-link\">Olimpiada de Matem\u00e1ticas<\/a><\/li>\n<li class=\"page_item page-item-4773 menu-item\"><a href=\"https:\/\/www.dstenerife.eu\/es\/colegio\/planes-y-conceptos-escolares\/concursos__trashed\/4773-2\/\" class=\"menu-link\">Jugend forscht \/ Sch\u00fcler experimentieren<\/a><\/li>\n<li class=\"page_item page-item-4783 menu-item\"><a href=\"https:\/\/www.dstenerife.eu\/es\/colegio\/planes-y-conceptos-escolares\/concursos__trashed\/diercke-wissen\/\" class=\"menu-link\">Diercke Wissen<\/a><\/li>\n<li class=\"page_item page-item-1647 menu-item\"><a href=\"https:\/\/www.dstenerife.eu\/es\/colegio\/programas-y-ofertas__trashed\/1647-2\/\" class=\"menu-link\">Pasos para participar en el intercambio individual<\/a><\/li>\n<\/ul>\n<\/div><br \/>\nTo display the pages sorted by menu order. Possible values are: &#8216;post_title&#8217;, &#8216;menu_order&#8217;, &#8216;post_date&#8217;, &#8216;post_modified&#8217;, &#8216;ID&#8217;, &#8216;post_author&#8217;, &#8216;post_name&#8217;.<\/p>\n","protected":false},"excerpt":{"rendered":"<p>Diese Sitemap soll uns helfen die Seitenstruktur zu optimieren. To display the pages sorted by menu [&hellip;]<\/p>\n","protected":false},"author":15,"featured_media":0,"parent":0,"menu_order":0,"comment_status":"closed","ping_status":"closed","template":"","meta":{"site-sidebar-layout":"default","site-content-layout":"default","ast-site-content-layout":"default","site-content-style":"default","site-sidebar-style":"default","ast-global-header-display":"","ast-banner-title-visibility":"","ast-main-header-display":"","ast-hfb-above-header-display":"","ast-hfb-below-header-display":"","ast-hfb-mobile-header-display":"","site-post-title":"","ast-breadcrumbs-content":"","ast-featured-img":"","footer-sml-layout":"","ast-disable-related-posts":"","theme-transparent-header-meta":"default","adv-header-id-meta":"","stick-header-meta":"default","header-above-stick-meta":"","header-main-stick-meta":"","header-below-stick-meta":"","astra-migrate-meta-layouts":"default","ast-page-background-enabled":"default","ast-page-background-meta":{"desktop":{"background-color":"","background-image":"","background-repeat":"repeat","background-position":"center center","background-size":"auto","background-attachment":"scroll","background-type":"","background-media":"","overlay-type":"","overlay-color":"","overlay-opacity":"","overlay-gradient":""},"tablet":{"background-color":"","background-image":"","background-repeat":"repeat","background-position":"center center","background-size":"auto","background-attachment":"scroll","background-type":"","background-media":"","overlay-type":"","overlay-color":"","overlay-opacity":"","overlay-gradient":""},"mobile":{"background-color":"","background-image":"","background-repeat":"repeat","background-position":"center center","background-size":"auto","background-attachment":"scroll","background-type":"","background-media":"","overlay-type":"","overlay-color":"","overlay-opacity":"","overlay-gradient":""}},"ast-content-background-meta":{"desktop":{"background-color":"var(--ast-global-color-5)","background-image":"","background-repeat":"repeat","background-position":"center center","background-size":"auto","background-attachment":"scroll","background-type":"","background-media":"","overlay-type":"","overlay-color":"","overlay-opacity":"","overlay-gradient":""},"tablet":{"background-color":"var(--ast-global-color-5)","background-image":"","background-repeat":"repeat","background-position":"center center","background-size":"auto","background-attachment":"scroll","background-type":"","background-media":"","overlay-type":"","overlay-color":"","overlay-opacity":"","overlay-gradient":""},"mobile":{"background-color":"var(--ast-global-color-5)","background-image":"","background-repeat":"repeat","background-position":"center center","background-size":"auto","background-attachment":"scroll","background-type":"","background-media":"","overlay-type":"","overlay-color":"","overlay-opacity":"","overlay-gradient":""}},"_jet_sm_ready_style":"","_jet_sm_style":"","_jet_sm_controls_values":"","_jet_sm_fonts_collection":"","_jet_sm_fonts_links":"","footnotes":""},"schlagwortedst":[],"wf_page_folders":[],"class_list":["post-37475","page","type-page","status-publish","hentry"],"_links":{"self":[{"href":"https:\/\/www.dstenerife.eu\/es\/wp-json\/wp\/v2\/pages\/37475","targetHints":{"allow":["GET"]}}],"collection":[{"href":"https:\/\/www.dstenerife.eu\/es\/wp-json\/wp\/v2\/pages"}],"about":[{"href":"https:\/\/www.dstenerife.eu\/es\/wp-json\/wp\/v2\/types\/page"}],"author":[{"embeddable":true,"href":"https:\/\/www.dstenerife.eu\/es\/wp-json\/wp\/v2\/users\/15"}],"replies":[{"embeddable":true,"href":"https:\/\/www.dstenerife.eu\/es\/wp-json\/wp\/v2\/comments?post=37475"}],"version-history":[{"count":0,"href":"https:\/\/www.dstenerife.eu\/es\/wp-json\/wp\/v2\/pages\/37475\/revisions"}],"wp:attachment":[{"href":"https:\/\/www.dstenerife.eu\/es\/wp-json\/wp\/v2\/media?parent=37475"}],"wp:term":[{"taxonomy":"schlagwortedst","embeddable":true,"href":"https:\/\/www.dstenerife.eu\/es\/wp-json\/wp\/v2\/schlagwortedst?post=37475"},{"taxonomy":"wf_page_folders","embeddable":true,"href":"https:\/\/www.dstenerife.eu\/es\/wp-json\/wp\/v2\/wf_page_folders?post=37475"}],"curies":[{"name":"wp","href":"https:\/\/api.w.org\/{rel}","templated":true}]}}