{"id":3813,"date":"2016-02-09T20:02:36","date_gmt":"2016-02-09T20:02:36","guid":{"rendered":"https:\/\/kopie.dst.deutsche-schule.eu\/es\/?page_id=3813"},"modified":"2016-02-09T22:22:16","modified_gmt":"2016-02-09T22:22:16","slug":"informacion-para-gastfamilien","status":"publish","type":"page","link":"https:\/\/www.dstenerife.eu\/es\/colegio\/planes-y-conceptos-escolares\/concursos__trashed\/jugend-musiziert-2016__trashed\/informacion-para-gastfamilien\/","title":{"rendered":"Informaci\u00f3n para Gastfamilien"},"content":{"rendered":"<p>Nuestros hu\u00e9spedes llegar\u00e1n el s\u00e1bado, 05 de marzo o el domingo, 06 de marzo. Lo sabremos definitivamente cuando hayan llegado todas las inscripciones y los colegios hayan contratado los vuelos, es decir el 5 de febrero (termina el plazo de inscripci\u00f3n). En ese momento podremos hacer las asignaciones. Tenemos mucho inter\u00e9s, y somos optimistas, en poder cumplir con todos sus deseos.<br \/>\nLos hu\u00e9spedes ser\u00e1n trasladados del aeropuerto de Los Rodeos (donde llegar\u00e1n todos los grupos) al colegio. Tendr\u00e1n la oportunidad de conocer el colegio y, dependiendo del colegio, podr\u00e1n ensayar una hora en el sal\u00f3n de actos. Les rogamos que recojan a sus hu\u00e9spedes en el colegio. Podr\u00eda ocurrir que alg\u00fan grupo llegara tarde el domingo. En ese caso, se quedar\u00edan en el colegio hasta el acto de apertura, que comenzar\u00e1 el domingo, 06 de marzo, a las 19.00 h. Les invitamos cordialmente a participar en este acto y luego llevar a los hu\u00e9spedes a sus casas. Podr\u00edan descargarnos, trayendo algo para picar.<br \/>\nEl lunes, 07 de marzo, dar\u00e1 comienzo el verdadero concurso. De lunes a jueves, los hu\u00e9spedes vendr\u00e1n al colegio a las 8.00 de ma\u00f1ana, con ustedes en el coche o en las guaguas. Sierra y Gonz\u00e1lez ya nos ha confirmado que trasladar\u00e1 a todos los hu\u00e9spedes de forma gratuita. En caso de que vivieran fuera de las rutas de las guaguas y no supieran como trasladar a sus hu\u00e9spedes, rogamos se pongan en contacto con nosotros, encontraremos una soluci\u00f3n para todos.<br \/>\nLos hu\u00e9spedes almorzar\u00e1n en el comedor, cada colegio asumir\u00e1 los gastos de sus alumnos. Al finalizar la jornada, sobre las 18.15 h, las guaguas trasladar\u00e1n a los invitados al Intercambiador en Santa Cruz. Desde all\u00ed, los hu\u00e9spedes viajar\u00e1n independientemente (en guagua, etc.) a sus alojamientos. Por lo tanto, no tendr\u00e1n que recoger a los alumnos del colegio a diario, aunque pueden hacerlo, si lo desean. Para aquellos que vivan en los alrededores del colegio, el viaje a Santa Cruz naturalmente no es una soluci\u00f3n.<br \/>\nEl jueves, \u00faltimo d\u00eda de concurso, los alumnos hu\u00e9sped ser\u00e1n trasladados en guaguas a Santa Cruz, con el fin de ensayar para el Concierto de entrega de premios, que tendr\u00e1 lugar el jueves, 10 de marzo a las 19.30 h en el Teatro Guimer\u00e1. Est\u00e1n cordialmente invitados a asistir al concierto. Los invitados tendr\u00e1n que llevar algo de comida ese d\u00eda, puesto que el concierto no acabar\u00e1 antes de las 23.00 h y no habr\u00e1 un almuerzo en com\u00fan.<br \/>\nEl viernes, 11 de marzo, los hu\u00e9spedes vendr\u00e1n como de costumbre a las 8.00 h y ser\u00e1n trasladados en guaguas a una excursi\u00f3n, en la que tambi\u00e9n almorzar\u00e1n. Algunos alumnos querr\u00e1n volver a casa por la tarde para descansar un poco. El viernes, a partir de las 20.00 h, tendr\u00e1 lugar la tradicional discoteca de clausura. La hora hasta la que podr\u00e1n estar, ser\u00e1 decisi\u00f3n de los profesores acompa\u00f1antes y las familias de acogida. La hora aproximada de recogida ser\u00e1 sobre las 23.00 h. Con este evento se dar\u00e1 por finalizado oficialmente el concurso. Nuestros visitantes regresar\u00e1n a sus casas el s\u00e1bado, 12 de marzo, o el domingo, 13 de marzo. Les pedimos que trasladen a sus hu\u00e9spedes al aeropuerto de Los Rodeos.<\/p>\n","protected":false},"excerpt":{"rendered":"<p>Nuestros hu\u00e9spedes llegar\u00e1n el s\u00e1bado, 05 de marzo o el domingo, 06 de marzo. Lo sabremos [&hellip;]<\/p>\n","protected":false},"author":10,"featured_media":0,"parent":2134,"menu_order":3,"comment_status":"closed","ping_status":"closed","template":"","meta":{"site-sidebar-layout":"default","site-content-layout":"","ast-site-content-layout":"default","site-content-style":"default","site-sidebar-style":"default","ast-global-header-display":"","ast-banner-title-visibility":"","ast-main-header-display":"","ast-hfb-above-header-display":"","ast-hfb-below-header-display":"","ast-hfb-mobile-header-display":"","site-post-title":"","ast-breadcrumbs-content":"","ast-featured-img":"","footer-sml-layout":"","ast-disable-related-posts":"","theme-transparent-header-meta":"","adv-header-id-meta":"","stick-header-meta":"","header-above-stick-meta":"","header-main-stick-meta":"","header-below-stick-meta":"","astra-migrate-meta-layouts":"default","ast-page-background-enabled":"default","ast-page-background-meta":{"desktop":{"background-color":"","background-image":"","background-repeat":"repeat","background-position":"center center","background-size":"auto","background-attachment":"scroll","background-type":"","background-media":"","overlay-type":"","overlay-color":"","overlay-opacity":"","overlay-gradient":""},"tablet":{"background-color":"","background-image":"","background-repeat":"repeat","background-position":"center center","background-size":"auto","background-attachment":"scroll","background-type":"","background-media":"","overlay-type":"","overlay-color":"","overlay-opacity":"","overlay-gradient":""},"mobile":{"background-color":"","background-image":"","background-repeat":"repeat","background-position":"center center","background-size":"auto","background-attachment":"scroll","background-type":"","background-media":"","overlay-type":"","overlay-color":"","overlay-opacity":"","overlay-gradient":""}},"ast-content-background-meta":{"desktop":{"background-color":"var(--ast-global-color-5)","background-image":"","background-repeat":"repeat","background-position":"center center","background-size":"auto","background-attachment":"scroll","background-type":"","background-media":"","overlay-type":"","overlay-color":"","overlay-opacity":"","overlay-gradient":""},"tablet":{"background-color":"var(--ast-global-color-5)","background-image":"","background-repeat":"repeat","background-position":"center center","background-size":"auto","background-attachment":"scroll","background-type":"","background-media":"","overlay-type":"","overlay-color":"","overlay-opacity":"","overlay-gradient":""},"mobile":{"background-color":"var(--ast-global-color-5)","background-image":"","background-repeat":"repeat","background-position":"center center","background-size":"auto","background-attachment":"scroll","background-type":"","background-media":"","overlay-type":"","overlay-color":"","overlay-opacity":"","overlay-gradient":""}},"_jet_sm_ready_style":"","_jet_sm_style":"","_jet_sm_controls_values":"","_jet_sm_fonts_collection":"","_jet_sm_fonts_links":"","footnotes":""},"schlagwortedst":[],"wf_page_folders":[184],"class_list":["post-3813","page","type-page","status-publish","hentry"],"_links":{"self":[{"href":"https:\/\/www.dstenerife.eu\/es\/wp-json\/wp\/v2\/pages\/3813","targetHints":{"allow":["GET"]}}],"collection":[{"href":"https:\/\/www.dstenerife.eu\/es\/wp-json\/wp\/v2\/pages"}],"about":[{"href":"https:\/\/www.dstenerife.eu\/es\/wp-json\/wp\/v2\/types\/page"}],"author":[{"embeddable":true,"href":"https:\/\/www.dstenerife.eu\/es\/wp-json\/wp\/v2\/users\/10"}],"replies":[{"embeddable":true,"href":"https:\/\/www.dstenerife.eu\/es\/wp-json\/wp\/v2\/comments?post=3813"}],"version-history":[{"count":0,"href":"https:\/\/www.dstenerife.eu\/es\/wp-json\/wp\/v2\/pages\/3813\/revisions"}],"up":[{"embeddable":true,"href":"https:\/\/www.dstenerife.eu\/es\/wp-json\/wp\/v2\/pages\/2134"}],"wp:attachment":[{"href":"https:\/\/www.dstenerife.eu\/es\/wp-json\/wp\/v2\/media?parent=3813"}],"wp:term":[{"taxonomy":"schlagwortedst","embeddable":true,"href":"https:\/\/www.dstenerife.eu\/es\/wp-json\/wp\/v2\/schlagwortedst?post=3813"},{"taxonomy":"wf_page_folders","embeddable":true,"href":"https:\/\/www.dstenerife.eu\/es\/wp-json\/wp\/v2\/wf_page_folders?post=3813"}],"curies":[{"name":"wp","href":"https:\/\/api.w.org\/{rel}","templated":true}]}}