{"id":6178,"date":"2016-06-22T10:12:15","date_gmt":"2016-06-22T10:12:15","guid":{"rendered":"https:\/\/kopie.dst.deutsche-schule.eu\/es\/?page_id=6178"},"modified":"2016-06-22T10:12:15","modified_gmt":"2016-06-22T10:12:15","slug":"circular-junio-2016","status":"publish","type":"page","link":"https:\/\/www.dstenerife.eu\/es\/colegio\/comites-del-colegio\/direccion\/circular-junio-2016\/","title":{"rendered":"Circular Junio 2016"},"content":{"rendered":"<p><em>Tabaiba, 22.06.2016<\/em><\/p>\n<p>Queridos padres:<\/p>\n<p>Para finalizar el curso escolar 2015\/16 quisiera expresar mi agradecimiento por la estrecha cooperaci\u00f3n. Voy a resumir algunas actividades realizadas en el curso escolar 2015\/16 y adelantar algunas del 2016\/17:<\/p>\n<ol>\n<li>Ideario<\/li>\n<li>Aprendizaje del alem\u00e1n en la DST<\/li>\n<li>Bund- L\u00e4nder- Inspektion (BLI): Excelente Colegio Alem\u00e1n en el Extranjero<\/li>\n<li>Abitur 2016<\/li>\n<li>Actividades escolares<\/li>\n<li>Actividades extraescolares<\/li>\n<li>Resumen para 2016\/17<\/li>\n<li>Personal<\/li>\n<li>Fechas despu\u00e9s de las vacaciones de verano<\/li>\n<li>Agradecimiento<\/li>\n<\/ol>\n<p>&nbsp;<\/p>\n<p>1.<span style=\"text-decoration: underline;\"><strong> Ideario<\/strong><\/span><\/p>\n<p>\u201eVivir la diversidad \u2013 fomentar los talentos \u2013 en el camino hacia el Abitur \u201c<\/p>\n<p>La filosof\u00eda del colegio refleja la diversidad de las actividades escolares y extraescolares de nuestro colegio en el curso escolar 2015\/16. En nuestro nuevo <a href=\"https:\/\/www.dstenerife.eu\/es\/nuestro-colegio\/schulprofil-und-leitbild\/\">ideario<\/a> se ve enseguida que los siguientes principios contribuyen en gran medida en el \u00e9xito de nuestro Colegio Alem\u00e1n Santa Cruz de Tenerife: <a href=\"https:\/\/www.dstenerife.eu\/es\/nuestro-colegio\/schulprofil-und-leitbild\/\">El encuentro intercultural, la calidad de las clases, efecto educativo\u00a0 y pedag\u00f3gico, vivir y trabajar juntos, edificio y equipamiento, gesti\u00f3n de calidad.<\/a> Todas las actividades est\u00e1n pensadas para perdurar. Se revisa y comprueban todas las actividades, tanto las nuevas como las conocidas.<\/p>\n<p>&nbsp;<\/p>\n<ol start=\"2\">\n<li><strong><u> Aprendizaje del alem\u00e1n en la DST<\/u><\/strong><\/li>\n<\/ol>\n<p>Desde 2016 tenemos un \u201eCronolog\u00eda en el aprendizaje del alem\u00e1n, desde el Kindergarten hasta el Abitur\u201d. La idea b\u00e1sica es que, desde el Kindergarten hasta el Abitur, tanto en nuestro colegio, como en intercambios, proyectos o estancias individuales en Alemania, nuestros alumnos y alumnas puedan mejorar el conocimiento del otro idioma\u00a0 y vivir su cultura. Siguiendo el esp\u00edritu de la interculturalidad, sus hijos pueden poner a prueba sus conocimientos ling\u00fc\u00edsticos y aprender tanto la cultura alemana como la espa\u00f1ola.<\/p>\n<p><strong><u>\u201cCronolog\u00eda en el aprendizaje del alem\u00e1n, desde el Kindergarten hasta el Abitur\u201c <\/u><\/strong><\/p>\n<p>Kindergarten (*):\u00a0\u00a0\u00a0\u00a0\u00a0\u00a0\u00a0\u00a0 Instaurar grupos de K3 con maestras de preescolar, en las que se imparten diariamente 4-5 horas de deporte, juego y diversi\u00f3n para la adquisici\u00f3n del idioma alem\u00e1n.<\/p>\n<p>Primaria (nuevo):\u00a0\u00a0\u00a0\u00a0\u00a0\u00a0 3 de las 6 horas de Alem\u00e1n, ser\u00e1n impartidas por 2 profesores (ense\u00f1anza en equipo) dependiendo del nivel ling\u00fc\u00edstico y de aprendizaje de los alumnos.<\/p>\n<p>Clases 5 -7 (nuevo):\u00a0\u00a0 Integraci\u00f3n de las clases de Alem\u00e1n con DFU (asignaturas en alem\u00e1n).<\/p>\n<p>Clases 8\/9 (nuevo):\u00a0\u00a0\u00a0 Oferta de un intercambio individual de varias semanas,<\/p>\n<p>intercambio en la clase 9: 2 semanas en Alemania.<\/p>\n<p>Clases 10\/11 (**): \u00a0\u00a0\u00a0\u00a0\u00a0 estancia de 4 \u2013 8 semanas en Alemania durante las vacaciones de verano.<\/p>\n<p>Clase 11\/12:\u00a0\u00a0\u00a0\u00a0\u00a0\u00a0\u00a0\u00a0\u00a0\u00a0\u00a0\u00a0\u00a0\u00a0 Viaje de estudios de una semana en Berl\u00edn y unas pr\u00e1cticas en empresas en Alemania<\/p>\n<p><em>*en preparaci\u00f3n<br \/>\n** en planificaci\u00f3n<\/em><\/p>\n<p>En la circular del departamento de alem\u00e1n que les enviamos hace poco encontrar\u00e1n informaci\u00f3n sobre las posibilidades de mejorar el idioma durante las vacaciones de verano.<\/p>\n<p>&nbsp;<\/p>\n<ol start=\"3\">\n<li><strong><u> Bund- L\u00e4nder- Inspektion (BLI): Excelente Colegio Alem\u00e1n en el Extranjero<\/u><\/strong><\/li>\n<\/ol>\n<p>Desde el comienzo del curso escolar 2015\/16, la comunidad escolar est\u00e1 sumida en la preparaci\u00f3n intensiva de la inspecci\u00f3n externa que tendr\u00e1 lugar en nuestro colegio. Aunque la inspecci\u00f3n federal (BLI) no tendr\u00e1 lugar hasta noviembre de 2016, hay numerosos documentos que cumplimentar, test de autoevaluaci\u00f3n para procesar y datos estad\u00edsticos que confeccionar. El objetivo es mantener el sello de calidad \u201cExcelente Colegio Alem\u00e1n en el Extranjero\u201d, para que el colegio siga recibiendo financiaci\u00f3n y 12 profesores de Alemania.<\/p>\n<p>&nbsp;<\/p>\n<ol start=\"4\">\n<li><strong><u> Abitur 2016<\/u><\/strong><\/li>\n<\/ol>\n<p>43 alumnos del Abitur recibieron en 2016 la m\u00e1s alta certificaci\u00f3n esoclar, el Certificado del Abitur. Si desean obterner m\u00e1s informaci\u00f3n al respecto, aqu\u00ed: <a href=\"https:\/\/www.dstenerife.eu\/es\/?s=abitur\">Abitur 2016.<\/a><\/p>\n<p>&nbsp;<\/p>\n<ol start=\"5\">\n<li><strong><u> Actividades escolares<\/u><\/strong><\/li>\n<\/ol>\n<p>El colegio se caracteriza por diversas actividades escolares y extraescolares, que son continuamente revisadas y actualizadas.<\/p>\n<p>Las siguientes iniciativas son un ejemplo del actual desarrollo escolar en el \u00e1rea lectiva: Programas de fomento individual a trav\u00e9s del \u201cTeamteaching\u201d (2 profesores en una clase), clases de apoyo adicionales en Matem\u00e1ticas, integraci\u00f3n de las clases de Alem\u00e1n con DFU en las clases 5-7, apoyo espec\u00edfico en grupos peque\u00f1os en las clases de Alem\u00e1n, visita a clase de un compa\u00f1ero entre los profesores, Feedback entre alumnos y profesores y ofertas de formaci\u00f3n interna para la mejora de la calidad de la ense\u00f1anza.<\/p>\n<p>&nbsp;<\/p>\n<ol start=\"6\">\n<li><strong><u> Actividades extraescolares<\/u><\/strong><\/li>\n<\/ol>\n<p>En el \u00e1rea extraescolar, solo podemos nombrar un breve extracto de nuestro extenso compromiso: Concurso nacional de m\u00fasica 2016, con clasificaci\u00f3n para la final en Berl\u00edn; final nacional \u201cJugend debattiert 2016\u201d en Barcelona con un primer puesto; Model UN en M\u00fanich y Londres; cooperaci\u00f3n con instituciones alemanas; \u201cJugend forscht\u201d; mesas redondas sobre pol\u00edtica de refugiados con el ex presidente del Cabildo; programas de intercambio desde la Primaria hasta la clase 12; contacto con colegios vecinos y las universidades espa\u00f1olas; concursos y mucho m\u00e1s.<\/p>\n<p>Todas estas actividades contribuyen a preparar a nuestros alumnos para la vida y hacerles sentir curiosidad por todo lo que les espera.<\/p>\n<ol start=\"7\">\n<li><strong><u> Resumen para 2016\/17<\/u><\/strong><\/li>\n<\/ol>\n<p>&#8211;\u00a0\u00a0\u00a0\u00a0\u00a0\u00a0\u00a0\u00a0\u00a0\u00a0 NUEVO: Ayuda a la tarea para todos los niveles<\/p>\n<p>La separaci\u00f3n de las clases de ayuda a la tarea y la clases de espera, que se est\u00e1 practicando desde diciembre ha dado buen resultado y tambi\u00e9n se continuar\u00e1 haciendo el pr\u00f3ximo curso escolar.<\/p>\n<p>En la ayuda a la tarea podr\u00e1n participar todo los ni\u00f1os que est\u00e9n apuntados para un semestre completo. Los alumnos que participen en esta actividad recibir\u00e1n un apoyo organizativo.<\/p>\n<p>Para la clase de espera se pondr\u00e1 a una persona de vigilancia. Habr\u00e1 que inscribir y quitar a los ni\u00f1os a diario.<\/p>\n<p>Con esta separaci\u00f3n logramos, que en la ayuda a la tarea se ofrezca la concentraci\u00f3n y calidad necesaria.<\/p>\n<p>&#8211;\u00a0\u00a0\u00a0\u00a0\u00a0\u00a0\u00a0\u00a0\u00a0\u00a0 NUEVO: <a href=\"https:\/\/www.dstenerife.eu\/es\/secundaria-y-bachilerato\/stundentafel-es\/\">Nueva tabla de horario semanal<\/a><\/p>\n<p>A partir del curso escolar 2016\/17 entra en vigor la nueva tabla de horario lectivo. Las clases 11 (Abitur 2018) y las clases 12 (Abitur 2017) mantendr\u00e1n la antigua tabla de horario semanal, esos cursos mantienen la normativa del examen madurez actual.<\/p>\n<p><strong>\u00a0<\/strong><\/p>\n<ol start=\"8\">\n<li><strong><u> Personal<\/u><\/strong><\/li>\n<\/ol>\n<p>Nuestro alegre y vers\u00e1til compa\u00f1ero, el Sr. Enders, ser\u00e1 despedido en una ceremonia despu\u00e9s de haber dedicado 33 a\u00f1os a nuestro colegio. Le expresamos nuestro m\u00e1s sincero agradecimiento por su inagotable esfuerzo en el DST y le deseamos una satisfactoria y variada jubilaci\u00f3n.<\/p>\n<p>Nuestra administraci\u00f3n se ve reforzada desde el 1.06.2016 gracias a la incorporaci\u00f3n de la nueva jefa de administraci\u00f3n, la Sra. Sonia Gir\u00f3n. Nos alegramos d la cooperaci\u00f3n y le deseamos mucho \u00e9xito en su nueva funci\u00f3n.<\/p>\n<p>Nuestro agradecimiento a las Sras. Dirks, Weiss y Jachzyk, al Sr. Javier P\u00e9rez y al jefe de administraci\u00f3n, el Sr. Meinen, por su apoyo en el curso escolar 2015\/16. Les deseamos mucho \u00e9xito en el futuro.<\/p>\n<p>Al Sr. Zloch le damos las gracias por los servicios prestados en el Bachillerato. El cargo de coordinador de Bachillerato ser\u00e1 ocupado por otra persona para el curso escolar 2016\/17.<\/p>\n<p>El Sr. Berg se unir\u00e1 a nuestro equipo con las asignaturas de Alem\u00e1n e Historia y la Sra. Melanie Dorda pasar\u00e1 a trabajar como educadora en el \u00e1rea de K3+.<\/p>\n<p>Tenemos previstas otras incorporaciones de las que ser\u00e1n informados a principio del nuevo curso escolar.<\/p>\n<p>&nbsp;<\/p>\n<ol start=\"9\">\n<li><strong><u> Fechas despu\u00e9s de las vacaciones de verano<\/u><\/strong><\/li>\n<\/ol>\n<p>07.09.2016: 8:00 h\u00a0\u00a0\u00a0\u00a0\u00a0\u00a0\u00a0\u00a0\u00a0\u00a0\u00a0\u00a0\u00a0\u00a0\u00a0\u00a0 Comienzo del curso escolar con una asamblea de todos los alumnos en el patio.<\/p>\n<p>09.09.2016: 10:00 h: \u00a0\u00a0\u00a0\u00a0\u00a0\u00a0\u00a0\u00a0\u00a0\u00a0\u00a0 Fiesta de bienvenida para los alumnos de 1er curso<\/p>\n<p>07.-11.11.2016: BLI<\/p>\n<p>&nbsp;<\/p>\n<p>10.<strong> <u>Agradecimientos<\/u><\/strong><\/p>\n<p>Mi agradecimiento a todos los profesores, que est\u00e1n despegando junto a m\u00ed y est\u00e1n dispuestos a continuar expandiendo lo existente y poner en marcha nuevas ideas.<\/p>\n<p>Mi agradecimiento a los alumnos y a las alumnas, a los padres y a las madres, a la Junta y al personal no docente<\/p>\n<p><em>Su<\/em><\/p>\n<p><em>Lisa Schneider, Directora<\/em><\/p>\n","protected":false},"excerpt":{"rendered":"<p>Tabaiba, 22.06.2016 Queridos padres: Para finalizar el curso escolar 2015\/16 quisiera expresar mi agradecimiento por la [&hellip;]<\/p>\n","protected":false},"author":10,"featured_media":0,"parent":1931,"menu_order":0,"comment_status":"closed","ping_status":"closed","template":"","meta":{"site-sidebar-layout":"default","site-content-layout":"","ast-site-content-layout":"default","site-content-style":"default","site-sidebar-style":"default","ast-global-header-display":"","ast-banner-title-visibility":"","ast-main-header-display":"","ast-hfb-above-header-display":"","ast-hfb-below-header-display":"","ast-hfb-mobile-header-display":"","site-post-title":"","ast-breadcrumbs-content":"","ast-featured-img":"","footer-sml-layout":"","ast-disable-related-posts":"","theme-transparent-header-meta":"","adv-header-id-meta":"","stick-header-meta":"","header-above-stick-meta":"","header-main-stick-meta":"","header-below-stick-meta":"","astra-migrate-meta-layouts":"default","ast-page-background-enabled":"default","ast-page-background-meta":{"desktop":{"background-color":"","background-image":"","background-repeat":"repeat","background-position":"center center","background-size":"auto","background-attachment":"scroll","background-type":"","background-media":"","overlay-type":"","overlay-color":"","overlay-opacity":"","overlay-gradient":""},"tablet":{"background-color":"","background-image":"","background-repeat":"repeat","background-position":"center center","background-size":"auto","background-attachment":"scroll","background-type":"","background-media":"","overlay-type":"","overlay-color":"","overlay-opacity":"","overlay-gradient":""},"mobile":{"background-color":"","background-image":"","background-repeat":"repeat","background-position":"center center","background-size":"auto","background-attachment":"scroll","background-type":"","background-media":"","overlay-type":"","overlay-color":"","overlay-opacity":"","overlay-gradient":""}},"ast-content-background-meta":{"desktop":{"background-color":"var(--ast-global-color-5)","background-image":"","background-repeat":"repeat","background-position":"center center","background-size":"auto","background-attachment":"scroll","background-type":"","background-media":"","overlay-type":"","overlay-color":"","overlay-opacity":"","overlay-gradient":""},"tablet":{"background-color":"var(--ast-global-color-5)","background-image":"","background-repeat":"repeat","background-position":"center center","background-size":"auto","background-attachment":"scroll","background-type":"","background-media":"","overlay-type":"","overlay-color":"","overlay-opacity":"","overlay-gradient":""},"mobile":{"background-color":"var(--ast-global-color-5)","background-image":"","background-repeat":"repeat","background-position":"center center","background-size":"auto","background-attachment":"scroll","background-type":"","background-media":"","overlay-type":"","overlay-color":"","overlay-opacity":"","overlay-gradient":""}},"_jet_sm_ready_style":"","_jet_sm_style":"","_jet_sm_controls_values":"","_jet_sm_fonts_collection":"","_jet_sm_fonts_links":"","footnotes":""},"schlagwortedst":[],"wf_page_folders":[],"class_list":["post-6178","page","type-page","status-publish","hentry"],"_links":{"self":[{"href":"https:\/\/www.dstenerife.eu\/es\/wp-json\/wp\/v2\/pages\/6178","targetHints":{"allow":["GET"]}}],"collection":[{"href":"https:\/\/www.dstenerife.eu\/es\/wp-json\/wp\/v2\/pages"}],"about":[{"href":"https:\/\/www.dstenerife.eu\/es\/wp-json\/wp\/v2\/types\/page"}],"author":[{"embeddable":true,"href":"https:\/\/www.dstenerife.eu\/es\/wp-json\/wp\/v2\/users\/10"}],"replies":[{"embeddable":true,"href":"https:\/\/www.dstenerife.eu\/es\/wp-json\/wp\/v2\/comments?post=6178"}],"version-history":[{"count":0,"href":"https:\/\/www.dstenerife.eu\/es\/wp-json\/wp\/v2\/pages\/6178\/revisions"}],"up":[{"embeddable":true,"href":"https:\/\/www.dstenerife.eu\/es\/wp-json\/wp\/v2\/pages\/1931"}],"wp:attachment":[{"href":"https:\/\/www.dstenerife.eu\/es\/wp-json\/wp\/v2\/media?parent=6178"}],"wp:term":[{"taxonomy":"schlagwortedst","embeddable":true,"href":"https:\/\/www.dstenerife.eu\/es\/wp-json\/wp\/v2\/schlagwortedst?post=6178"},{"taxonomy":"wf_page_folders","embeddable":true,"href":"https:\/\/www.dstenerife.eu\/es\/wp-json\/wp\/v2\/wf_page_folders?post=6178"}],"curies":[{"name":"wp","href":"https:\/\/api.w.org\/{rel}","templated":true}]}}