{"id":814,"date":"2015-04-25T21:37:51","date_gmt":"2015-04-25T20:37:51","guid":{"rendered":"http:\/\/dstenerife.ducklingit.com\/?page_id=814"},"modified":"2024-06-06T13:05:59","modified_gmt":"2024-06-06T12:05:59","slug":"historia-de-colegio","status":"publish","type":"page","link":"https:\/\/www.dstenerife.eu\/es\/colegio\/historia-de-colegio\/","title":{"rendered":"Historia del colegio"},"content":{"rendered":"<p>\t\t<div data-elementor-type=\"section\" data-elementor-id=\"42998\" class=\"elementor elementor-42998 elementor-40687\" data-elementor-post-type=\"elementor_library\">\n\t\t\t\t\t<section class=\"elementor-section elementor-top-section elementor-element elementor-element-b6bfbdd elementor-section-boxed elementor-section-height-default elementor-section-height-default\" data-id=\"b6bfbdd\" data-element_type=\"section\" data-e-type=\"section\">\n\t\t\t\t\t\t<div class=\"elementor-container elementor-column-gap-default\">\n\t\t\t\t\t<div class=\"elementor-column elementor-col-100 elementor-top-column elementor-element elementor-element-caabb16\" data-id=\"caabb16\" data-element_type=\"column\" data-e-type=\"column\">\n\t\t\t<div class=\"elementor-widget-wrap elementor-element-populated\">\n\t\t\t\t\t\t<div class=\"elementor-element elementor-element-3939545 elementor-widget elementor-widget-jet-horizontal-timeline\" data-id=\"3939545\" data-element_type=\"widget\" data-e-type=\"widget\" data-settings=\"{&quot;columns&quot;:4,&quot;slides_to_scroll&quot;:&quot;2&quot;,&quot;columns_tablet&quot;:2,&quot;columns_mobile&quot;:1,&quot;_ob_widget_stalker_use&quot;:&quot;no&quot;,&quot;_ob_shadough_use&quot;:&quot;no&quot;}\" data-widget_type=\"jet-horizontal-timeline.default\">\n\t\t\t\t<div class=\"elementor-widget-container\">\n\t\t\t\t\t<div class=\"elementor-jet-horizontal-timeline jet-elements\">\n<div class=\"jet-hor-timeline jet-hor-timeline--layout-chess jet-hor-timeline--align-center jet-hor-timeline--arrows-nav\">\n\t<div class=\"jet-hor-timeline-inner\">\n\t\t<div class=\"jet-hor-timeline-track\">\n\t\t\t<div class=\"jet-hor-timeline-list jet-hor-timeline-list--top\">\n<div class=\"jet-hor-timeline-item elementor-repeater-item-a12107c is-active\" data-item-id=\"a12107c\">\n\t\t\t\n<div class=\"jet-hor-timeline-item__card\">\n\t<div class=\"jet-hor-timeline-item__card-inner\">\n\t\t<h5 class=\"jet-hor-timeline-item__card-title\">Fundaci\u00f3n del colegio<\/h5>\t<\/div>\n\t\t\t<div class=\"jet-hor-timeline-item__card-arrow\"><\/div>\n\t<\/div>\n\t<\/div>\n\n<div class=\"jet-hor-timeline-item elementor-repeater-item-3704c64\" data-item-id=\"3704c64\">\n\t\t\t<div class=\"jet-hor-timeline-item__meta\">12 de noviembre 1932<\/div>\t<\/div>\n\n<div class=\"jet-hor-timeline-item elementor-repeater-item-be74a26\" data-item-id=\"be74a26\">\n\t\t\t\n<div class=\"jet-hor-timeline-item__card\">\n\t<div class=\"jet-hor-timeline-item__card-inner\">\n\t\t<h5 class=\"jet-hor-timeline-item__card-title\">Instalaciones escolares propias<\/h5>\t<\/div>\n\t\t\t<div class=\"jet-hor-timeline-item__card-arrow\"><\/div>\n\t<\/div>\n\t<\/div>\n\n<div class=\"jet-hor-timeline-item elementor-repeater-item-e1204b9\" data-item-id=\"e1204b9\">\n\t\t\t<div class=\"jet-hor-timeline-item__meta\">1963<\/div>\t<\/div>\n\n<div class=\"jet-hor-timeline-item elementor-repeater-item-7454090\" data-item-id=\"7454090\">\n\t\t\t\n<div class=\"jet-hor-timeline-item__card\">\n\t<div class=\"jet-hor-timeline-item__card-inner\">\n\t\t<h5 class=\"jet-hor-timeline-item__card-title\">Nuevas instalaciones escolares<\/h5>\t<\/div>\n\t\t\t<div class=\"jet-hor-timeline-item__card-arrow\"><\/div>\n\t<\/div>\n\t<\/div>\n\n<div class=\"jet-hor-timeline-item elementor-repeater-item-6c3f000\" data-item-id=\"6c3f000\">\n\t\t\t<div class=\"jet-hor-timeline-item__meta\">deciembre 2010<\/div>\t<\/div>\n<\/div>\t\t\t<div class=\"jet-hor-timeline-list jet-hor-timeline-list--middle\">\n\t<div class=\"jet-hor-timeline__line\"><\/div>\n\n<div class=\"jet-hor-timeline-item elementor-repeater-item-a12107c is-active\" data-item-id=\"a12107c\">\n\t<div class=\"jet-hor-timeline-item__point\"><div class=\"jet-hor-timeline-item__point-content\"><span class=\"jet-elements-icon\"><svg aria-hidden=\"true\" class=\"e-font-icon-svg e-fab-fly\" viewBox=\"0 0 384 512\" xmlns=\"http:\/\/www.w3.org\/2000\/svg\"><path d=\"M197.8 427.8c12.9 11.7 33.7 33.3 33.2 50.7 0 .8-.1 1.6-.1 2.5-1.8 19.8-18.8 31.1-39.1 31-25-.1-39.9-16.8-38.7-35.8 1-16.2 20.5-36.7 32.4-47.6 2.3-2.1 2.7-2.7 5.6-3.6 3.4 0 3.9.3 6.7 2.8zM331.9 67.3c-16.3-25.7-38.6-40.6-63.3-52.1C243.1 4.5 214-.2 192 0c-44.1 0-71.2 13.2-81.1 17.3C57.3 45.2 26.5 87.2 28 158.6c7.1 82.2 97 176 155.8 233.8 1.7 1.6 4.5 4.5 6.2 5.1l3.3.1c2.1-.7 1.8-.5 3.5-2.1 52.3-49.2 140.7-145.8 155.9-215.7 7-39.2 3.1-72.5-20.8-112.5zM186.8 351.9c-28-51.1-65.2-130.7-69.3-189-3.4-47.5 11.4-131.2 69.3-136.7v325.7zM328.7 180c-16.4 56.8-77.3 128-118.9 170.3C237.6 298.4 275 217 277 158.4c1.6-45.9-9.8-105.8-48-131.4 88.8 18.3 115.5 98.1 99.7 153z\"><\/path><\/svg><\/span><\/div><\/div><\/div>\n\n<div class=\"jet-hor-timeline-item elementor-repeater-item-3704c64\" data-item-id=\"3704c64\">\n\t<div class=\"jet-hor-timeline-item__point\"><div class=\"jet-hor-timeline-item__point-content\"><span class=\"jet-elements-icon\"><svg aria-hidden=\"true\" class=\"e-font-icon-svg e-far-user\" viewBox=\"0 0 448 512\" xmlns=\"http:\/\/www.w3.org\/2000\/svg\"><path d=\"M313.6 304c-28.7 0-42.5 16-89.6 16-47.1 0-60.8-16-89.6-16C60.2 304 0 364.2 0 438.4V464c0 26.5 21.5 48 48 48h352c26.5 0 48-21.5 48-48v-25.6c0-74.2-60.2-134.4-134.4-134.4zM400 464H48v-25.6c0-47.6 38.8-86.4 86.4-86.4 14.6 0 38.3 16 89.6 16 51.7 0 74.9-16 89.6-16 47.6 0 86.4 38.8 86.4 86.4V464zM224 288c79.5 0 144-64.5 144-144S303.5 0 224 0 80 64.5 80 144s64.5 144 144 144zm0-240c52.9 0 96 43.1 96 96s-43.1 96-96 96-96-43.1-96-96 43.1-96 96-96z\"><\/path><\/svg><\/span><\/div><\/div><\/div>\n\n<div class=\"jet-hor-timeline-item elementor-repeater-item-be74a26\" data-item-id=\"be74a26\">\n\t<div class=\"jet-hor-timeline-item__point\"><div class=\"jet-hor-timeline-item__point-content\"><span class=\"jet-elements-icon\"><svg aria-hidden=\"true\" class=\"e-font-icon-svg e-fas-house-user\" viewBox=\"0 0 576 512\" xmlns=\"http:\/\/www.w3.org\/2000\/svg\"><path d=\"M570.69,236.27,512,184.44V48a16,16,0,0,0-16-16H432a16,16,0,0,0-16,16V99.67L314.78,10.3C308.5,4.61,296.53,0,288,0s-20.46,4.61-26.74,10.3l-256,226A18.27,18.27,0,0,0,0,248.2a18.64,18.64,0,0,0,4.09,10.71L25.5,282.7a21.14,21.14,0,0,0,12,5.3,21.67,21.67,0,0,0,10.69-4.11l15.9-14V480a32,32,0,0,0,32,32H480a32,32,0,0,0,32-32V269.88l15.91,14A21.94,21.94,0,0,0,538.63,288a20.89,20.89,0,0,0,11.87-5.31l21.41-23.81A21.64,21.64,0,0,0,576,248.19,21,21,0,0,0,570.69,236.27ZM288,176a64,64,0,1,1-64,64A64,64,0,0,1,288,176ZM400,448H176a16,16,0,0,1-16-16,96,96,0,0,1,96-96h64a96,96,0,0,1,96,96A16,16,0,0,1,400,448Z\"><\/path><\/svg><\/span><\/div><\/div><\/div>\n\n<div class=\"jet-hor-timeline-item elementor-repeater-item-e1204b9\" data-item-id=\"e1204b9\">\n\t<div class=\"jet-hor-timeline-item__point\"><div class=\"jet-hor-timeline-item__point-content\"><span class=\"jet-elements-icon\"><svg aria-hidden=\"true\" class=\"e-font-icon-svg e-fas-check-square\" viewBox=\"0 0 448 512\" xmlns=\"http:\/\/www.w3.org\/2000\/svg\"><path d=\"M400 480H48c-26.51 0-48-21.49-48-48V80c0-26.51 21.49-48 48-48h352c26.51 0 48 21.49 48 48v352c0 26.51-21.49 48-48 48zm-204.686-98.059l184-184c6.248-6.248 6.248-16.379 0-22.627l-22.627-22.627c-6.248-6.248-16.379-6.249-22.628 0L184 302.745l-70.059-70.059c-6.248-6.248-16.379-6.248-22.628 0l-22.627 22.627c-6.248 6.248-6.248 16.379 0 22.627l104 104c6.249 6.25 16.379 6.25 22.628.001z\"><\/path><\/svg><\/span><\/div><\/div><\/div>\n\n<div class=\"jet-hor-timeline-item elementor-repeater-item-7454090\" data-item-id=\"7454090\">\n\t<div class=\"jet-hor-timeline-item__point\"><div class=\"jet-hor-timeline-item__point-content\"><span class=\"jet-elements-icon\"><svg aria-hidden=\"true\" class=\"e-font-icon-svg e-fas-school\" viewBox=\"0 0 640 512\" xmlns=\"http:\/\/www.w3.org\/2000\/svg\"><path d=\"M0 224v272c0 8.84 7.16 16 16 16h80V192H32c-17.67 0-32 14.33-32 32zm360-48h-24v-40c0-4.42-3.58-8-8-8h-16c-4.42 0-8 3.58-8 8v64c0 4.42 3.58 8 8 8h48c4.42 0 8-3.58 8-8v-16c0-4.42-3.58-8-8-8zm137.75-63.96l-160-106.67a32.02 32.02 0 0 0-35.5 0l-160 106.67A32.002 32.002 0 0 0 128 138.66V512h128V368c0-8.84 7.16-16 16-16h96c8.84 0 16 7.16 16 16v144h128V138.67c0-10.7-5.35-20.7-14.25-26.63zM320 256c-44.18 0-80-35.82-80-80s35.82-80 80-80 80 35.82 80 80-35.82 80-80 80zm288-64h-64v320h80c8.84 0 16-7.16 16-16V224c0-17.67-14.33-32-32-32z\"><\/path><\/svg><\/span><\/div><\/div><\/div>\n\n<div class=\"jet-hor-timeline-item elementor-repeater-item-6c3f000\" data-item-id=\"6c3f000\">\n\t<div class=\"jet-hor-timeline-item__point\"><div class=\"jet-hor-timeline-item__point-content\"><span class=\"jet-elements-icon\"><svg xmlns=\"http:\/\/www.w3.org\/2000\/svg\" xmlns:xlink=\"http:\/\/www.w3.org\/1999\/xlink\" viewBox=\"0 0 1668.24 1668.24\"><defs><clipPath id=\"a\" transform=\"translate(-239.78 -270.16)\"><rect x=\"385.1\" y=\"404.28\" width=\"1400\" height=\"1400\" style=\"fill:none\"><\/rect><\/clipPath><\/defs><circle cx=\"834.12\" cy=\"834.12\" r=\"833.62\" style=\"fill:#fff;stroke:#1d1d1b;stroke-miterlimit:10\"><\/circle><g style=\"clip-path:url(#a)\"><g style=\"clip-path:url(#a)\"><path d=\"M1785.11,1104.15h-10.67C1774.44,776.47,1509,511,1181.28,511a590.3,590.3,0,0,0-339.65,107C592,639.31,396,848.8,396,1104.15H385.11c0-386.53,313.37-699.89,700.11-699.89,386.52,0,699.89,313.36,699.89,699.89\" transform=\"translate(-239.78 -270.16)\" style=\"fill:#1d1d1b\"><\/path><path d=\"M1785.11,1104.15c0,386.74-313.37,700.11-700.13,700.11-386.5,0-699.87-313.37-699.87-700.11H396c0,255.07,195.73,464.59,445.33,486.19a588.92,588.92,0,0,0,339.91,107.23c327.68,0,593.16-265.74,593.16-593.42Z\" transform=\"translate(-239.78 -270.16)\" style=\"fill:#ffd73d\"><\/path><path d=\"M1372.31,1104.15c0,269.62-218.37,488.27-488,488.27a389.36,389.36,0,0,1-42.94-2.08c-153.3-107.23-253.51-285-253.51-486.19Z\" transform=\"translate(-239.78 -270.16)\" style=\"fill:#ffd73d\"><\/path><path d=\"M1372.31,1104.28c0,269.64-218.37,488.27-488,488.27a389.36,389.36,0,0,1-42.94-2.08c-153.3-107.24-253.51-285-253.51-486.19,0-201.45,100.21-379.22,253.77-486.19A387.76,387.76,0,0,1,884.3,616c269.64,0,488,218.63,488,488.27\" transform=\"translate(-239.78 -270.16)\" style=\"fill:#e73533\"><\/path><\/g><\/g><\/svg><\/span><\/div><\/div><\/div>\n<\/div>\t\t\t<div class=\"jet-hor-timeline-list jet-hor-timeline-list--bottom\">\n<div class=\"jet-hor-timeline-item elementor-repeater-item-a12107c is-active\" data-item-id=\"a12107c\">\n\t\t\t<div class=\"jet-hor-timeline-item__meta\">1909<\/div>\t<\/div>\n\n<div class=\"jet-hor-timeline-item elementor-repeater-item-3704c64\" data-item-id=\"3704c64\">\n\t\t\t\n<div class=\"jet-hor-timeline-item__card\">\n\t<div class=\"jet-hor-timeline-item__card-inner\">\n\t\t<h5 class=\"jet-hor-timeline-item__card-title\">Asociaci\u00f3n para el fomento del Colegio Alem\u00e1n<\/h5>\t<\/div>\n\t\t\t<div class=\"jet-hor-timeline-item__card-arrow\"><\/div>\n\t<\/div>\n\t<\/div>\n\n<div class=\"jet-hor-timeline-item elementor-repeater-item-be74a26\" data-item-id=\"be74a26\">\n\t\t\t<div class=\"jet-hor-timeline-item__meta\">20 de octubre 1935<\/div>\t<\/div>\n\n<div class=\"jet-hor-timeline-item elementor-repeater-item-e1204b9\" data-item-id=\"e1204b9\">\n\t\t\t\n<div class=\"jet-hor-timeline-item__card\">\n\t<div class=\"jet-hor-timeline-item__card-inner\">\n\t\t<h5 class=\"jet-hor-timeline-item__card-title\">Reconocimiento oficial<\/h5>\t<\/div>\n\t\t\t<div class=\"jet-hor-timeline-item__card-arrow\"><\/div>\n\t<\/div>\n\t<\/div>\n\n<div class=\"jet-hor-timeline-item elementor-repeater-item-7454090\" data-item-id=\"7454090\">\n\t\t\t<div class=\"jet-hor-timeline-item__meta\">12 de marzo 1999<\/div>\t<\/div>\n\n<div class=\"jet-hor-timeline-item elementor-repeater-item-6c3f000\" data-item-id=\"6c3f000\">\n\t\t\t\n<div class=\"jet-hor-timeline-item__card\">\n\t<div class=\"jet-hor-timeline-item__card-inner\">\n\t\t<h5 class=\"jet-hor-timeline-item__card-title\">Sello de calidad<\/h5><div class=\"jet-hor-timeline-item__card-desc\">Excelente Colegio Alem\u00e1n en el extranjero<\/div>\t<\/div>\n\t\t\t<div class=\"jet-hor-timeline-item__card-arrow\"><\/div>\n\t<\/div>\n\t<\/div>\n<\/div>\t\t<\/div>\n\t<\/div>\n\t<i class=\"jet-arrow jet-prev-arrow jet-arrow-disabled\"><svg width=\"24\" height=\"24\" viewBox=\"0 0 24 24\" fill=\"none\" xmlns=\"http:\/\/www.w3.org\/2000\/svg\"><path d=\"M14.425 5.9749L14.425 18.0249L8.39999 11.9999L14.425 5.9749Z\" fill=\"#0F172A\"\/><\/svg><\/i><i class=\"jet-arrow jet-next-arrow\"><svg width=\"24\" height=\"24\" viewBox=\"0 0 24 24\" fill=\"none\" xmlns=\"http:\/\/www.w3.org\/2000\/svg\"><path d=\"M9.57501 18.0251V5.9751L15.6 12.0001L9.57501 18.0251Z\" fill=\"#0F172A\"\/><\/svg><\/i><\/div><\/div>\t\t\t\t<\/div>\n\t\t\t\t<\/div>\n\t\t\t\t\t<\/div>\n\t\t<\/div>\n\t\t\t\t\t<\/div>\n\t\t<\/section>\n\t\t\t\t<\/div>\n\t\t<br \/>\n<a id=\"1\"><\/a><\/p>\n<h2><strong>Fundaci\u00f3n del colegio<\/strong><\/h2>\n<p>En 1909, un grupo de familias alemanas y suizas se unieron para crear un peque\u00f1o colegio privado en el Puerto de la Cruz. A partir de 1919 las clases tuvieron lugar en Santa Cruz, en un anexo en el jard\u00edn del entonces c\u00f3nsul alem\u00e1n Jakob Ahlers. En 1924, el profesor Gr\u00e4hn abri\u00f3 una escuela Primaria en un anexo en el jard\u00edn de la familia Groth. Despu\u00e9s de que se incribieran m\u00e1s ni\u00f1os, se les imparti\u00f3 clases en el club alem\u00e1n en la calle Consolaci\u00f3n. Ambos centros se unieron en 1927. Raymond Matthys se hizo cargo de la direcci\u00f3n del colegio en el oto\u00f1o de 1928 en la calle Numancia, 33. El edificio sigue en pie actualmente.<\/p>\n<p style=\"text-align: justify;\"><img fetchpriority=\"high\" decoding=\"async\" class=\"alignnone size-medium wp-image-39021\" src=\"https:\/\/e969z83yjsq.exactdn.com\/wp-content\/uploads\/2021\/05\/8-foto-8-anos-20-669x423.jpg?strip=all\" alt=\"\" width=\"669\" height=\"423\" srcset=\"https:\/\/e969z83yjsq.exactdn.com\/wp-content\/uploads\/2021\/05\/8-foto-8-anos-20-669x423.jpg?strip=all 669w, https:\/\/e969z83yjsq.exactdn.com\/wp-content\/uploads\/2021\/05\/8-foto-8-anos-20-1139x720.jpg?strip=all 1139w, https:\/\/e969z83yjsq.exactdn.com\/wp-content\/uploads\/2021\/05\/8-foto-8-anos-20-768x486.jpg?strip=all 768w, https:\/\/e969z83yjsq.exactdn.com\/wp-content\/uploads\/2021\/05\/8-foto-8-anos-20-1536x971.jpg?strip=all 1536w, https:\/\/e969z83yjsq.exactdn.com\/wp-content\/uploads\/2021\/05\/8-foto-8-anos-20-320x202.jpg?strip=all 320w, https:\/\/e969z83yjsq.exactdn.com\/wp-content\/uploads\/2021\/05\/8-foto-8-anos-20.jpg?strip=all 1920w, https:\/\/e969z83yjsq.exactdn.com\/wp-content\/uploads\/2021\/05\/8-foto-8-anos-20.jpg?strip=all&amp;w=384 384w, https:\/\/e969z83yjsq.exactdn.com\/wp-content\/uploads\/2021\/05\/8-foto-8-anos-20.jpg?strip=all&amp;w=450 450w\" sizes=\"(max-width: 669px) 100vw, 669px\" \/><\/p>\n<h2><strong>Asociaci\u00f3n para el Fomento del Colegio Alem\u00e1n Santa Cruz de Tenerife<\/strong><\/h2>\n<p>El 12 de noviembre de 1932 se fund\u00f3 la Asociaci\u00f3n para el Fomento del Colegio Alem\u00e1n Santa Cruz de Tenerife como titular del colegio. M\u00e1s adelante, tambi\u00e9n pertenec\u00eda el Colegio Alem\u00e1n en Puerto de la Cruz, fundado en 1933. Adem\u00e1s, se abri\u00f3 un Kindergarten alem\u00e1n en Santa Cruz.<\/p>\n<p style=\"text-align: justify;\"><img decoding=\"async\" class=\"alignnone size-medium wp-image-39017\" src=\"https:\/\/e969z83yjsq.exactdn.com\/wp-content\/uploads\/2021\/05\/colegio-Enrique-Wolfson-515x423.jpg?strip=all\" alt=\"\" width=\"515\" height=\"423\" srcset=\"https:\/\/e969z83yjsq.exactdn.com\/wp-content\/uploads\/2021\/05\/colegio-Enrique-Wolfson-515x423.jpg?strip=all 515w, https:\/\/e969z83yjsq.exactdn.com\/wp-content\/uploads\/2021\/05\/colegio-Enrique-Wolfson-877x720.jpg?strip=all 877w, https:\/\/e969z83yjsq.exactdn.com\/wp-content\/uploads\/2021\/05\/colegio-Enrique-Wolfson-768x631.jpg?strip=all 768w, https:\/\/e969z83yjsq.exactdn.com\/wp-content\/uploads\/2021\/05\/colegio-Enrique-Wolfson-1536x1262.jpg?strip=all 1536w, https:\/\/e969z83yjsq.exactdn.com\/wp-content\/uploads\/2021\/05\/colegio-Enrique-Wolfson-320x263.jpg?strip=all 320w, https:\/\/e969z83yjsq.exactdn.com\/wp-content\/uploads\/2021\/05\/colegio-Enrique-Wolfson.jpg?strip=all 1920w, https:\/\/e969z83yjsq.exactdn.com\/wp-content\/uploads\/2021\/05\/colegio-Enrique-Wolfson.jpg?strip=all&amp;w=384 384w, https:\/\/e969z83yjsq.exactdn.com\/wp-content\/uploads\/2021\/05\/colegio-Enrique-Wolfson.jpg?strip=all&amp;w=1152 1152w, https:\/\/e969z83yjsq.exactdn.com\/wp-content\/uploads\/2021\/05\/colegio-Enrique-Wolfson.jpg?strip=all&amp;w=450 450w\" sizes=\"(max-width: 515px) 100vw, 515px\" \/><\/p>\n<h2><strong>Instalaciones escolares propias<\/strong><\/h2>\n<p>Debido al creciente n\u00famero de alumnas y alumnos, surgi\u00f3 la necesidad de construir unas instalaciones mayores. El 20 de octubre de 1935 se inaugur\u00f3 el edificio del Colegio Alem\u00e1n en Santa Cruz en la calle Enrique Wolfson, 17. En el curso escolar 1935\/36 el Colegio Alem\u00e1n contaba con 57 alumnas y alumnos alemanes, 63 espa\u00f1olas y espa\u00f1oles y 11 alumnas y alumnos de otros pa\u00edses europeos (Suiza, Austria, Inglaterra, Noruega, Checoslovaquia). Bajo la direcci\u00f3n de Max Johns, impart\u00edan clases seis profesores. En 1945 el Colegio Alem\u00e1n de Santa Cruz de Tenerife fue cerrado y confiscado bajo la presi\u00f3n de los aliados. Sirvi\u00f3 como garant\u00eda de los valores perdidos en el Imperio Alem\u00e1n. El <em>Instituto Nacional de Ense\u00f1anza<\/em> se mud\u00f3 al edificio. En octubre de 1951 el colegio volvi\u00f3 a abrir sus puertas. Las clases se impartieron provisionalmente en un garaje, hasta que en 1954 se pudo trasladar a la mansi\u00f3n en las Ramblas, 58. En este mismo curso escolar se contaba con 95 alumnos y 74 ni\u00f1os en el Kindergarten.<\/p>\n<h2><strong>Reconocimiento oficial<\/strong><\/h2>\n<p>La Conferencia Permante de Ministros de Educaci\u00f3n y Ciencia (KMK) reconoci\u00f3 ofialmente al Colegio en 1963. Antes, las autoridades espa\u00f1olas de educaci\u00f3n le hab\u00edan otorgado al Colegio Alem\u00e1n el derecho a realizar el examen de Bachillerato. En 1966 se le devolv\u00edo a la Asociaci\u00f3n las instalaciones en la calle Enrique Wolfson, 17.En 1978 la Asociaci\u00f3n decidi\u00f3, en base al Real Decreto 111 del 12 de mayo de 1978, la reestructuraci\u00f3n del colegio a un colegio de encuentro, con la titulaci\u00f3n del Bachillerato alem\u00e1n. Despu\u00e9s de largas negociaciones con el Ministerio de Relaciones Exteriores, el primer examen tuvo lugar en mayo de 1988.<\/p>\n<p style=\"text-align: justify;\"><img decoding=\"async\" class=\"alignnone size-medium wp-image-39023\" src=\"https:\/\/e969z83yjsq.exactdn.com\/wp-content\/uploads\/2021\/05\/Scan10016-497x423.jpg?strip=all\" alt=\"\" width=\"497\" height=\"423\" srcset=\"https:\/\/e969z83yjsq.exactdn.com\/wp-content\/uploads\/2021\/05\/Scan10016-497x423.jpg?strip=all 497w, https:\/\/e969z83yjsq.exactdn.com\/wp-content\/uploads\/2021\/05\/Scan10016-846x720.jpg?strip=all 846w, https:\/\/e969z83yjsq.exactdn.com\/wp-content\/uploads\/2021\/05\/Scan10016-768x654.jpg?strip=all 768w, https:\/\/e969z83yjsq.exactdn.com\/wp-content\/uploads\/2021\/05\/Scan10016-1536x1308.jpg?strip=all 1536w, https:\/\/e969z83yjsq.exactdn.com\/wp-content\/uploads\/2021\/05\/Scan10016-320x273.jpg?strip=all 320w, https:\/\/e969z83yjsq.exactdn.com\/wp-content\/uploads\/2021\/05\/Scan10016.jpg?strip=all 1920w, https:\/\/e969z83yjsq.exactdn.com\/wp-content\/uploads\/2021\/05\/Scan10016.jpg?strip=all&amp;w=384 384w, https:\/\/e969z83yjsq.exactdn.com\/wp-content\/uploads\/2021\/05\/Scan10016.jpg?strip=all&amp;w=1152 1152w\" sizes=\"(max-width: 497px) 100vw, 497px\" \/><\/p>\n<h2><strong>Nuevas instalaciones escolares <\/strong><\/h2>\n<p>Por falta de espacio y por la falta de instalaciones deportivas, la Asociaci\u00f3n adquiri\u00f3, con ayuda del Consulado alem\u00e1n, una nueva parcela en las afueras de Santa Cruz. La primera piedra para la construcci\u00f3n del nuevo edificio se puso en Tabaiba Alta, en el municipio de El Rosario, el 10 de enero de 1997. En 1999, el colegio se traslad\u00f3 a las actuales instalaciones y fue inaugurado oficialmente el 12 de marzo de 1999. El antiguo edificio fue vendido a la ciudad de Santa Cruz de Tenerife y desde entonces alberga la Escuela Oficial de Idiomas.<\/p>\n<p style=\"text-align: justify;\"><img loading=\"lazy\" decoding=\"async\" class=\"alignnone size-medium wp-image-39026\" src=\"https:\/\/e969z83yjsq.exactdn.com\/wp-content\/uploads\/2021\/05\/2-608x423.jpg?strip=all\" alt=\"\" width=\"608\" height=\"423\" srcset=\"https:\/\/e969z83yjsq.exactdn.com\/wp-content\/uploads\/2021\/05\/2-608x423.jpg?strip=all 608w, https:\/\/e969z83yjsq.exactdn.com\/wp-content\/uploads\/2021\/05\/2-1036x720.jpg?strip=all 1036w, https:\/\/e969z83yjsq.exactdn.com\/wp-content\/uploads\/2021\/05\/2-768x534.jpg?strip=all 768w, https:\/\/e969z83yjsq.exactdn.com\/wp-content\/uploads\/2021\/05\/2-1536x1068.jpg?strip=all 1536w, https:\/\/e969z83yjsq.exactdn.com\/wp-content\/uploads\/2021\/05\/2-320x223.jpg?strip=all 320w, https:\/\/e969z83yjsq.exactdn.com\/wp-content\/uploads\/2021\/05\/2.jpg?strip=all 1920w, https:\/\/e969z83yjsq.exactdn.com\/wp-content\/uploads\/2021\/05\/2.jpg?strip=all&amp;w=384 384w, https:\/\/e969z83yjsq.exactdn.com\/wp-content\/uploads\/2021\/05\/2.jpg?strip=all&amp;w=1152 1152w, https:\/\/e969z83yjsq.exactdn.com\/wp-content\/uploads\/2021\/05\/2.jpg?strip=all&amp;w=450 450w\" sizes=\"(max-width: 608px) 100vw, 608px\" \/><\/p>\n<h2><strong>Sello de calidad<\/strong><\/h2>\n<p><a href=\"https:\/\/e969z83yjsq.exactdn.com\/wp-content\/uploads\/2021\/05\/excellenteDAtransparent.svg\"><img decoding=\"async\" class=\"alignright wp-image-38469\" src=\"https:\/\/e969z83yjsq.exactdn.com\/wp-content\/uploads\/2021\/05\/excellenteDAtransparent.svg\" alt=\"\" width=\"64\" \/><\/a>El Colegio Alem\u00e1n de Santa Cruz de Tenerife obtuvo el sello de calidad \u201eExcelente Colegio Alem\u00e1n en el Extranjero\u201c\u00a0 2010 y 2016, despu\u00e9s de varios d\u00edas de inspecci\u00f3nes por parte de un comit\u00e9 de la Conferencia Permante de Ministros de Educaci\u00f3n y Ciencia (KMK) y la Oficina Central de Colegios Alemanes en el Extranjero (ZfA).<\/p>\n","protected":false},"excerpt":{"rendered":"<p>Fundaci\u00f3n del colegio En 1909, un grupo de familias alemanas y suizas se unieron para crear [&hellip;]<\/p>\n","protected":false},"author":10,"featured_media":39020,"parent":902,"menu_order":7,"comment_status":"closed","ping_status":"closed","template":"","meta":{"site-sidebar-layout":"default","site-content-layout":"default","ast-site-content-layout":"default","site-content-style":"default","site-sidebar-style":"default","ast-global-header-display":"","ast-banner-title-visibility":"","ast-main-header-display":"","ast-hfb-above-header-display":"","ast-hfb-below-header-display":"","ast-hfb-mobile-header-display":"","site-post-title":"","ast-breadcrumbs-content":"","ast-featured-img":"","footer-sml-layout":"","ast-disable-related-posts":"","theme-transparent-header-meta":"default","adv-header-id-meta":"","stick-header-meta":"default","header-above-stick-meta":"","header-main-stick-meta":"","header-below-stick-meta":"","astra-migrate-meta-layouts":"set","ast-page-background-enabled":"default","ast-page-background-meta":{"desktop":{"background-color":"","background-image":"","background-repeat":"repeat","background-position":"center center","background-size":"auto","background-attachment":"scroll","background-type":"","background-media":"","overlay-type":"","overlay-color":"","overlay-opacity":"","overlay-gradient":""},"tablet":{"background-color":"","background-image":"","background-repeat":"repeat","background-position":"center center","background-size":"auto","background-attachment":"scroll","background-type":"","background-media":"","overlay-type":"","overlay-color":"","overlay-opacity":"","overlay-gradient":""},"mobile":{"background-color":"","background-image":"","background-repeat":"repeat","background-position":"center center","background-size":"auto","background-attachment":"scroll","background-type":"","background-media":"","overlay-type":"","overlay-color":"","overlay-opacity":"","overlay-gradient":""}},"ast-content-background-meta":{"desktop":{"background-color":"var(--ast-global-color-5)","background-image":"","background-repeat":"repeat","background-position":"center center","background-size":"auto","background-attachment":"scroll","background-type":"","background-media":"","overlay-type":"","overlay-color":"","overlay-opacity":"","overlay-gradient":""},"tablet":{"background-color":"var(--ast-global-color-5)","background-image":"","background-repeat":"repeat","background-position":"center center","background-size":"auto","background-attachment":"scroll","background-type":"","background-media":"","overlay-type":"","overlay-color":"","overlay-opacity":"","overlay-gradient":""},"mobile":{"background-color":"var(--ast-global-color-5)","background-image":"","background-repeat":"repeat","background-position":"center center","background-size":"auto","background-attachment":"scroll","background-type":"","background-media":"","overlay-type":"","overlay-color":"","overlay-opacity":"","overlay-gradient":""}},"_jet_sm_ready_style":"","_jet_sm_style":"","_jet_sm_controls_values":"","_jet_sm_fonts_collection":"","_jet_sm_fonts_links":"","footnotes":""},"schlagwortedst":[153],"wf_page_folders":[176],"class_list":["post-814","page","type-page","status-publish","has-post-thumbnail","hentry","schlagwortedst-sideschule"],"_links":{"self":[{"href":"https:\/\/www.dstenerife.eu\/es\/wp-json\/wp\/v2\/pages\/814","targetHints":{"allow":["GET"]}}],"collection":[{"href":"https:\/\/www.dstenerife.eu\/es\/wp-json\/wp\/v2\/pages"}],"about":[{"href":"https:\/\/www.dstenerife.eu\/es\/wp-json\/wp\/v2\/types\/page"}],"author":[{"embeddable":true,"href":"https:\/\/www.dstenerife.eu\/es\/wp-json\/wp\/v2\/users\/10"}],"replies":[{"embeddable":true,"href":"https:\/\/www.dstenerife.eu\/es\/wp-json\/wp\/v2\/comments?post=814"}],"version-history":[{"count":3,"href":"https:\/\/www.dstenerife.eu\/es\/wp-json\/wp\/v2\/pages\/814\/revisions"}],"predecessor-version":[{"id":71848,"href":"https:\/\/www.dstenerife.eu\/es\/wp-json\/wp\/v2\/pages\/814\/revisions\/71848"}],"up":[{"embeddable":true,"href":"https:\/\/www.dstenerife.eu\/es\/wp-json\/wp\/v2\/pages\/902"}],"wp:featuredmedia":[{"embeddable":true,"href":"https:\/\/www.dstenerife.eu\/es\/wp-json\/wp\/v2\/media\/39020"}],"wp:attachment":[{"href":"https:\/\/www.dstenerife.eu\/es\/wp-json\/wp\/v2\/media?parent=814"}],"wp:term":[{"taxonomy":"schlagwortedst","embeddable":true,"href":"https:\/\/www.dstenerife.eu\/es\/wp-json\/wp\/v2\/schlagwortedst?post=814"},{"taxonomy":"wf_page_folders","embeddable":true,"href":"https:\/\/www.dstenerife.eu\/es\/wp-json\/wp\/v2\/wf_page_folders?post=814"}],"curies":[{"name":"wp","href":"https:\/\/api.w.org\/{rel}","templated":true}]}}